{"id":102595,"date":"2024-11-17T14:21:59","date_gmt":"2024-11-17T13:21:59","guid":{"rendered":"https:\/\/ebeltoftstrandcamping.dk\/huurautos\/"},"modified":"2025-05-06T14:18:54","modified_gmt":"2025-05-06T13:18:54","slug":"huurautos","status":"publish","type":"page","link":"https:\/\/ebeltoftstrandcamping.dk\/nl\/huurautos\/","title":{"rendered":"Huurauto&#8217;s"},"content":{"rendered":"<p>[et_pb_section fb_built=&#8221;1&#8243; _builder_version=&#8221;4.27.4&#8243; _module_preset=&#8221;default&#8221; use_background_color_gradient=&#8221;on&#8221; background_color_gradient_direction=&#8221;45deg&#8221; background_color_gradient_stops=&#8221;rgba(0,0,0,0.6) 0%|rgba(0,0,0,0.6) 100%&#8221; background_color_gradient_overlays_image=&#8221;on&#8221; background_image=&#8221;https:\/\/ebeltoftstrandcamping.dk\/wp-content\/uploads\/2025\/01\/forfra-med-fortelt-1920&#215;1080-1.jpg&#8221; hover_enabled=&#8221;0&#8243; global_colors_info=&#8221;{}&#8221; height_last_edited=&#8221;on|phone&#8221; height=&#8221;400px&#8221; sticky_enabled=&#8221;0&#8243; height_tablet=&#8221;350px&#8221; height_phone=&#8221;350px&#8221;][et_pb_row _builder_version=&#8221;4.27.3&#8243; _module_preset=&#8221;default&#8221; custom_padding=&#8221;||0px||false|false&#8221; global_colors_info=&#8221;{}&#8221;][et_pb_column type=&#8221;4_4&#8243; _builder_version=&#8221;4.17.3&#8243; _module_preset=&#8221;default&#8221; global_colors_info=&#8221;{}&#8221;][et_pb_text _builder_version=&#8221;4.27.3&#8243; _module_preset=&#8221;default&#8221; header_font=&#8221;||||||||&#8221; header_text_color=&#8221;#FFFFFF&#8221; header_2_text_color=&#8221;#FFFFFF&#8221; custom_margin=&#8221;||0px||false|false&#8221; border_color_all=&#8221;gcid-7ce7b00a-a0f7-4559-8af2-0adef5afd391&#8243; global_colors_info=&#8221;{%22gcid-7ce7b00a-a0f7-4559-8af2-0adef5afd391%22:%91%22border_color_all%22,%22border_color_all%22%93}&#8221;]<\/p>\n<h1>Een Caravan huren<\/h1>\n<p>[\/et_pb_text][\/et_pb_column][\/et_pb_row][et_pb_row _builder_version=&#8221;4.17.3&#8243; _module_preset=&#8221;default&#8221; custom_padding=&#8221;0px||||false|false&#8221; global_colors_info=&#8221;{}&#8221;][et_pb_column type=&#8221;4_4&#8243; _builder_version=&#8221;4.17.3&#8243; _module_preset=&#8221;default&#8221; global_colors_info=&#8221;{}&#8221;][et_pb_divider color=&#8221;gcid-7ce7b00a-a0f7-4559-8af2-0adef5afd391&#8243; _builder_version=&#8221;4.17.3&#8243; _module_preset=&#8221;default&#8221; height=&#8221;0px&#8221; custom_margin=&#8221;||0px||false|false&#8221; custom_padding=&#8221;||||false|false&#8221; global_colors_info=&#8221;{%22gcid-7ce7b00a-a0f7-4559-8af2-0adef5afd391%22:%91%22border_color_right%22,%22color%22%93}&#8221;][\/et_pb_divider][et_pb_divider show_divider=&#8221;off&#8221; admin_label=&#8221;Point right bottom&#8221; module_class=&#8221;dot-right-bottom sub-page-dot&#8221; _builder_version=&#8221;4.17.3&#8243; _module_preset=&#8221;default&#8221; height=&#8221;25px&#8221; border_width_right=&#8221;1px&#8221; border_color_right=&#8221;gcid-7ce7b00a-a0f7-4559-8af2-0adef5afd391&#8243; global_colors_info=&#8221;{%22gcid-7ce7b00a-a0f7-4559-8af2-0adef5afd391%22:%91%22border_color_right%22%93}&#8221;][\/et_pb_divider][\/et_pb_column][\/et_pb_row][\/et_pb_section][et_pb_section fb_built=&#8221;1&#8243; _builder_version=&#8221;4.17.3&#8243; _module_preset=&#8221;default&#8221; background_image=&#8221;https:\/\/ebeltoftstrandcamping.dk\/wp-content\/uploads\/2024\/10\/corner-dots-left-top.png&#8221; background_size=&#8221;initial&#8221; background_position=&#8221;top_left&#8221; background_last_edited=&#8221;on|tablet&#8221; background_enable_image_tablet=&#8221;off&#8221; global_colors_info=&#8221;{}&#8221;][et_pb_row _builder_version=&#8221;4.27.3&#8243; _module_preset=&#8221;default&#8221; custom_padding=&#8221;50px||35px||false|false&#8221; global_colors_info=&#8221;{}&#8221;][et_pb_column type=&#8221;4_4&#8243; _builder_version=&#8221;4.17.3&#8243; _module_preset=&#8221;default&#8221; custom_padding=&#8221;25px||||false|false&#8221; global_colors_info=&#8221;{}&#8221;][et_pb_text _builder_version=&#8221;4.27.4&#8243; _module_preset=&#8221;default&#8221; text_font=&#8221;||||||||&#8221; text_line_height=&#8221;1.8em&#8221; global_colors_info=&#8221;{}&#8221;]<\/p>\n<p>Welkom voor een unieke kampeervakantie op de Ebeltoft Strand Camping!<\/p>\n<p>Onze huurcaravans zijn de perfecte keuze voor wie op zoek is naar een combinatie van comfort, natuur en gemak. De gezellige caravans zijn volledig uitgerust en klaar om je vakantie mee te starten &#8211; of je nu met z&#8217;n twee\u00ebn, met het gezin of met een kleine groep vrienden komt. <\/p>\n<p>Op een steenworp afstand van het strand kun je wakker worden met het geluid van de golven en genieten van een ochtendduik. Hier vind je een ontspannen sfeer waar je je kunt losmaken van de stress van alledag en kunt genieten van een prachtige omgeving. De caravans bieden alles wat je nodig hebt, zodat je gelijk met je vakantie kunt beginnen. Geen gedoe van het meenemen van je eigen uitrusting.  <\/p>\n<p>De Ebeltoft Strand Camping ligt dicht bij leuke uitstapjes zoals het Mols Bjerge Nationaal Park, het charmante oude centrum van Ebeltoft en vele gezinsvriendelijke dagtochten. Aan het eind van de dag kun je je terugtrekken in je comfortabele caravan en genieten van de avond met een kopje koffie of een glas wijn onder de sterrenhemel. <\/p>\n<p>Nodig je familie of verras je partner met een onvergetelijke vakantie. We kijken er naar uit om je te verwelkomen in onze prachtige huurcaravans en om je te laten genieten van een fantastische vakantie. <\/p>\n<p>[\/et_pb_text][\/et_pb_column][\/et_pb_row][\/et_pb_section][et_pb_section fb_built=&#8221;1&#8243; fullwidth=&#8221;on&#8221; _builder_version=&#8221;4.27.3&#8243; _module_preset=&#8221;default&#8221; global_colors_info=&#8221;{}&#8221;][et_pb_fullwidth_slider _builder_version=&#8221;4.27.4&#8243; _module_preset=&#8221;default&#8221; height=&#8221;600px&#8221; height_tablet=&#8221;300px&#8221; height_phone=&#8221;250px&#8221; height_last_edited=&#8221;on|phone&#8221; global_colors_info=&#8221;{}&#8221;][et_pb_slide _builder_version=&#8221;4.27.4&#8243; _module_preset=&#8221;default&#8221; background_image=&#8221;https:\/\/ebeltoftstrandcamping.dk\/wp-content\/uploads\/2025\/01\/IMG_4106.-1920&#215;1080-1.jpeg&#8221; background_enable_image=&#8221;on&#8221; parallax=&#8221;on&#8221; background_last_edited=&#8221;on|phone&#8221; parallax_phone=&#8221;off&#8221; global_colors_info=&#8221;{}&#8221; sticky_transition=&#8221;on&#8221;][\/et_pb_slide][et_pb_slide _builder_version=&#8221;4.27.4&#8243; _module_preset=&#8221;default&#8221; background_image=&#8221;https:\/\/ebeltoftstrandcamping.dk\/wp-content\/uploads\/2025\/01\/IMG_3261.-1920&#215;1080-1.jpeg&#8221; background_enable_image=&#8221;on&#8221; parallax=&#8221;on&#8221; background_last_edited=&#8221;on|phone&#8221; parallax_phone=&#8221;off&#8221; global_colors_info=&#8221;{}&#8221; sticky_transition=&#8221;on&#8221;][\/et_pb_slide][et_pb_slide _builder_version=&#8221;4.27.4&#8243; _module_preset=&#8221;default&#8221; background_image=&#8221;https:\/\/ebeltoftstrandcamping.dk\/wp-content\/uploads\/2025\/01\/IMG_3259.1920&#215;1080.jpeg&#8221; background_enable_image=&#8221;on&#8221; parallax=&#8221;on&#8221; background_last_edited=&#8221;on|phone&#8221; parallax_phone=&#8221;off&#8221; global_colors_info=&#8221;{}&#8221; sticky_transition=&#8221;on&#8221;][\/et_pb_slide][et_pb_slide _builder_version=&#8221;4.27.4&#8243; _module_preset=&#8221;default&#8221; background_image=&#8221;https:\/\/ebeltoftstrandcamping.dk\/wp-content\/uploads\/2025\/01\/IMG_3245.-1920&#215;1080-1.jpeg&#8221; background_enable_image=&#8221;on&#8221; parallax=&#8221;on&#8221; background_last_edited=&#8221;on|phone&#8221; parallax_phone=&#8221;off&#8221; global_colors_info=&#8221;{}&#8221; sticky_transition=&#8221;on&#8221;][\/et_pb_slide][\/et_pb_fullwidth_slider][\/et_pb_section][et_pb_section fb_built=&#8221;1&#8243; disabled_on=&#8221;on|on|off&#8221; _builder_version=&#8221;4.27.3&#8243; _module_preset=&#8221;default&#8221; global_colors_info=&#8221;{}&#8221;][et_pb_row column_structure=&#8221;1_3,2_3&#8243; _builder_version=&#8221;4.27.3&#8243; _module_preset=&#8221;default&#8221; global_colors_info=&#8221;{}&#8221;][et_pb_column type=&#8221;1_3&#8243; _builder_version=&#8221;4.27.3&#8243; _module_preset=&#8221;default&#8221; global_colors_info=&#8221;{}&#8221;][et_pb_heading title=&#8221;Adria Alpina&#8221; _builder_version=&#8221;4.27.3&#8243; _module_preset=&#8221;default&#8221; title_level=&#8221;h4&#8243; global_colors_info=&#8221;{}&#8221;][\/et_pb_heading][et_pb_text _builder_version=&#8221;4.27.3&#8243; _module_preset=&#8221;default&#8221; global_colors_info=&#8221;{}&#8221;]<\/p>\n<ul>\n<li>Ruimte voor maximaal 4 personen.<\/li>\n<li>Televisie.<\/li>\n<li>Uitgerust met combi-oven en koel-vriescombinatie.<\/li>\n<li>Staplaats 345.<\/li>\n<\/ul>\n<p>[\/et_pb_text][et_pb_button button_url=&#8221;@ET-DC@eyJkeW5hbWljIjp0cnVlLCJjb250ZW50IjoicG9zdF9saW5rX3VybF9wYWdlIiwic2V0dGluZ3MiOnsicG9zdF9pZCI6IjEwMDAwMiIsImVuYWJsZV9odG1sIjoib2ZmIn19@&#8221; button_text=&#8221;Lees er meer over&#8221; button_alignment=&#8221;left&#8221; _builder_version=&#8221;4.27.4&#8243; _dynamic_attributes=&#8221;button_url&#8221; _module_preset=&#8221;default&#8221; custom_button=&#8221;on&#8221; button_text_size=&#8221;16px&#8221; button_text_color=&#8221;#FFFFFF&#8221; button_bg_color=&#8221;gcid-64bcecb8-1e08-4484-8de3-a2058d1920a9&#8243; button_border_radius=&#8221;30px&#8221; global_colors_info=&#8221;{%22gcid-64bcecb8-1e08-4484-8de3-a2058d1920a9%22:%91%22button_bg_color%22%93}&#8221;][\/et_pb_button][\/et_pb_column][et_pb_column type=&#8221;2_3&#8243; _builder_version=&#8221;4.27.3&#8243; _module_preset=&#8221;default&#8221; global_colors_info=&#8221;{}&#8221;][et_pb_image src=&#8221;https:\/\/ebeltoftstrandcamping.dk\/wp-content\/uploads\/2025\/01\/fortelt-udefra-676&#215;400-1.jpg&#8221; title_text=&#8221;fortelt-udefra-676&#215;400&#8243; _builder_version=&#8221;4.27.4&#8243; _module_preset=&#8221;default&#8221; global_colors_info=&#8221;{}&#8221;][\/et_pb_image][\/et_pb_column][\/et_pb_row][et_pb_row column_structure=&#8221;2_3,1_3&#8243; _builder_version=&#8221;4.27.3&#8243; _module_preset=&#8221;default&#8221; global_colors_info=&#8221;{}&#8221;][et_pb_column type=&#8221;2_3&#8243; _builder_version=&#8221;4.27.3&#8243; _module_preset=&#8221;default&#8221; global_colors_info=&#8221;{}&#8221;][et_pb_image src=&#8221;https:\/\/ebeltoftstrandcamping.dk\/wp-content\/uploads\/2025\/01\/206.-676&#215;400-1.jpg&#8221; title_text=&#8221;206. 676&#215;400&#8243; _builder_version=&#8221;4.27.4&#8243; _module_preset=&#8221;default&#8221; global_colors_info=&#8221;{}&#8221;][\/et_pb_image][\/et_pb_column][et_pb_column type=&#8221;1_3&#8243; _builder_version=&#8221;4.27.3&#8243; _module_preset=&#8221;default&#8221; global_colors_info=&#8221;{}&#8221;][et_pb_heading title=&#8221;Cabby 720&#8243; _builder_version=&#8221;4.27.3&#8243; _module_preset=&#8221;default&#8221; title_level=&#8221;h4&#8243; global_colors_info=&#8221;{}&#8221;][\/et_pb_heading][et_pb_text _builder_version=&#8221;4.27.3&#8243; _module_preset=&#8221;default&#8221; global_colors_info=&#8221;{}&#8221;]<\/p>\n<ul>\n<li>Ruimte voor maximaal 5 personen.<\/li>\n<li>Zowel oven als vaatwasser.<\/li>\n<li>Dicht bij servicegebouw.<\/li>\n<li>Staplaats 206.<\/li>\n<\/ul>\n<p>[\/et_pb_text][et_pb_button button_url=&#8221;@ET-DC@eyJkeW5hbWljIjp0cnVlLCJjb250ZW50IjoicG9zdF9saW5rX3VybF9wYWdlIiwic2V0dGluZ3MiOnsicG9zdF9pZCI6IjEwMDAwMCIsImVuYWJsZV9odG1sIjoib2ZmIn19@&#8221; button_text=&#8221;Lees er meer over&#8221; button_alignment=&#8221;left&#8221; _builder_version=&#8221;4.27.4&#8243; _dynamic_attributes=&#8221;button_url&#8221; _module_preset=&#8221;default&#8221; custom_button=&#8221;on&#8221; button_text_size=&#8221;16px&#8221; button_text_color=&#8221;#FFFFFF&#8221; button_bg_color=&#8221;gcid-64bcecb8-1e08-4484-8de3-a2058d1920a9&#8243; button_border_radius=&#8221;30px&#8221; locked=&#8221;off&#8221; global_colors_info=&#8221;{%22gcid-64bcecb8-1e08-4484-8de3-a2058d1920a9%22:%91%22button_bg_color%22%93}&#8221;][\/et_pb_button][\/et_pb_column][\/et_pb_row][et_pb_row column_structure=&#8221;1_3,2_3&#8243; _builder_version=&#8221;4.27.3&#8243; _module_preset=&#8221;default&#8221; global_colors_info=&#8221;{}&#8221;][et_pb_column type=&#8221;1_3&#8243; _builder_version=&#8221;4.27.3&#8243; _module_preset=&#8221;default&#8221; global_colors_info=&#8221;{}&#8221;][et_pb_heading title=&#8221;Cabby 740+&#8221; _builder_version=&#8221;4.27.3&#8243; _module_preset=&#8221;default&#8221; title_level=&#8221;h4&#8243; global_colors_info=&#8221;{}&#8221;][\/et_pb_heading][et_pb_text _builder_version=&#8221;4.27.3&#8243; _module_preset=&#8221;default&#8221; global_colors_info=&#8221;{}&#8221;]<\/p>\n<ul>\n<li>Ruimte voor maximaal 4 personen.<\/li>\n<li>Oven en koelkast met vriezer.<\/li>\n<li>Veel ruimte in de voortent.<\/li>\n<li>Staplaats 207.<\/li>\n<\/ul>\n<p>[\/et_pb_text][et_pb_button button_url=&#8221;@ET-DC@eyJkeW5hbWljIjp0cnVlLCJjb250ZW50IjoicG9zdF9saW5rX3VybF9wYWdlIiwic2V0dGluZ3MiOnsicG9zdF9pZCI6IjEwMDAwMSIsImVuYWJsZV9odG1sIjoib2ZmIn19@&#8221; button_text=&#8221;Lees er meer over&#8221; button_alignment=&#8221;left&#8221; _builder_version=&#8221;4.27.4&#8243; _dynamic_attributes=&#8221;button_url&#8221; _module_preset=&#8221;default&#8221; custom_button=&#8221;on&#8221; button_text_size=&#8221;16px&#8221; button_text_color=&#8221;#FFFFFF&#8221; button_bg_color=&#8221;gcid-64bcecb8-1e08-4484-8de3-a2058d1920a9&#8243; button_border_radius=&#8221;30px&#8221; locked=&#8221;off&#8221; global_colors_info=&#8221;{%22gcid-64bcecb8-1e08-4484-8de3-a2058d1920a9%22:%91%22button_bg_color%22%93}&#8221;][\/et_pb_button][\/et_pb_column][et_pb_column type=&#8221;2_3&#8243; _builder_version=&#8221;4.27.3&#8243; _module_preset=&#8221;default&#8221; global_colors_info=&#8221;{}&#8221;][et_pb_image src=&#8221;https:\/\/ebeltoftstrandcamping.dk\/wp-content\/uploads\/2025\/01\/cabby-207-676&#215;400-2.jpg&#8221; title_text=&#8221;cabby-207 676&#215;400&#8243; _builder_version=&#8221;4.27.4&#8243; _module_preset=&#8221;default&#8221; global_colors_info=&#8221;{}&#8221;][\/et_pb_image][\/et_pb_column][\/et_pb_row][\/et_pb_section][et_pb_section fb_built=&#8221;1&#8243; disabled_on=&#8221;off|off|on&#8221; _builder_version=&#8221;4.27.3&#8243; _module_preset=&#8221;default&#8221; global_colors_info=&#8221;{}&#8221;][et_pb_row _builder_version=&#8221;4.27.3&#8243; _module_preset=&#8221;default&#8221; global_colors_info=&#8221;{}&#8221;][et_pb_column type=&#8221;4_4&#8243; _builder_version=&#8221;4.27.3&#8243; _module_preset=&#8221;default&#8221; global_colors_info=&#8221;{}&#8221;][et_pb_heading title=&#8221;Adria Alpina&#8221; _builder_version=&#8221;4.27.3&#8243; _module_preset=&#8221;default&#8221; title_level=&#8221;h4&#8243; global_colors_info=&#8221;{}&#8221;][\/et_pb_heading][et_pb_text _builder_version=&#8221;4.27.3&#8243; _module_preset=&#8221;default&#8221; global_colors_info=&#8221;{}&#8221;]<\/p>\n<ul>\n<li>Ruimte voor maximaal 4 personen.<\/li>\n<li>Televisie.<\/li>\n<li>Uitgerust met combi-oven en koel-vriescombinatie.<\/li>\n<li>Staplaats 345.<\/li>\n<\/ul>\n<p>[\/et_pb_text][et_pb_image src=&#8221;https:\/\/ebeltoftstrandcamping.dk\/wp-content\/uploads\/2025\/01\/fortelt-udefra-676&#215;400-1.jpg&#8221; title_text=&#8221;fortelt-udefra-676&#215;400&#8243; _builder_version=&#8221;4.27.4&#8243; _module_preset=&#8221;default&#8221; global_colors_info=&#8221;{}&#8221;][\/et_pb_image][et_pb_button button_url=&#8221;@ET-DC@eyJkeW5hbWljIjp0cnVlLCJjb250ZW50IjoicG9zdF9saW5rX3VybF9wYWdlIiwic2V0dGluZ3MiOnsicG9zdF9pZCI6IjEwMDAwMiIsImVuYWJsZV9odG1sIjoib2ZmIn19@&#8221; button_text=&#8221;Lees er meer over&#8221; button_alignment=&#8221;center&#8221; _builder_version=&#8221;4.27.4&#8243; _dynamic_attributes=&#8221;button_url&#8221; _module_preset=&#8221;default&#8221; custom_button=&#8221;on&#8221; button_text_size=&#8221;16px&#8221; button_text_color=&#8221;#FFFFFF&#8221; button_bg_color=&#8221;gcid-64bcecb8-1e08-4484-8de3-a2058d1920a9&#8243; button_border_radius=&#8221;30px&#8221; global_colors_info=&#8221;{%22gcid-64bcecb8-1e08-4484-8de3-a2058d1920a9%22:%91%22button_bg_color%22%93}&#8221;][\/et_pb_button][\/et_pb_column][\/et_pb_row][et_pb_row _builder_version=&#8221;4.27.3&#8243; _module_preset=&#8221;default&#8221; global_colors_info=&#8221;{}&#8221;][et_pb_column type=&#8221;4_4&#8243; _builder_version=&#8221;4.27.3&#8243; _module_preset=&#8221;default&#8221; global_colors_info=&#8221;{}&#8221;][et_pb_heading title=&#8221;Cabby 720&#8243; _builder_version=&#8221;4.27.3&#8243; _module_preset=&#8221;default&#8221; title_level=&#8221;h4&#8243; global_colors_info=&#8221;{}&#8221;][\/et_pb_heading][et_pb_text _builder_version=&#8221;4.27.3&#8243; _module_preset=&#8221;default&#8221; global_colors_info=&#8221;{}&#8221;]<\/p>\n<ul>\n<li>Ruimte voor maximaal 5 personen.<\/li>\n<li>Zowel oven als vaatwasser.<\/li>\n<li>Dicht bij servicegebouw.<\/li>\n<li>Staplaats 206.<\/li>\n<\/ul>\n<p>[\/et_pb_text][et_pb_image src=&#8221;https:\/\/ebeltoftstrandcamping.dk\/wp-content\/uploads\/2025\/01\/206.-676&#215;400-1.jpg&#8221; title_text=&#8221;206. 676&#215;400&#8243; _builder_version=&#8221;4.27.4&#8243; _module_preset=&#8221;default&#8221; global_colors_info=&#8221;{}&#8221;][\/et_pb_image][et_pb_button button_url=&#8221;@ET-DC@eyJkeW5hbWljIjp0cnVlLCJjb250ZW50IjoicG9zdF9saW5rX3VybF9wYWdlIiwic2V0dGluZ3MiOnsicG9zdF9pZCI6IjEwMDAwMCIsImVuYWJsZV9odG1sIjoib2ZmIn19@&#8221; button_text=&#8221;Lees er meer over&#8221; button_alignment=&#8221;center&#8221; _builder_version=&#8221;4.27.4&#8243; _dynamic_attributes=&#8221;button_url&#8221; _module_preset=&#8221;default&#8221; custom_button=&#8221;on&#8221; button_text_size=&#8221;16px&#8221; button_text_color=&#8221;#FFFFFF&#8221; button_bg_color=&#8221;gcid-64bcecb8-1e08-4484-8de3-a2058d1920a9&#8243; button_border_radius=&#8221;30px&#8221; locked=&#8221;off&#8221; global_colors_info=&#8221;{%22gcid-64bcecb8-1e08-4484-8de3-a2058d1920a9%22:%91%22button_bg_color%22%93}&#8221;][\/et_pb_button][\/et_pb_column][\/et_pb_row][et_pb_row _builder_version=&#8221;4.27.3&#8243; _module_preset=&#8221;default&#8221; global_colors_info=&#8221;{}&#8221;][et_pb_column type=&#8221;4_4&#8243; _builder_version=&#8221;4.27.3&#8243; _module_preset=&#8221;default&#8221; global_colors_info=&#8221;{}&#8221;][et_pb_heading title=&#8221;Cabby 740+&#8221; _builder_version=&#8221;4.27.3&#8243; _module_preset=&#8221;default&#8221; title_level=&#8221;h4&#8243; global_colors_info=&#8221;{}&#8221;][\/et_pb_heading][et_pb_text _builder_version=&#8221;4.27.3&#8243; _module_preset=&#8221;default&#8221; global_colors_info=&#8221;{}&#8221;]<\/p>\n<ul>\n<li>Ruimte voor maximaal 4 personen.<\/li>\n<li>Oven en koelkast met vriezer.<\/li>\n<li>Veel ruimte in de voortent.<\/li>\n<li>Staplaats 207.<\/li>\n<\/ul>\n<p>[\/et_pb_text][et_pb_image src=&#8221;https:\/\/ebeltoftstrandcamping.dk\/wp-content\/uploads\/2025\/01\/cabby-207-676&#215;400-2.jpg&#8221; title_text=&#8221;cabby-207 676&#215;400&#8243; _builder_version=&#8221;4.27.4&#8243; _module_preset=&#8221;default&#8221; global_colors_info=&#8221;{}&#8221;][\/et_pb_image][et_pb_button button_url=&#8221;@ET-DC@eyJkeW5hbWljIjp0cnVlLCJjb250ZW50IjoicG9zdF9saW5rX3VybF9wYWdlIiwic2V0dGluZ3MiOnsicG9zdF9pZCI6IjEwMDAwMSIsImVuYWJsZV9odG1sIjoib2ZmIn19@&#8221; button_text=&#8221;Lees er meer over&#8221; button_alignment=&#8221;center&#8221; _builder_version=&#8221;4.27.4&#8243; _dynamic_attributes=&#8221;button_url&#8221; _module_preset=&#8221;default&#8221; custom_button=&#8221;on&#8221; button_text_size=&#8221;16px&#8221; button_text_color=&#8221;#FFFFFF&#8221; button_bg_color=&#8221;gcid-64bcecb8-1e08-4484-8de3-a2058d1920a9&#8243; button_border_radius=&#8221;30px&#8221; locked=&#8221;off&#8221; global_colors_info=&#8221;{%22gcid-64bcecb8-1e08-4484-8de3-a2058d1920a9%22:%91%22button_bg_color%22%93}&#8221;][\/et_pb_button][\/et_pb_column][\/et_pb_row][\/et_pb_section][et_pb_section fb_built=&#8221;1&#8243; disabled_on=&#8221;on|on|on&#8221; _builder_version=&#8221;4.27.3&#8243; _module_preset=&#8221;default&#8221; background_color=&#8221;gcid-d70a5a6a-d90d-43f0-b48d-3d8f33a6130e&#8221; disabled=&#8221;on&#8221; global_colors_info=&#8221;{%22gcid-d70a5a6a-d90d-43f0-b48d-3d8f33a6130e%22:%91%22background_color%22%93}&#8221;][et_pb_row column_structure=&#8221;2_3,1_3&#8243; _builder_version=&#8221;4.27.3&#8243; _module_preset=&#8221;default&#8221; global_colors_info=&#8221;{}&#8221;][et_pb_column type=&#8221;2_3&#8243; _builder_version=&#8221;4.27.3&#8243; _module_preset=&#8221;default&#8221; global_colors_info=&#8221;{}&#8221;][et_pb_heading title=&#8221;Ja tegen vakanties met extra luxe&#8221; _builder_version=&#8221;4.27.3&#8243; _module_preset=&#8221;default&#8221; title_level=&#8221;h4&#8243; global_colors_info=&#8221;{}&#8221;][\/et_pb_heading][et_pb_text _builder_version=&#8221;4.27.3&#8243; _module_preset=&#8221;default&#8221; global_colors_info=&#8221;{}&#8221;]<\/p>\n<p>Het is nooit leuk om compromissen te sluiten. Zelfs niet op vakantie. Dus neem geen genoegen met een primitieve vakantie als dat niet is wat je zoekt. Ga in plaats daarvan voor wat jij het prettigst vindt &#8211; comfort, privacy en praktische faciliteiten die je niet met anderen hoeft te delen. Dat is precies wat je krijgt in onze gastvrije kampeerhutten.    <\/p>\n<p>Als je in een tent of caravan verblijft, zul je vaak een van onze servicegebouwen moeten bezoeken. Of je nu moet koken, naar het toilet moet of moet douchen. Het kan ook moeilijk zijn om de hartstochtelijke gesprekken van je buren te negeren als je onder het tentdoek probeert te slapen. Als je de voorkeur geeft aan privacy, dan zijn onze kampeerhutten de perfecte keuze voor jou.   <\/p>\n<p>[\/et_pb_text][\/et_pb_column][et_pb_column type=&#8221;1_3&#8243; _builder_version=&#8221;4.27.3&#8243; _module_preset=&#8221;default&#8221; global_colors_info=&#8221;{}&#8221;][\/et_pb_column][\/et_pb_row][et_pb_row column_structure=&#8221;2_5,3_5&#8243; _builder_version=&#8221;4.27.3&#8243; _module_preset=&#8221;default&#8221; global_colors_info=&#8221;{}&#8221;][et_pb_column type=&#8221;2_5&#8243; _builder_version=&#8221;4.27.3&#8243; _module_preset=&#8221;default&#8221; global_colors_info=&#8221;{}&#8221;][et_pb_image src=&#8221;https:\/\/ebeltoftstrandcamping.dk\/wp-content\/uploads\/2024\/10\/900&#215;600.png&#8221; title_text=&#8221;900&#215;600&#8243; _builder_version=&#8221;4.27.3&#8243; _module_preset=&#8221;default&#8221; global_colors_info=&#8221;{}&#8221;][\/et_pb_image][\/et_pb_column][et_pb_column type=&#8221;3_5&#8243; _builder_version=&#8221;4.27.3&#8243; _module_preset=&#8221;default&#8221; global_colors_info=&#8221;{}&#8221;][et_pb_heading title=&#8221;Alle faciliteiten die je nodig hebt&#8221; _builder_version=&#8221;4.27.3&#8243; _module_preset=&#8221;default&#8221; title_level=&#8221;h4&#8243; global_colors_info=&#8221;{}&#8221;][\/et_pb_heading][et_pb_text _builder_version=&#8221;4.27.3&#8243; _module_preset=&#8221;default&#8221; global_colors_info=&#8221;{}&#8221;]<\/p>\n<p>In onze kampeerhutten zal het je aan niets ontbreken. Er is een eigen douche, een keuken en een bank waar je kunt ontspannen na een lange dag in het zwembad of onderweg. Natuurlijk is de keuken uitgerust met een koffiezetapparaat zodat je je dag altijd kunt beginnen met een warme kop koffie in de hand.  <\/p>\n<p>In onze kampeerhutten vind je onder andere deze faciliteiten:<\/p>\n<ul>\n<li>Badkamer met toilet en douche<\/li>\n<li>Keuken met koelkast, vriezer, oven en kookplaat<\/li>\n<li>Aparte slaapkamer(s)<\/li>\n<li>Loft met slaapgelegenheid<\/li>\n<li>Overdekt terras.<\/li>\n<\/ul>\n<p>[\/et_pb_text][\/et_pb_column][\/et_pb_row][et_pb_row column_structure=&#8221;2_3,1_3&#8243; _builder_version=&#8221;4.27.3&#8243; _module_preset=&#8221;default&#8221; global_colors_info=&#8221;{}&#8221;][et_pb_column type=&#8221;2_3&#8243; _builder_version=&#8221;4.27.3&#8243; _module_preset=&#8221;default&#8221; global_colors_info=&#8221;{}&#8221;][et_pb_heading title=&#8221;Gezellige kampeerhutten voor het hele gezin&#8221; _builder_version=&#8221;4.27.3&#8243; _module_preset=&#8221;default&#8221; title_level=&#8221;h4&#8243; global_colors_info=&#8221;{}&#8221;][\/et_pb_heading][et_pb_text _builder_version=&#8221;4.27.3&#8243; _module_preset=&#8221;default&#8221; global_colors_info=&#8221;{}&#8221;]<\/p>\n<p>Tijdens de renovatie van onze hutten hadden we vooral \u00e9\u00e9n brandende wens. Dat je de deuren opent en je meteen thuis voelt. Op zo&#8217;n manier dat je hartslag meteen vertraagt en je de rust van vakantie tot je kunt laten komen.  <\/p>\n<p>De hutten zijn gezellig en comfortabel. Ze zijn allemaal ingericht in een eenvoudige en uitnodigende stijl, zodat de meeste mensen zich welkom zullen voelen. De vakantie-idylle verspreidt zich vooral als je de mooie houten meubels, rieten meubelen en houten lambrisering op de muren ziet. Pure vakantiehuis sfeer &#8211; op slechts 25 vierkante meter.   <\/p>\n<p>Voor de kampeerhutten kun je genieten van de warme zomeravonden met je geliefden. Bak steaks op de barbecue en geniet van een gezellige avondmaaltijd aan de tuintafel. Of praat tot laat in de avond als de zon ondergaat aan de horizon.  <\/p>\n<p>[\/et_pb_text][\/et_pb_column][et_pb_column type=&#8221;1_3&#8243; _builder_version=&#8221;4.27.3&#8243; _module_preset=&#8221;default&#8221; global_colors_info=&#8221;{}&#8221;][\/et_pb_column][\/et_pb_row][\/et_pb_section][et_pb_section fb_built=&#8221;1&#8243; disabled_on=&#8221;on|on|on&#8221; _builder_version=&#8221;4.27.3&#8243; _module_preset=&#8221;default&#8221; disabled=&#8221;on&#8221; global_colors_info=&#8221;{}&#8221;][et_pb_row column_structure=&#8221;2_5,3_5&#8243; _builder_version=&#8221;4.27.3&#8243; _module_preset=&#8221;default&#8221; global_colors_info=&#8221;{}&#8221;][et_pb_column type=&#8221;2_5&#8243; _builder_version=&#8221;4.27.3&#8243; _module_preset=&#8221;default&#8221; global_colors_info=&#8221;{}&#8221;][et_pb_image src=&#8221;https:\/\/ebeltoftstrandcamping.dk\/wp-content\/uploads\/2024\/10\/900&#215;600.png&#8221; title_text=&#8221;900&#215;600&#8243; _builder_version=&#8221;4.27.3&#8243; _module_preset=&#8221;default&#8221; global_colors_info=&#8221;{}&#8221;][\/et_pb_image][\/et_pb_column][et_pb_column type=&#8221;3_5&#8243; _builder_version=&#8221;4.27.3&#8243; _module_preset=&#8221;default&#8221; global_colors_info=&#8221;{}&#8221;][et_pb_heading title=&#8221;10 hutten om uit te kiezen&#8221; _builder_version=&#8221;4.27.3&#8243; _module_preset=&#8221;default&#8221; title_level=&#8221;h4&#8243; global_colors_info=&#8221;{}&#8221;][\/et_pb_heading][et_pb_text _builder_version=&#8221;4.27.3&#8243; _module_preset=&#8221;default&#8221; global_colors_info=&#8221;{}&#8221;]<\/p>\n<p>Overvejer I at bes\u00f8ge \u00e9n af hytterne p\u00e5 Ebeltoft Strand Camping? S\u00e5 kom hurtigt ude af starthullerne \u2013 vi har nemlig kun 10 hytter p\u00e5 pladsen, som der altid er rift om.<\/p>\n<p>I kan frit v\u00e6lge mellem f\u00f8lgende campinghytter:<\/p>\n<ul>\n<li><a href=\"https:\/\/ebeltoftstrandcamping.dk\/hytter\/skagen-hytten\/\">SKAGEN<\/a>: 25 kvm, plads til 6 personer, sovesofa i stuen<\/li>\n<li><a href=\"https:\/\/ebeltoftstrandcamping.dk\/hytter\/grena-hytten\/\">GREN\u00c5<\/a>: 25 kvm, plads til 6 personer, sovesofa i stuen<\/li>\n<li><a href=\"https:\/\/ebeltoftstrandcamping.dk\/hytter\/ebeltoft-hytten\/\">EBELTOFT<\/a>: 25 kvm, plads til 6 personer, flere soverum med dobbeltsenge.<\/li>\n<\/ul>\n<p>Overvej derfor n\u00f8je, hvilken hytte der passer bedst til jer. Holder I ferie med et eller flere vennepar, vil vi anbefale hytten EBELTOFT. Her er alle sovepladser p\u00e5 hemsen eller i separate v\u00e6relser, s\u00e5 ingen beh\u00f8ver at sove i stuen.<\/p>\n<p>Bem\u00e6rk, at hunde er tilladt i samtlige hytter. Det er dog ikke tilladt at ryge.<\/p>\n<p>[\/et_pb_text][\/et_pb_column][\/et_pb_row][et_pb_row column_structure=&#8221;2_3,1_3&#8243; _builder_version=&#8221;4.27.3&#8243; _module_preset=&#8221;default&#8221; global_colors_info=&#8221;{}&#8221;][et_pb_column type=&#8221;2_3&#8243; _builder_version=&#8221;4.27.3&#8243; _module_preset=&#8221;default&#8221; global_colors_info=&#8221;{}&#8221;][et_pb_heading title=&#8221;Geniet van je vakantie in een kampeerhut op Ebeltoft Strand Camping&#8221; _builder_version=&#8221;4.27.3&#8243; _module_preset=&#8221;default&#8221; title_level=&#8221;h4&#8243; global_colors_info=&#8221;{}&#8221; title__hover_enabled=&#8221;off|desktop&#8221;][\/et_pb_heading][et_pb_text _builder_version=&#8221;4.27.3&#8243; _module_preset=&#8221;default&#8221; global_colors_info=&#8221;{}&#8221;]<\/p>\n<p>Gezinsuitstapje, vriendinnenuitstapje of gezellige tijd met vrienden? In onze kampeerhutten is er plaats voor alles. We zijn het hele jaar door geopend, dus je kunt zelf kiezen of je ons wilt bezoeken tijdens de zomerse hittegolf (en regenbuien) of de rustige herfst. Houd er rekening mee dat het zwembad alleen open is van Pinksteren tot het laatste weekend van augustus.   <\/p>\n<p>Op Ebeltoft Strand Camping kun je een vakantie verwachten die anders is dan anders. We hebben de perfecte omgeving voor heerlijke stranduitstapjes, leuke uurtjes op de camping en gezellige uitstapjes in Djursland. <\/p>\n<p>Je kunt onder andere een bezoek brengen aan:<\/p>\n<ul>\n<li>Ebeltoft C (1 km van hier)<\/li>\n<li>Djurs Zomerland<\/li>\n<li>Safari in het Ree Park<\/li>\n<li>Scandinavisch dierenpark<\/li>\n<li>Nationaal park Mols Bjerge.<\/li>\n<\/ul>\n<p>Als je de dag doorbrengt op de camping, kun je genieten van onze grote speeltuin, het mooie zwembad of de 18-holes midgetgolfbaan.<\/p>\n<p>[\/et_pb_text][\/et_pb_column][et_pb_column type=&#8221;1_3&#8243; _builder_version=&#8221;4.27.3&#8243; _module_preset=&#8221;default&#8221; global_colors_info=&#8221;{}&#8221;][\/et_pb_column][\/et_pb_row][\/et_pb_section]<\/p>\n","protected":false},"excerpt":{"rendered":"<p>Een Caravan hurenWelkom voor een unieke kampeervakantie op de Ebeltoft Strand Camping! Onze huurcaravans zijn de perfecte keuze voor wie op zoek is naar een combinatie van comfort, natuur en gemak. De gezellige caravans zijn volledig uitgerust en klaar om je vakantie mee te starten &#8211; of je nu met z&#8217;n twee\u00ebn, met het gezin [&hellip;]<\/p>\n","protected":false},"author":1,"featured_media":0,"parent":0,"menu_order":0,"comment_status":"closed","ping_status":"closed","template":"","meta":{"_et_pb_use_builder":"on","_et_pb_old_content":"","_et_gb_content_width":"","footnotes":""},"folder":[],"class_list":["post-102595","page","type-page","status-publish","hentry"],"yoast_head":"<!-- This site is optimized with the Yoast SEO plugin v27.4 - https:\/\/yoast.com\/product\/yoast-seo-wordpress\/ -->\n<title>Caravan huren in Jutland | Comfortabel overnachten op Ebeltoft Strand Camping<\/title>\n<meta name=\"description\" content=\"Huur een volledig uitgeruste caravan in Jutland op Ebeltoft Strand Camping. De caravans bieden ruimte voor het hele gezin en zijn voorzien van een keuken, toilet en voortent - klaar voor je vakantie!\" \/>\n<meta name=\"robots\" content=\"index, follow, max-snippet:-1, max-image-preview:large, max-video-preview:-1\" \/>\n<link rel=\"canonical\" href=\"https:\/\/ebeltoftstrandcamping.dk\/nl\/huurautos\/\" \/>\n<meta property=\"og:locale\" content=\"nl_NL\" \/>\n<meta property=\"og:type\" content=\"article\" \/>\n<meta property=\"og:title\" content=\"Caravan huren in Jutland | Comfortabel overnachten op Ebeltoft Strand Camping\" \/>\n<meta property=\"og:description\" content=\"Huur een volledig uitgeruste caravan in Jutland op Ebeltoft Strand Camping. De caravans bieden ruimte voor het hele gezin en zijn voorzien van een keuken, toilet en voortent - klaar voor je vakantie!\" \/>\n<meta property=\"og:url\" content=\"https:\/\/ebeltoftstrandcamping.dk\/nl\/huurautos\/\" \/>\n<meta property=\"og:site_name\" content=\"Ebeltoft Strand Camping\" \/>\n<meta property=\"article:publisher\" content=\"https:\/\/www.facebook.com\/ebeltoftstrandcamping\" \/>\n<meta property=\"article:modified_time\" content=\"2025-05-06T13:18:54+00:00\" \/>\n<meta property=\"og:image\" content=\"https:\/\/ebeltoftstrandcamping.dk\/wp-content\/uploads\/2025\/01\/Ebeltoft-360-px-high.png\" \/>\n\t<meta property=\"og:image:width\" content=\"1285\" \/>\n\t<meta property=\"og:image:height\" content=\"360\" \/>\n\t<meta property=\"og:image:type\" content=\"image\/png\" \/>\n<meta name=\"twitter:card\" content=\"summary_large_image\" \/>\n<meta name=\"twitter:label1\" content=\"Geschatte leestijd\" \/>\n\t<meta name=\"twitter:data1\" content=\"16 minuten\" \/>\n<script type=\"application\/ld+json\" class=\"yoast-schema-graph\">{\"@context\":\"https:\\\/\\\/schema.org\",\"@graph\":[{\"@type\":\"WebPage\",\"@id\":\"https:\\\/\\\/ebeltoftstrandcamping.dk\\\/nl\\\/huurautos\\\/\",\"url\":\"https:\\\/\\\/ebeltoftstrandcamping.dk\\\/nl\\\/huurautos\\\/\",\"name\":\"Caravan huren in Jutland | Comfortabel overnachten op Ebeltoft Strand Camping\",\"isPartOf\":{\"@id\":\"https:\\\/\\\/ebeltoftstrandcamping.dk\\\/nl\\\/#website\"},\"datePublished\":\"2024-11-17T13:21:59+00:00\",\"dateModified\":\"2025-05-06T13:18:54+00:00\",\"description\":\"Huur een volledig uitgeruste caravan in Jutland op Ebeltoft Strand Camping. De caravans bieden ruimte voor het hele gezin en zijn voorzien van een keuken, toilet en voortent - klaar voor je vakantie!\",\"breadcrumb\":{\"@id\":\"https:\\\/\\\/ebeltoftstrandcamping.dk\\\/nl\\\/huurautos\\\/#breadcrumb\"},\"inLanguage\":\"nl-NL\",\"potentialAction\":[{\"@type\":\"ReadAction\",\"target\":[\"https:\\\/\\\/ebeltoftstrandcamping.dk\\\/nl\\\/huurautos\\\/\"]}]},{\"@type\":\"BreadcrumbList\",\"@id\":\"https:\\\/\\\/ebeltoftstrandcamping.dk\\\/nl\\\/huurautos\\\/#breadcrumb\",\"itemListElement\":[{\"@type\":\"ListItem\",\"position\":1,\"name\":\"Home\",\"item\":\"https:\\\/\\\/ebeltoftstrandcamping.dk\\\/nl\\\/home\\\/\"},{\"@type\":\"ListItem\",\"position\":2,\"name\":\"Huurauto&#8217;s\"}]},{\"@type\":\"WebSite\",\"@id\":\"https:\\\/\\\/ebeltoftstrandcamping.dk\\\/nl\\\/#website\",\"url\":\"https:\\\/\\\/ebeltoftstrandcamping.dk\\\/nl\\\/\",\"name\":\"Ebeltoft Strand Camping\",\"description\":\"Din n\u00e6ste campingferie\",\"publisher\":{\"@id\":\"https:\\\/\\\/ebeltoftstrandcamping.dk\\\/nl\\\/#organization\"},\"potentialAction\":[{\"@type\":\"SearchAction\",\"target\":{\"@type\":\"EntryPoint\",\"urlTemplate\":\"https:\\\/\\\/ebeltoftstrandcamping.dk\\\/nl\\\/?s={search_term_string}\"},\"query-input\":{\"@type\":\"PropertyValueSpecification\",\"valueRequired\":true,\"valueName\":\"search_term_string\"}}],\"inLanguage\":\"nl-NL\"},{\"@type\":\"Organization\",\"@id\":\"https:\\\/\\\/ebeltoftstrandcamping.dk\\\/nl\\\/#organization\",\"name\":\"Ebeltoft Strand Camping\",\"url\":\"https:\\\/\\\/ebeltoftstrandcamping.dk\\\/nl\\\/\",\"logo\":{\"@type\":\"ImageObject\",\"inLanguage\":\"nl-NL\",\"@id\":\"https:\\\/\\\/ebeltoftstrandcamping.dk\\\/nl\\\/#\\\/schema\\\/logo\\\/image\\\/\",\"url\":\"https:\\\/\\\/ebeltoftstrandcamping.dk\\\/wp-content\\\/uploads\\\/2025\\\/01\\\/Ebeltoft-360-px-high.png\",\"contentUrl\":\"https:\\\/\\\/ebeltoftstrandcamping.dk\\\/wp-content\\\/uploads\\\/2025\\\/01\\\/Ebeltoft-360-px-high.png\",\"width\":1285,\"height\":360,\"caption\":\"Ebeltoft Strand Camping\"},\"image\":{\"@id\":\"https:\\\/\\\/ebeltoftstrandcamping.dk\\\/nl\\\/#\\\/schema\\\/logo\\\/image\\\/\"},\"sameAs\":[\"https:\\\/\\\/www.facebook.com\\\/ebeltoftstrandcamping\",\"https:\\\/\\\/www.instagram.com\\\/ebeltoftstrandcamping\\\/\"]}]}<\/script>\n<!-- \/ Yoast SEO plugin. -->","yoast_head_json":{"title":"Caravan huren in Jutland | Comfortabel overnachten op Ebeltoft Strand Camping","description":"Huur een volledig uitgeruste caravan in Jutland op Ebeltoft Strand Camping. De caravans bieden ruimte voor het hele gezin en zijn voorzien van een keuken, toilet en voortent - klaar voor je vakantie!","robots":{"index":"index","follow":"follow","max-snippet":"max-snippet:-1","max-image-preview":"max-image-preview:large","max-video-preview":"max-video-preview:-1"},"canonical":"https:\/\/ebeltoftstrandcamping.dk\/nl\/huurautos\/","og_locale":"nl_NL","og_type":"article","og_title":"Caravan huren in Jutland | Comfortabel overnachten op Ebeltoft Strand Camping","og_description":"Huur een volledig uitgeruste caravan in Jutland op Ebeltoft Strand Camping. De caravans bieden ruimte voor het hele gezin en zijn voorzien van een keuken, toilet en voortent - klaar voor je vakantie!","og_url":"https:\/\/ebeltoftstrandcamping.dk\/nl\/huurautos\/","og_site_name":"Ebeltoft Strand Camping","article_publisher":"https:\/\/www.facebook.com\/ebeltoftstrandcamping","article_modified_time":"2025-05-06T13:18:54+00:00","og_image":[{"width":1285,"height":360,"url":"https:\/\/ebeltoftstrandcamping.dk\/wp-content\/uploads\/2025\/01\/Ebeltoft-360-px-high.png","type":"image\/png"}],"twitter_card":"summary_large_image","twitter_misc":{"Geschatte leestijd":"16 minuten"},"schema":{"@context":"https:\/\/schema.org","@graph":[{"@type":"WebPage","@id":"https:\/\/ebeltoftstrandcamping.dk\/nl\/huurautos\/","url":"https:\/\/ebeltoftstrandcamping.dk\/nl\/huurautos\/","name":"Caravan huren in Jutland | Comfortabel overnachten op Ebeltoft Strand Camping","isPartOf":{"@id":"https:\/\/ebeltoftstrandcamping.dk\/nl\/#website"},"datePublished":"2024-11-17T13:21:59+00:00","dateModified":"2025-05-06T13:18:54+00:00","description":"Huur een volledig uitgeruste caravan in Jutland op Ebeltoft Strand Camping. De caravans bieden ruimte voor het hele gezin en zijn voorzien van een keuken, toilet en voortent - klaar voor je vakantie!","breadcrumb":{"@id":"https:\/\/ebeltoftstrandcamping.dk\/nl\/huurautos\/#breadcrumb"},"inLanguage":"nl-NL","potentialAction":[{"@type":"ReadAction","target":["https:\/\/ebeltoftstrandcamping.dk\/nl\/huurautos\/"]}]},{"@type":"BreadcrumbList","@id":"https:\/\/ebeltoftstrandcamping.dk\/nl\/huurautos\/#breadcrumb","itemListElement":[{"@type":"ListItem","position":1,"name":"Home","item":"https:\/\/ebeltoftstrandcamping.dk\/nl\/home\/"},{"@type":"ListItem","position":2,"name":"Huurauto&#8217;s"}]},{"@type":"WebSite","@id":"https:\/\/ebeltoftstrandcamping.dk\/nl\/#website","url":"https:\/\/ebeltoftstrandcamping.dk\/nl\/","name":"Ebeltoft Strand Camping","description":"Din n\u00e6ste campingferie","publisher":{"@id":"https:\/\/ebeltoftstrandcamping.dk\/nl\/#organization"},"potentialAction":[{"@type":"SearchAction","target":{"@type":"EntryPoint","urlTemplate":"https:\/\/ebeltoftstrandcamping.dk\/nl\/?s={search_term_string}"},"query-input":{"@type":"PropertyValueSpecification","valueRequired":true,"valueName":"search_term_string"}}],"inLanguage":"nl-NL"},{"@type":"Organization","@id":"https:\/\/ebeltoftstrandcamping.dk\/nl\/#organization","name":"Ebeltoft Strand Camping","url":"https:\/\/ebeltoftstrandcamping.dk\/nl\/","logo":{"@type":"ImageObject","inLanguage":"nl-NL","@id":"https:\/\/ebeltoftstrandcamping.dk\/nl\/#\/schema\/logo\/image\/","url":"https:\/\/ebeltoftstrandcamping.dk\/wp-content\/uploads\/2025\/01\/Ebeltoft-360-px-high.png","contentUrl":"https:\/\/ebeltoftstrandcamping.dk\/wp-content\/uploads\/2025\/01\/Ebeltoft-360-px-high.png","width":1285,"height":360,"caption":"Ebeltoft Strand Camping"},"image":{"@id":"https:\/\/ebeltoftstrandcamping.dk\/nl\/#\/schema\/logo\/image\/"},"sameAs":["https:\/\/www.facebook.com\/ebeltoftstrandcamping","https:\/\/www.instagram.com\/ebeltoftstrandcamping\/"]}]}},"_links":{"self":[{"href":"https:\/\/ebeltoftstrandcamping.dk\/nl\/wp-json\/wp\/v2\/pages\/102595","targetHints":{"allow":["GET"]}}],"collection":[{"href":"https:\/\/ebeltoftstrandcamping.dk\/nl\/wp-json\/wp\/v2\/pages"}],"about":[{"href":"https:\/\/ebeltoftstrandcamping.dk\/nl\/wp-json\/wp\/v2\/types\/page"}],"author":[{"embeddable":true,"href":"https:\/\/ebeltoftstrandcamping.dk\/nl\/wp-json\/wp\/v2\/users\/1"}],"replies":[{"embeddable":true,"href":"https:\/\/ebeltoftstrandcamping.dk\/nl\/wp-json\/wp\/v2\/comments?post=102595"}],"version-history":[{"count":11,"href":"https:\/\/ebeltoftstrandcamping.dk\/nl\/wp-json\/wp\/v2\/pages\/102595\/revisions"}],"predecessor-version":[{"id":103732,"href":"https:\/\/ebeltoftstrandcamping.dk\/nl\/wp-json\/wp\/v2\/pages\/102595\/revisions\/103732"}],"wp:attachment":[{"href":"https:\/\/ebeltoftstrandcamping.dk\/nl\/wp-json\/wp\/v2\/media?parent=102595"}],"wp:term":[{"taxonomy":"folder","embeddable":true,"href":"https:\/\/ebeltoftstrandcamping.dk\/nl\/wp-json\/wp\/v2\/folder?post=102595"}],"curies":[{"name":"wp","href":"https:\/\/api.w.org\/{rel}","templated":true}]}}