{"id":102603,"date":"2024-11-17T14:21:59","date_gmt":"2024-11-17T13:21:59","guid":{"rendered":"https:\/\/ebeltoftstrandcamping.dk\/mietautos\/"},"modified":"2025-04-06T19:34:16","modified_gmt":"2025-04-06T18:34:16","slug":"mietautos","status":"publish","type":"page","link":"https:\/\/ebeltoftstrandcamping.dk\/de\/mietautos\/","title":{"rendered":"Mietautos"},"content":{"rendered":"<p>[et_pb_section fb_built=&#8220;1&#8243; _builder_version=&#8220;4.27.4&#8243; _module_preset=&#8220;default&#8220; use_background_color_gradient=&#8220;on&#8220; background_color_gradient_direction=&#8220;45deg&#8220; background_color_gradient_stops=&#8220;rgba(0,0,0,0.6) 0%|rgba(0,0,0,0.6) 100%&#8220; background_color_gradient_overlays_image=&#8220;on&#8220; background_image=&#8220;https:\/\/ebeltoftstrandcamping.dk\/wp-content\/uploads\/2025\/01\/forfra-med-fortelt-1920&#215;1080-1.jpg&#8220; hover_enabled=&#8220;0&#8243; global_colors_info=&#8220;{}&#8220; height_last_edited=&#8220;on|phone&#8220; height=&#8220;400px&#8220; sticky_enabled=&#8220;0&#8243; height_tablet=&#8220;350px&#8220; height_phone=&#8220;350px&#8220;][et_pb_row _builder_version=&#8220;4.27.3&#8243; _module_preset=&#8220;default&#8220; custom_padding=&#8220;||0px||false|false&#8220; global_colors_info=&#8220;{}&#8220;][et_pb_column type=&#8220;4_4&#8243; _builder_version=&#8220;4.17.3&#8243; _module_preset=&#8220;default&#8220; global_colors_info=&#8220;{}&#8220;][et_pb_text _builder_version=&#8220;4.27.3&#8243; _module_preset=&#8220;default&#8220; header_font=&#8220;||||||||&#8220; header_text_color=&#8220;#FFFFFF&#8220; header_2_text_color=&#8220;#FFFFFF&#8220; custom_margin=&#8220;||0px||false|false&#8220; border_color_all=&#8220;gcid-7ce7b00a-a0f7-4559-8af2-0adef5afd391&#8243; global_colors_info=&#8220;{%22gcid-7ce7b00a-a0f7-4559-8af2-0adef5afd391%22:%91%22border_color_all%22,%22border_color_all%22%93}&#8220;]<\/p>\n<h1>Wohnwagen mieten<\/h1>\n<p>[\/et_pb_text][\/et_pb_column][\/et_pb_row][et_pb_row _builder_version=&#8220;4.17.3&#8243; _module_preset=&#8220;default&#8220; custom_padding=&#8220;0px||||false|false&#8220; global_colors_info=&#8220;{}&#8220;][et_pb_column type=&#8220;4_4&#8243; _builder_version=&#8220;4.17.3&#8243; _module_preset=&#8220;default&#8220; global_colors_info=&#8220;{}&#8220;][et_pb_divider color=&#8220;gcid-7ce7b00a-a0f7-4559-8af2-0adef5afd391&#8243; _builder_version=&#8220;4.17.3&#8243; _module_preset=&#8220;default&#8220; height=&#8220;0px&#8220; custom_margin=&#8220;||0px||false|false&#8220; custom_padding=&#8220;||||false|false&#8220; global_colors_info=&#8220;{%22gcid-7ce7b00a-a0f7-4559-8af2-0adef5afd391%22:%91%22border_color_right%22,%22color%22%93}&#8220;][\/et_pb_divider][et_pb_divider show_divider=&#8220;off&#8220; admin_label=&#8220;Point right bottom&#8220; module_class=&#8220;dot-right-bottom sub-page-dot&#8220; _builder_version=&#8220;4.17.3&#8243; _module_preset=&#8220;default&#8220; height=&#8220;25px&#8220; border_width_right=&#8220;1px&#8220; border_color_right=&#8220;gcid-7ce7b00a-a0f7-4559-8af2-0adef5afd391&#8243; global_colors_info=&#8220;{%22gcid-7ce7b00a-a0f7-4559-8af2-0adef5afd391%22:%91%22border_color_right%22%93}&#8220;][\/et_pb_divider][\/et_pb_column][\/et_pb_row][\/et_pb_section][et_pb_section fb_built=&#8220;1&#8243; _builder_version=&#8220;4.17.3&#8243; _module_preset=&#8220;default&#8220; background_image=&#8220;https:\/\/ebeltoftstrandcamping.dk\/wp-content\/uploads\/2024\/10\/corner-dots-left-top.png&#8220; background_size=&#8220;initial&#8220; background_position=&#8220;top_left&#8220; background_last_edited=&#8220;on|tablet&#8220; background_enable_image_tablet=&#8220;off&#8220; global_colors_info=&#8220;{}&#8220;][et_pb_row _builder_version=&#8220;4.27.3&#8243; _module_preset=&#8220;default&#8220; custom_padding=&#8220;50px||35px||false|false&#8220; global_colors_info=&#8220;{}&#8220;][et_pb_column type=&#8220;4_4&#8243; _builder_version=&#8220;4.17.3&#8243; _module_preset=&#8220;default&#8220; custom_padding=&#8220;25px||||false|false&#8220; global_colors_info=&#8220;{}&#8220;][et_pb_text _builder_version=&#8220;4.27.4&#8243; _module_preset=&#8220;default&#8220; text_font=&#8220;||||||||&#8220; text_line_height=&#8220;1.8em&#8220; global_colors_info=&#8220;{}&#8220;]<\/p>\n<p>Willkommen zu einem einzigartigen Campingerlebnis auf Ebeltoft Strand Camping!<\/p>\n<p>Unsere Mietwohnwagen sind die perfekte Wahl f\u00fcr alle, die eine Kombination aus Komfort, Natur und Bequemlichkeit suchen. Die gem\u00fctlichen Wohnwagen sind komplett ausgestattet und bereit, Ihren Urlaub in Szene zu setzen &#8211; egal ob Sie als Paar, Familie oder eine kleine Gruppe von Freunden kommen. <\/p>\n<p>Nur wenige Schritte vom Strand entfernt, k\u00f6nnen Sie mit dem Rauschen der Wellen aufwachen und ein morgendliches Bad genie\u00dfen. Hier finden Sie eine entspannte Atmosph\u00e4re, in der Sie vom Alltagsstress abschalten und das Leben in einer malerischen Umgebung genie\u00dfen k\u00f6nnen. Die Wohnwagen bieten alles, was Sie brauchen, damit Sie sich auf Ihren Urlaub konzentrieren k\u00f6nnen &#8211; ohne die M\u00fche, Ihre eigene Ausr\u00fcstung mitzubringen.  <\/p>\n<p>Ebeltoft Strand Camping liegt in der N\u00e4he von spannenden Erlebnissen wie dem Nationalpark Mols Bjerge, der charmanten Altstadt von Ebeltoft und vielen familienfreundlichen Aktivit\u00e4ten. Am Ende des Tages k\u00f6nnen Sie sich in Ihren komfortablen Wohnwagen zur\u00fcckziehen und den Abend mit einer Tasse Kaffee oder einem Glas Wein unter dem Sternenhimmel genie\u00dfen. <\/p>\n<p>Bringen Sie die Familie mit oder \u00fcberraschen Sie Ihren Partner mit einem unvergesslichen Urlaub. Wir freuen uns darauf, Sie in unseren sch\u00f6nen Mietwohnwagen willkommen zu hei\u00dfen und den Rahmen f\u00fcr Ihr n\u00e4chstes Campingabenteuer zu schaffen! <\/p>\n<p>[\/et_pb_text][\/et_pb_column][\/et_pb_row][\/et_pb_section][et_pb_section fb_built=&#8220;1&#8243; fullwidth=&#8220;on&#8220; _builder_version=&#8220;4.27.3&#8243; _module_preset=&#8220;default&#8220; global_colors_info=&#8220;{}&#8220;][et_pb_fullwidth_slider _builder_version=&#8220;4.27.4&#8243; _module_preset=&#8220;default&#8220; height=&#8220;600px&#8220; height_tablet=&#8220;300px&#8220; height_phone=&#8220;250px&#8220; height_last_edited=&#8220;on|phone&#8220; global_colors_info=&#8220;{}&#8220;][et_pb_slide _builder_version=&#8220;4.27.4&#8243; _module_preset=&#8220;default&#8220; background_image=&#8220;https:\/\/ebeltoftstrandcamping.dk\/wp-content\/uploads\/2025\/01\/IMG_4106.-1920&#215;1080-1.jpeg&#8220; background_enable_image=&#8220;on&#8220; parallax=&#8220;on&#8220; background_last_edited=&#8220;on|phone&#8220; parallax_phone=&#8220;off&#8220; global_colors_info=&#8220;{}&#8220; sticky_transition=&#8220;on&#8220;][\/et_pb_slide][et_pb_slide _builder_version=&#8220;4.27.4&#8243; _module_preset=&#8220;default&#8220; background_image=&#8220;https:\/\/ebeltoftstrandcamping.dk\/wp-content\/uploads\/2025\/01\/IMG_3261.-1920&#215;1080-1.jpeg&#8220; background_enable_image=&#8220;on&#8220; parallax=&#8220;on&#8220; background_last_edited=&#8220;on|phone&#8220; parallax_phone=&#8220;off&#8220; global_colors_info=&#8220;{}&#8220; sticky_transition=&#8220;on&#8220;][\/et_pb_slide][et_pb_slide _builder_version=&#8220;4.27.4&#8243; _module_preset=&#8220;default&#8220; background_image=&#8220;https:\/\/ebeltoftstrandcamping.dk\/wp-content\/uploads\/2025\/01\/IMG_3259.1920&#215;1080.jpeg&#8220; background_enable_image=&#8220;on&#8220; parallax=&#8220;on&#8220; background_last_edited=&#8220;on|phone&#8220; parallax_phone=&#8220;off&#8220; global_colors_info=&#8220;{}&#8220; sticky_transition=&#8220;on&#8220;][\/et_pb_slide][et_pb_slide _builder_version=&#8220;4.27.4&#8243; _module_preset=&#8220;default&#8220; background_image=&#8220;https:\/\/ebeltoftstrandcamping.dk\/wp-content\/uploads\/2025\/01\/IMG_3245.-1920&#215;1080-1.jpeg&#8220; background_enable_image=&#8220;on&#8220; parallax=&#8220;on&#8220; background_last_edited=&#8220;on|phone&#8220; parallax_phone=&#8220;off&#8220; global_colors_info=&#8220;{}&#8220; sticky_transition=&#8220;on&#8220;][\/et_pb_slide][\/et_pb_fullwidth_slider][\/et_pb_section][et_pb_section fb_built=&#8220;1&#8243; disabled_on=&#8220;on|on|off&#8220; _builder_version=&#8220;4.27.3&#8243; _module_preset=&#8220;default&#8220; global_colors_info=&#8220;{}&#8220;][et_pb_row column_structure=&#8220;1_3,2_3&#8243; _builder_version=&#8220;4.27.3&#8243; _module_preset=&#8220;default&#8220; global_colors_info=&#8220;{}&#8220;][et_pb_column type=&#8220;1_3&#8243; _builder_version=&#8220;4.27.3&#8243; _module_preset=&#8220;default&#8220; global_colors_info=&#8220;{}&#8220;][et_pb_heading title=&#8220;Adria Alpina&#8220; _builder_version=&#8220;4.27.3&#8243; _module_preset=&#8220;default&#8220; title_level=&#8220;h4&#8243; global_colors_info=&#8220;{}&#8220;][\/et_pb_heading][et_pb_text _builder_version=&#8220;4.27.3&#8243; _module_preset=&#8220;default&#8220; global_colors_info=&#8220;{}&#8220;]<\/p>\n<ul>\n<li>Zimmer f\u00fcr bis zu 4 Personen.<\/li>\n<li>Fernsehen.<\/li>\n<li>Ausgestattet mit Kombi-Backofen und K\u00fchl-Gefrierkombination.<\/li>\n<li>Befindet sich auf Platz 345.<\/li>\n<\/ul>\n<p>[\/et_pb_text][et_pb_button button_url=&#8220;@ET-DC@eyJkeW5hbWljIjp0cnVlLCJjb250ZW50IjoicG9zdF9saW5rX3VybF9wYWdlIiwic2V0dGluZ3MiOnsicG9zdF9pZCI6IjEwMDAwMiIsImVuYWJsZV9odG1sIjoib2ZmIn19@&#8220; button_text=&#8220;Lesen Sie mehr dar\u00fcber&#8220; button_alignment=&#8220;left&#8220; _builder_version=&#8220;4.27.4&#8243; _dynamic_attributes=&#8220;button_url&#8220; _module_preset=&#8220;default&#8220; custom_button=&#8220;on&#8220; button_text_size=&#8220;16px&#8220; button_text_color=&#8220;#FFFFFF&#8220; button_bg_color=&#8220;gcid-64bcecb8-1e08-4484-8de3-a2058d1920a9&#8243; button_border_radius=&#8220;30px&#8220; global_colors_info=&#8220;{%22gcid-64bcecb8-1e08-4484-8de3-a2058d1920a9%22:%91%22button_bg_color%22%93}&#8220;][\/et_pb_button][\/et_pb_column][et_pb_column type=&#8220;2_3&#8243; _builder_version=&#8220;4.27.3&#8243; _module_preset=&#8220;default&#8220; global_colors_info=&#8220;{}&#8220;][et_pb_image src=&#8220;https:\/\/ebeltoftstrandcamping.dk\/wp-content\/uploads\/2025\/01\/fortelt-udefra-676&#215;400-1.jpg&#8220; title_text=&#8220;fortelt-udefra-676&#215;400&#8243; _builder_version=&#8220;4.27.4&#8243; _module_preset=&#8220;default&#8220; global_colors_info=&#8220;{}&#8220;][\/et_pb_image][\/et_pb_column][\/et_pb_row][et_pb_row column_structure=&#8220;2_3,1_3&#8243; _builder_version=&#8220;4.27.3&#8243; _module_preset=&#8220;default&#8220; global_colors_info=&#8220;{}&#8220;][et_pb_column type=&#8220;2_3&#8243; _builder_version=&#8220;4.27.3&#8243; _module_preset=&#8220;default&#8220; global_colors_info=&#8220;{}&#8220;][et_pb_image src=&#8220;https:\/\/ebeltoftstrandcamping.dk\/wp-content\/uploads\/2025\/01\/206.-676&#215;400-1.jpg&#8220; title_text=&#8220;206. 676&#215;400&#8243; _builder_version=&#8220;4.27.4&#8243; _module_preset=&#8220;default&#8220; global_colors_info=&#8220;{}&#8220;][\/et_pb_image][\/et_pb_column][et_pb_column type=&#8220;1_3&#8243; _builder_version=&#8220;4.27.3&#8243; _module_preset=&#8220;default&#8220; global_colors_info=&#8220;{}&#8220;][et_pb_heading title=&#8220;Cabby 720&#8243; _builder_version=&#8220;4.27.3&#8243; _module_preset=&#8220;default&#8220; title_level=&#8220;h4&#8243; global_colors_info=&#8220;{}&#8220;][\/et_pb_heading][et_pb_text _builder_version=&#8220;4.27.3&#8243; _module_preset=&#8220;default&#8220; global_colors_info=&#8220;{}&#8220;]<\/p>\n<ul>\n<li>Platz f\u00fcr bis zu 5 Personen.<\/li>\n<li>Sowohl Backofen als auch Geschirrsp\u00fcler.<\/li>\n<li>In der N\u00e4he des Servicegeb\u00e4udes.<\/li>\n<li>Befindet sich auf Platz 206.<\/li>\n<\/ul>\n<p>[\/et_pb_text][et_pb_button button_url=&#8220;@ET-DC@eyJkeW5hbWljIjp0cnVlLCJjb250ZW50IjoicG9zdF9saW5rX3VybF9wYWdlIiwic2V0dGluZ3MiOnsicG9zdF9pZCI6IjEwMDAwMCIsImVuYWJsZV9odG1sIjoib2ZmIn19@&#8220; button_text=&#8220;Lesen Sie mehr dar\u00fcber&#8220; button_alignment=&#8220;left&#8220; _builder_version=&#8220;4.27.4&#8243; _dynamic_attributes=&#8220;button_url&#8220; _module_preset=&#8220;default&#8220; custom_button=&#8220;on&#8220; button_text_size=&#8220;16px&#8220; button_text_color=&#8220;#FFFFFF&#8220; button_bg_color=&#8220;gcid-64bcecb8-1e08-4484-8de3-a2058d1920a9&#8243; button_border_radius=&#8220;30px&#8220; locked=&#8220;off&#8220; global_colors_info=&#8220;{%22gcid-64bcecb8-1e08-4484-8de3-a2058d1920a9%22:%91%22button_bg_color%22%93}&#8220;][\/et_pb_button][\/et_pb_column][\/et_pb_row][et_pb_row column_structure=&#8220;1_3,2_3&#8243; _builder_version=&#8220;4.27.3&#8243; _module_preset=&#8220;default&#8220; global_colors_info=&#8220;{}&#8220;][et_pb_column type=&#8220;1_3&#8243; _builder_version=&#8220;4.27.3&#8243; _module_preset=&#8220;default&#8220; global_colors_info=&#8220;{}&#8220;][et_pb_heading title=&#8220;Cabby 740+&#8220; _builder_version=&#8220;4.27.3&#8243; _module_preset=&#8220;default&#8220; title_level=&#8220;h4&#8243; global_colors_info=&#8220;{}&#8220;][\/et_pb_heading][et_pb_text _builder_version=&#8220;4.27.3&#8243; _module_preset=&#8220;default&#8220; global_colors_info=&#8220;{}&#8220;]<\/p>\n<ul>\n<li>Zimmer f\u00fcr bis zu 4 Personen.<\/li>\n<li>Backofen und K\u00fchlschrank mit Gefrierfach.<\/li>\n<li>Reichlich Platz im Vorzelt.<\/li>\n<li>Befindet sich auf Platz 207.<\/li>\n<\/ul>\n<p>[\/et_pb_text][et_pb_button button_url=&#8220;@ET-DC@eyJkeW5hbWljIjp0cnVlLCJjb250ZW50IjoicG9zdF9saW5rX3VybF9wYWdlIiwic2V0dGluZ3MiOnsicG9zdF9pZCI6IjEwMDAwMSIsImVuYWJsZV9odG1sIjoib2ZmIn19@&#8220; button_text=&#8220;Lesen Sie mehr dar\u00fcber&#8220; button_alignment=&#8220;left&#8220; _builder_version=&#8220;4.27.4&#8243; _dynamic_attributes=&#8220;button_url&#8220; _module_preset=&#8220;default&#8220; custom_button=&#8220;on&#8220; button_text_size=&#8220;16px&#8220; button_text_color=&#8220;#FFFFFF&#8220; button_bg_color=&#8220;gcid-64bcecb8-1e08-4484-8de3-a2058d1920a9&#8243; button_border_radius=&#8220;30px&#8220; locked=&#8220;off&#8220; global_colors_info=&#8220;{%22gcid-64bcecb8-1e08-4484-8de3-a2058d1920a9%22:%91%22button_bg_color%22%93}&#8220;][\/et_pb_button][\/et_pb_column][et_pb_column type=&#8220;2_3&#8243; _builder_version=&#8220;4.27.3&#8243; _module_preset=&#8220;default&#8220; global_colors_info=&#8220;{}&#8220;][et_pb_image src=&#8220;https:\/\/ebeltoftstrandcamping.dk\/wp-content\/uploads\/2025\/01\/cabby-207-676&#215;400-2.jpg&#8220; title_text=&#8220;cabby-207 676&#215;400&#8243; _builder_version=&#8220;4.27.4&#8243; _module_preset=&#8220;default&#8220; global_colors_info=&#8220;{}&#8220;][\/et_pb_image][\/et_pb_column][\/et_pb_row][\/et_pb_section][et_pb_section fb_built=&#8220;1&#8243; disabled_on=&#8220;off|off|on&#8220; _builder_version=&#8220;4.27.3&#8243; _module_preset=&#8220;default&#8220; global_colors_info=&#8220;{}&#8220;][et_pb_row _builder_version=&#8220;4.27.3&#8243; _module_preset=&#8220;default&#8220; global_colors_info=&#8220;{}&#8220;][et_pb_column type=&#8220;4_4&#8243; _builder_version=&#8220;4.27.3&#8243; _module_preset=&#8220;default&#8220; global_colors_info=&#8220;{}&#8220;][et_pb_heading title=&#8220;Adria Alpina&#8220; _builder_version=&#8220;4.27.3&#8243; _module_preset=&#8220;default&#8220; title_level=&#8220;h4&#8243; global_colors_info=&#8220;{}&#8220;][\/et_pb_heading][et_pb_text _builder_version=&#8220;4.27.3&#8243; _module_preset=&#8220;default&#8220; global_colors_info=&#8220;{}&#8220;]<\/p>\n<ul>\n<li>Zimmer f\u00fcr bis zu 4 Personen.<\/li>\n<li>Fernsehen.<\/li>\n<li>Ausgestattet mit Kombi-Backofen und K\u00fchl-Gefrierkombination.<\/li>\n<li>Befindet sich auf Platz 345.<\/li>\n<\/ul>\n<p>[\/et_pb_text][et_pb_image src=&#8220;https:\/\/ebeltoftstrandcamping.dk\/wp-content\/uploads\/2025\/01\/fortelt-udefra-676&#215;400-1.jpg&#8220; title_text=&#8220;fortelt-udefra-676&#215;400&#8243; _builder_version=&#8220;4.27.4&#8243; _module_preset=&#8220;default&#8220; global_colors_info=&#8220;{}&#8220;][\/et_pb_image][et_pb_button button_url=&#8220;@ET-DC@eyJkeW5hbWljIjp0cnVlLCJjb250ZW50IjoicG9zdF9saW5rX3VybF9wYWdlIiwic2V0dGluZ3MiOnsicG9zdF9pZCI6IjEwMDAwMiIsImVuYWJsZV9odG1sIjoib2ZmIn19@&#8220; button_text=&#8220;Lesen Sie mehr dar\u00fcber&#8220; button_alignment=&#8220;center&#8220; _builder_version=&#8220;4.27.4&#8243; _dynamic_attributes=&#8220;button_url&#8220; _module_preset=&#8220;default&#8220; custom_button=&#8220;on&#8220; button_text_size=&#8220;16px&#8220; button_text_color=&#8220;#FFFFFF&#8220; button_bg_color=&#8220;gcid-64bcecb8-1e08-4484-8de3-a2058d1920a9&#8243; button_border_radius=&#8220;30px&#8220; global_colors_info=&#8220;{%22gcid-64bcecb8-1e08-4484-8de3-a2058d1920a9%22:%91%22button_bg_color%22%93}&#8220;][\/et_pb_button][\/et_pb_column][\/et_pb_row][et_pb_row _builder_version=&#8220;4.27.3&#8243; _module_preset=&#8220;default&#8220; global_colors_info=&#8220;{}&#8220;][et_pb_column type=&#8220;4_4&#8243; _builder_version=&#8220;4.27.3&#8243; _module_preset=&#8220;default&#8220; global_colors_info=&#8220;{}&#8220;][et_pb_heading title=&#8220;Cabby 720&#8243; _builder_version=&#8220;4.27.3&#8243; _module_preset=&#8220;default&#8220; title_level=&#8220;h4&#8243; global_colors_info=&#8220;{}&#8220;][\/et_pb_heading][et_pb_text _builder_version=&#8220;4.27.3&#8243; _module_preset=&#8220;default&#8220; global_colors_info=&#8220;{}&#8220;]<\/p>\n<ul>\n<li>Platz f\u00fcr bis zu 5 Personen.<\/li>\n<li>Sowohl Backofen als auch Geschirrsp\u00fcler.<\/li>\n<li>In der N\u00e4he des Servicegeb\u00e4udes.<\/li>\n<li>Befindet sich auf Platz 206.<\/li>\n<\/ul>\n<p>[\/et_pb_text][et_pb_image src=&#8220;https:\/\/ebeltoftstrandcamping.dk\/wp-content\/uploads\/2025\/01\/206.-676&#215;400-1.jpg&#8220; title_text=&#8220;206. 676&#215;400&#8243; _builder_version=&#8220;4.27.4&#8243; _module_preset=&#8220;default&#8220; global_colors_info=&#8220;{}&#8220;][\/et_pb_image][et_pb_button button_url=&#8220;@ET-DC@eyJkeW5hbWljIjp0cnVlLCJjb250ZW50IjoicG9zdF9saW5rX3VybF9wYWdlIiwic2V0dGluZ3MiOnsicG9zdF9pZCI6IjEwMDAwMCIsImVuYWJsZV9odG1sIjoib2ZmIn19@&#8220; button_text=&#8220;Lesen Sie mehr dar\u00fcber&#8220; button_alignment=&#8220;center&#8220; _builder_version=&#8220;4.27.4&#8243; _dynamic_attributes=&#8220;button_url&#8220; _module_preset=&#8220;default&#8220; custom_button=&#8220;on&#8220; button_text_size=&#8220;16px&#8220; button_text_color=&#8220;#FFFFFF&#8220; button_bg_color=&#8220;gcid-64bcecb8-1e08-4484-8de3-a2058d1920a9&#8243; button_border_radius=&#8220;30px&#8220; locked=&#8220;off&#8220; global_colors_info=&#8220;{%22gcid-64bcecb8-1e08-4484-8de3-a2058d1920a9%22:%91%22button_bg_color%22%93}&#8220;][\/et_pb_button][\/et_pb_column][\/et_pb_row][et_pb_row _builder_version=&#8220;4.27.3&#8243; _module_preset=&#8220;default&#8220; global_colors_info=&#8220;{}&#8220;][et_pb_column type=&#8220;4_4&#8243; _builder_version=&#8220;4.27.3&#8243; _module_preset=&#8220;default&#8220; global_colors_info=&#8220;{}&#8220;][et_pb_heading title=&#8220;Cabby 740+&#8220; _builder_version=&#8220;4.27.3&#8243; _module_preset=&#8220;default&#8220; title_level=&#8220;h4&#8243; global_colors_info=&#8220;{}&#8220;][\/et_pb_heading][et_pb_text _builder_version=&#8220;4.27.3&#8243; _module_preset=&#8220;default&#8220; global_colors_info=&#8220;{}&#8220;]<\/p>\n<ul>\n<li>Zimmer f\u00fcr bis zu 4 Personen.<\/li>\n<li>Backofen und K\u00fchlschrank mit Gefrierfach.<\/li>\n<li>Reichlich Platz im Vorzelt.<\/li>\n<li>Befindet sich auf Platz 207.<\/li>\n<\/ul>\n<p>[\/et_pb_text][et_pb_image src=&#8220;https:\/\/ebeltoftstrandcamping.dk\/wp-content\/uploads\/2025\/01\/cabby-207-676&#215;400-2.jpg&#8220; title_text=&#8220;cabby-207 676&#215;400&#8243; _builder_version=&#8220;4.27.4&#8243; _module_preset=&#8220;default&#8220; global_colors_info=&#8220;{}&#8220;][\/et_pb_image][et_pb_button button_url=&#8220;@ET-DC@eyJkeW5hbWljIjp0cnVlLCJjb250ZW50IjoicG9zdF9saW5rX3VybF9wYWdlIiwic2V0dGluZ3MiOnsicG9zdF9pZCI6IjEwMDAwMSIsImVuYWJsZV9odG1sIjoib2ZmIn19@&#8220; button_text=&#8220;Lesen Sie mehr dar\u00fcber&#8220; button_alignment=&#8220;center&#8220; _builder_version=&#8220;4.27.4&#8243; _dynamic_attributes=&#8220;button_url&#8220; _module_preset=&#8220;default&#8220; custom_button=&#8220;on&#8220; button_text_size=&#8220;16px&#8220; button_text_color=&#8220;#FFFFFF&#8220; button_bg_color=&#8220;gcid-64bcecb8-1e08-4484-8de3-a2058d1920a9&#8243; button_border_radius=&#8220;30px&#8220; locked=&#8220;off&#8220; global_colors_info=&#8220;{%22gcid-64bcecb8-1e08-4484-8de3-a2058d1920a9%22:%91%22button_bg_color%22%93}&#8220;][\/et_pb_button][\/et_pb_column][\/et_pb_row][\/et_pb_section][et_pb_section fb_built=&#8220;1&#8243; disabled_on=&#8220;on|on|on&#8220; _builder_version=&#8220;4.27.3&#8243; _module_preset=&#8220;default&#8220; background_color=&#8220;gcid-d70a5a6a-d90d-43f0-b48d-3d8f33a6130e&#8220; disabled=&#8220;on&#8220; global_colors_info=&#8220;{%22gcid-d70a5a6a-d90d-43f0-b48d-3d8f33a6130e%22:%91%22background_color%22%93}&#8220;][et_pb_row column_structure=&#8220;2_3,1_3&#8243; _builder_version=&#8220;4.27.3&#8243; _module_preset=&#8220;default&#8220; global_colors_info=&#8220;{}&#8220;][et_pb_column type=&#8220;2_3&#8243; _builder_version=&#8220;4.27.3&#8243; _module_preset=&#8220;default&#8220; global_colors_info=&#8220;{}&#8220;][et_pb_heading title=&#8220;Ja zu Ferien mit Extra-Luxus&#8220; _builder_version=&#8220;4.27.3&#8243; _module_preset=&#8220;default&#8220; title_level=&#8220;h4&#8243; global_colors_info=&#8220;{}&#8220;][\/et_pb_heading][et_pb_text _builder_version=&#8220;4.27.3&#8243; _module_preset=&#8220;default&#8220; global_colors_info=&#8220;{}&#8220;]<\/p>\n<p>Es ist nie sch\u00f6n, Kompromisse zu machen. Nicht einmal im Urlaub. Geben Sie sich also nicht mit einem primitiven Urlaub zufrieden, wenn das nicht das ist, wonach Sie suchen. Entscheiden Sie sich stattdessen f\u00fcr das, was Sie am liebsten m\u00f6gen &#8211; Komfort, Privatsph\u00e4re und praktische Einrichtungen, die Sie nicht mit anderen teilen m\u00fcssen. Das ist genau das, was Sie in unseren einladenden Campingh\u00fctten bekommen werden.    <\/p>\n<p>Wenn Sie in einem Zelt oder Wohnwagen \u00fcbernachten, werden Sie oft eines unserer Servicegeb\u00e4ude aufsuchen m\u00fcssen. Ob Sie nun kochen, die Toilette benutzen oder duschen m\u00fcssen. Es kann auch schwierig sein, die leidenschaftlichen Unterhaltungen Ihrer Nachbarn zu ignorieren, wenn Sie versuchen, unter der Zeltplane zu schlafen. Wenn Sie Privatsph\u00e4re bevorzugen, sind unsere Campingh\u00fctten die perfekte Wahl f\u00fcr Sie.   <\/p>\n<p>[\/et_pb_text][\/et_pb_column][et_pb_column type=&#8220;1_3&#8243; _builder_version=&#8220;4.27.3&#8243; _module_preset=&#8220;default&#8220; global_colors_info=&#8220;{}&#8220;][\/et_pb_column][\/et_pb_row][et_pb_row column_structure=&#8220;2_5,3_5&#8243; _builder_version=&#8220;4.27.3&#8243; _module_preset=&#8220;default&#8220; global_colors_info=&#8220;{}&#8220;][et_pb_column type=&#8220;2_5&#8243; _builder_version=&#8220;4.27.3&#8243; _module_preset=&#8220;default&#8220; global_colors_info=&#8220;{}&#8220;][et_pb_image src=&#8220;https:\/\/ebeltoftstrandcamping.dk\/wp-content\/uploads\/2024\/10\/900&#215;600.png&#8220; title_text=&#8220;900&#215;600&#8243; _builder_version=&#8220;4.27.3&#8243; _module_preset=&#8220;default&#8220; global_colors_info=&#8220;{}&#8220;][\/et_pb_image][\/et_pb_column][et_pb_column type=&#8220;3_5&#8243; _builder_version=&#8220;4.27.3&#8243; _module_preset=&#8220;default&#8220; global_colors_info=&#8220;{}&#8220;][et_pb_heading title=&#8220;Alle Einrichtungen, die Sie ben\u00f6tigen&#8220; _builder_version=&#8220;4.27.3&#8243; _module_preset=&#8220;default&#8220; title_level=&#8220;h4&#8243; global_colors_info=&#8220;{}&#8220;][\/et_pb_heading][et_pb_text _builder_version=&#8220;4.27.3&#8243; _module_preset=&#8220;default&#8220; global_colors_info=&#8220;{}&#8220;]<\/p>\n<p>In unseren Campingh\u00fctten wird es Ihnen an nichts fehlen. Es gibt eine eigene Dusche, eine K\u00fcche und ein Sofa, auf dem Sie sich nach einem langen Tag im Pool oder auf der Stra\u00dfe entspannen k\u00f6nnen. Nat\u00fcrlich ist die K\u00fcche mit einer Kaffeemaschine ausgestattet, so dass Sie Ihren Tag immer mit einer hei\u00dfen Tasse Kaffee in der Hand beginnen k\u00f6nnen.  <\/p>\n<p>In unseren Campingh\u00fctten finden Sie unter anderem diese Einrichtungen:<\/p>\n<ul>\n<li>Badezimmer mit Toilette und Dusche<\/li>\n<li>K\u00fcche mit K\u00fchlschrank, Gefrierschrank, Backofen und Kochfeld<\/li>\n<li>Separate(s) Schlafzimmer<\/li>\n<li>Loft mit Schlafgelegenheit<\/li>\n<li>\u00dcberdachte Terrasse.<\/li>\n<\/ul>\n<p>[\/et_pb_text][\/et_pb_column][\/et_pb_row][et_pb_row column_structure=&#8220;2_3,1_3&#8243; _builder_version=&#8220;4.27.3&#8243; _module_preset=&#8220;default&#8220; global_colors_info=&#8220;{}&#8220;][et_pb_column type=&#8220;2_3&#8243; _builder_version=&#8220;4.27.3&#8243; _module_preset=&#8220;default&#8220; global_colors_info=&#8220;{}&#8220;][et_pb_heading title=&#8220;Gem\u00fctliche Campingh\u00fctten f\u00fcr die ganze Familie&#8220; _builder_version=&#8220;4.27.3&#8243; _module_preset=&#8220;default&#8220; title_level=&#8220;h4&#8243; global_colors_info=&#8220;{}&#8220;][\/et_pb_heading][et_pb_text _builder_version=&#8220;4.27.3&#8243; _module_preset=&#8220;default&#8220; global_colors_info=&#8220;{}&#8220;]<\/p>\n<p>Bei der Renovierung unserer H\u00fctten hatten wir vor allem einen brennenden Wunsch. Dass Sie die T\u00fcren \u00f6ffnen und sich sofort wie zu Hause f\u00fchlen. So, dass sich Ihr Herzschlag sofort verlangsamt und Sie die Ruhe des Urlaubs auf sich wirken lassen k\u00f6nnen.  <\/p>\n<p>Die H\u00fctten sind gem\u00fctlich und komfortabel. Sie sind alle in einem einfachen und einladenden Stil eingerichtet, so dass sich die meisten Menschen willkommen f\u00fchlen werden. Die Urlaubsidylle breitet sich besonders aus, wenn Sie die sch\u00f6nen Holzm\u00f6bel, Korbm\u00f6bel und holzget\u00e4felten W\u00e4nde sehen. Ferienhausatmosph\u00e4re pur &#8211; auf nur 25 Quadratmetern.   <\/p>\n<p>Vor den Campingh\u00fctten k\u00f6nnen Sie die lauen Sommerabende mit Ihren Liebsten genie\u00dfen. Braten Sie Steaks auf dem Grill und genie\u00dfen Sie ein gem\u00fctliches Abendessen am Gartentisch. Oder unterhalten Sie sich bis sp\u00e4t in den Abend, w\u00e4hrend die Sonne am Horizont untergeht.  <\/p>\n<p>[\/et_pb_text][\/et_pb_column][et_pb_column type=&#8220;1_3&#8243; _builder_version=&#8220;4.27.3&#8243; _module_preset=&#8220;default&#8220; global_colors_info=&#8220;{}&#8220;][\/et_pb_column][\/et_pb_row][\/et_pb_section][et_pb_section fb_built=&#8220;1&#8243; disabled_on=&#8220;on|on|on&#8220; _builder_version=&#8220;4.27.3&#8243; _module_preset=&#8220;default&#8220; disabled=&#8220;on&#8220; global_colors_info=&#8220;{}&#8220;][et_pb_row column_structure=&#8220;2_5,3_5&#8243; _builder_version=&#8220;4.27.3&#8243; _module_preset=&#8220;default&#8220; global_colors_info=&#8220;{}&#8220;][et_pb_column type=&#8220;2_5&#8243; _builder_version=&#8220;4.27.3&#8243; _module_preset=&#8220;default&#8220; global_colors_info=&#8220;{}&#8220;][et_pb_image src=&#8220;https:\/\/ebeltoftstrandcamping.dk\/wp-content\/uploads\/2024\/10\/900&#215;600.png&#8220; title_text=&#8220;900&#215;600&#8243; _builder_version=&#8220;4.27.3&#8243; _module_preset=&#8220;default&#8220; global_colors_info=&#8220;{}&#8220;][\/et_pb_image][\/et_pb_column][et_pb_column type=&#8220;3_5&#8243; _builder_version=&#8220;4.27.3&#8243; _module_preset=&#8220;default&#8220; global_colors_info=&#8220;{}&#8220;][et_pb_heading title=&#8220;10 Kabinen zur Auswahl&#8220; _builder_version=&#8220;4.27.3&#8243; _module_preset=&#8220;default&#8220; title_level=&#8220;h4&#8243; global_colors_info=&#8220;{}&#8220;][\/et_pb_heading][et_pb_text _builder_version=&#8220;4.27.3&#8243; _module_preset=&#8220;default&#8220; global_colors_info=&#8220;{}&#8220;]<\/p>\n<p>Overvejer I at bes\u00f8ge \u00e9n af hytterne p\u00e5 Ebeltoft Strand Camping? S\u00e5 kom hurtigt ude af starthullerne \u2013 vi har nemlig kun 10 hytter p\u00e5 pladsen, som der altid er rift om.<\/p>\n<p>I kan frit v\u00e6lge mellem f\u00f8lgende campinghytter:<\/p>\n<ul>\n<li><a href=\"https:\/\/ebeltoftstrandcamping.dk\/hytter\/skagen-hytten\/\">SKAGEN<\/a>: 25 kvm, plads til 6 personer, sovesofa i stuen<\/li>\n<li><a href=\"https:\/\/ebeltoftstrandcamping.dk\/hytter\/grena-hytten\/\">GREN\u00c5<\/a>: 25 kvm, plads til 6 personer, sovesofa i stuen<\/li>\n<li><a href=\"https:\/\/ebeltoftstrandcamping.dk\/hytter\/ebeltoft-hytten\/\">EBELTOFT<\/a>: 25 kvm, plads til 6 personer, flere soverum med dobbeltsenge.<\/li>\n<\/ul>\n<p>Overvej derfor n\u00f8je, hvilken hytte der passer bedst til jer. Holder I ferie med et eller flere vennepar, vil vi anbefale hytten EBELTOFT. Her er alle sovepladser p\u00e5 hemsen eller i separate v\u00e6relser, s\u00e5 ingen beh\u00f8ver at sove i stuen.<\/p>\n<p>Bem\u00e6rk, at hunde er tilladt i samtlige hytter. Det er dog ikke tilladt at ryge.<\/p>\n<p>[\/et_pb_text][\/et_pb_column][\/et_pb_row][et_pb_row column_structure=&#8220;2_3,1_3&#8243; _builder_version=&#8220;4.27.3&#8243; _module_preset=&#8220;default&#8220; global_colors_info=&#8220;{}&#8220;][et_pb_column type=&#8220;2_3&#8243; _builder_version=&#8220;4.27.3&#8243; _module_preset=&#8220;default&#8220; global_colors_info=&#8220;{}&#8220;][et_pb_heading title=&#8220;Genie\u00dfen Sie Ihren Urlaub in einer Campingh\u00fctte auf Ebeltoft Strand Camping&#8220; _builder_version=&#8220;4.27.3&#8243; _module_preset=&#8220;default&#8220; title_level=&#8220;h4&#8243; global_colors_info=&#8220;{}&#8220; title__hover_enabled=&#8220;off|desktop&#8220;][\/et_pb_heading][et_pb_text _builder_version=&#8220;4.27.3&#8243; _module_preset=&#8220;default&#8220; global_colors_info=&#8220;{}&#8220;]<\/p>\n<p>Familienausflug, Freundinnenausflug oder gem\u00fctliche Zeit mit Freunden? In unseren Campingh\u00fctten ist f\u00fcr alles Platz. Wir haben das ganze Jahr \u00fcber ge\u00f6ffnet. Sie k\u00f6nnen also frei w\u00e4hlen, ob Sie uns w\u00e4hrend der sommerlichen Hitzewelle (und Regenschauer) oder der herbstlichen Ruhe besuchen m\u00f6chten. Bitte beachten Sie, dass das Schwimmbad nur von Pfingsten bis zum letzten Wochenende im August ge\u00f6ffnet ist.   <\/p>\n<p>Auf Ebeltoft Strand Camping erwartet Sie ein Urlaub der besonderen Art. Wir haben die perfekte Umgebung f\u00fcr herrliche Strandausfl\u00fcge, lustige Stunden auf dem Campingplatz und gem\u00fctliche Ausfl\u00fcge in Djursland. <\/p>\n<p>Sie k\u00f6nnen unter anderem besuchen:<\/p>\n<ul>\n<li>Ebeltoft C (1 km von hier)<\/li>\n<li>Djurs Sommerland<\/li>\n<li>Ree Park Safari<\/li>\n<li>Skandinavischer Wildtierpark<\/li>\n<li>Mols Bjerge National Park.<\/li>\n<\/ul>\n<p>Wenn Sie den Tag auf dem Campingplatz verbringen, k\u00f6nnen Sie den gro\u00dfen Spielplatz, das sch\u00f6ne Schwimmbad oder den 18-Loch-Minigolfplatz nutzen.<\/p>\n<p>[\/et_pb_text][\/et_pb_column][et_pb_column type=&#8220;1_3&#8243; _builder_version=&#8220;4.27.3&#8243; _module_preset=&#8220;default&#8220; global_colors_info=&#8220;{}&#8220;][\/et_pb_column][\/et_pb_row][\/et_pb_section]<\/p>\n","protected":false},"excerpt":{"rendered":"<p>Wohnwagen mietenWillkommen zu einem einzigartigen Campingerlebnis auf Ebeltoft Strand Camping! Unsere Mietwohnwagen sind die perfekte Wahl f\u00fcr alle, die eine Kombination aus Komfort, Natur und Bequemlichkeit suchen. Die gem\u00fctlichen Wohnwagen sind komplett ausgestattet und bereit, Ihren Urlaub in Szene zu setzen &#8211; egal ob Sie als Paar, Familie oder eine kleine Gruppe von Freunden kommen. [&hellip;]<\/p>\n","protected":false},"author":1,"featured_media":0,"parent":0,"menu_order":0,"comment_status":"closed","ping_status":"closed","template":"","meta":{"_et_pb_use_builder":"on","_et_pb_old_content":"","_et_gb_content_width":"","footnotes":""},"folder":[],"class_list":["post-102603","page","type-page","status-publish","hentry"],"yoast_head":"<!-- This site is optimized with the Yoast SEO plugin v27.4 - https:\/\/yoast.com\/product\/yoast-seo-wordpress\/ -->\n<title>Wohnwagen mieten in J\u00fctland | Komfortabel wohnen auf Ebeltoft Strand Camping<\/title>\n<meta name=\"description\" content=\"Mieten Sie einen voll ausgestatteten Wohnwagen in J\u00fctland auf Ebeltoft Strand Camping. Die Wohnwagen bieten Platz f\u00fcr die ganze Familie und verf\u00fcgen \u00fcber eine K\u00fcche, eine Toilette und ein Vorzelt - bereit f\u00fcr Ihren Urlaub!\" \/>\n<meta name=\"robots\" content=\"index, follow, max-snippet:-1, max-image-preview:large, max-video-preview:-1\" \/>\n<link rel=\"canonical\" href=\"https:\/\/ebeltoftstrandcamping.dk\/de\/mietautos\/\" \/>\n<meta property=\"og:locale\" content=\"de_DE\" \/>\n<meta property=\"og:type\" content=\"article\" \/>\n<meta property=\"og:title\" content=\"Wohnwagen mieten in J\u00fctland | Komfortabel wohnen auf Ebeltoft Strand Camping\" \/>\n<meta property=\"og:description\" content=\"Mieten Sie einen voll ausgestatteten Wohnwagen in J\u00fctland auf Ebeltoft Strand Camping. Die Wohnwagen bieten Platz f\u00fcr die ganze Familie und verf\u00fcgen \u00fcber eine K\u00fcche, eine Toilette und ein Vorzelt - bereit f\u00fcr Ihren Urlaub!\" \/>\n<meta property=\"og:url\" content=\"https:\/\/ebeltoftstrandcamping.dk\/de\/mietautos\/\" \/>\n<meta property=\"og:site_name\" content=\"Ebeltoft Strand Camping\" \/>\n<meta property=\"article:publisher\" content=\"https:\/\/www.facebook.com\/ebeltoftstrandcamping\" \/>\n<meta property=\"article:modified_time\" content=\"2025-04-06T18:34:16+00:00\" \/>\n<meta property=\"og:image\" content=\"https:\/\/ebeltoftstrandcamping.dk\/wp-content\/uploads\/2025\/01\/Ebeltoft-360-px-high.png\" \/>\n\t<meta property=\"og:image:width\" content=\"1285\" \/>\n\t<meta property=\"og:image:height\" content=\"360\" \/>\n\t<meta property=\"og:image:type\" content=\"image\/png\" \/>\n<meta name=\"twitter:card\" content=\"summary_large_image\" \/>\n<meta name=\"twitter:label1\" content=\"Gesch\u00e4tzte Lesezeit\" \/>\n\t<meta name=\"twitter:data1\" content=\"17\u00a0Minuten\" \/>\n<script type=\"application\/ld+json\" class=\"yoast-schema-graph\">{\"@context\":\"https:\\\/\\\/schema.org\",\"@graph\":[{\"@type\":\"WebPage\",\"@id\":\"https:\\\/\\\/ebeltoftstrandcamping.dk\\\/de\\\/mietautos\\\/\",\"url\":\"https:\\\/\\\/ebeltoftstrandcamping.dk\\\/de\\\/mietautos\\\/\",\"name\":\"Wohnwagen mieten in J\u00fctland | Komfortabel wohnen auf Ebeltoft Strand Camping\",\"isPartOf\":{\"@id\":\"https:\\\/\\\/ebeltoftstrandcamping.dk\\\/de\\\/#website\"},\"datePublished\":\"2024-11-17T13:21:59+00:00\",\"dateModified\":\"2025-04-06T18:34:16+00:00\",\"description\":\"Mieten Sie einen voll ausgestatteten Wohnwagen in J\u00fctland auf Ebeltoft Strand Camping. Die Wohnwagen bieten Platz f\u00fcr die ganze Familie und verf\u00fcgen \u00fcber eine K\u00fcche, eine Toilette und ein Vorzelt - bereit f\u00fcr Ihren Urlaub!\",\"breadcrumb\":{\"@id\":\"https:\\\/\\\/ebeltoftstrandcamping.dk\\\/de\\\/mietautos\\\/#breadcrumb\"},\"inLanguage\":\"de\",\"potentialAction\":[{\"@type\":\"ReadAction\",\"target\":[\"https:\\\/\\\/ebeltoftstrandcamping.dk\\\/de\\\/mietautos\\\/\"]}]},{\"@type\":\"BreadcrumbList\",\"@id\":\"https:\\\/\\\/ebeltoftstrandcamping.dk\\\/de\\\/mietautos\\\/#breadcrumb\",\"itemListElement\":[{\"@type\":\"ListItem\",\"position\":1,\"name\":\"Home\",\"item\":\"https:\\\/\\\/ebeltoftstrandcamping.dk\\\/de\\\/startseite\\\/\"},{\"@type\":\"ListItem\",\"position\":2,\"name\":\"Mietautos\"}]},{\"@type\":\"WebSite\",\"@id\":\"https:\\\/\\\/ebeltoftstrandcamping.dk\\\/de\\\/#website\",\"url\":\"https:\\\/\\\/ebeltoftstrandcamping.dk\\\/de\\\/\",\"name\":\"Ebeltoft Strand Camping\",\"description\":\"Din n\u00e6ste campingferie\",\"publisher\":{\"@id\":\"https:\\\/\\\/ebeltoftstrandcamping.dk\\\/de\\\/#organization\"},\"potentialAction\":[{\"@type\":\"SearchAction\",\"target\":{\"@type\":\"EntryPoint\",\"urlTemplate\":\"https:\\\/\\\/ebeltoftstrandcamping.dk\\\/de\\\/?s={search_term_string}\"},\"query-input\":{\"@type\":\"PropertyValueSpecification\",\"valueRequired\":true,\"valueName\":\"search_term_string\"}}],\"inLanguage\":\"de\"},{\"@type\":\"Organization\",\"@id\":\"https:\\\/\\\/ebeltoftstrandcamping.dk\\\/de\\\/#organization\",\"name\":\"Ebeltoft Strand Camping\",\"url\":\"https:\\\/\\\/ebeltoftstrandcamping.dk\\\/de\\\/\",\"logo\":{\"@type\":\"ImageObject\",\"inLanguage\":\"de\",\"@id\":\"https:\\\/\\\/ebeltoftstrandcamping.dk\\\/de\\\/#\\\/schema\\\/logo\\\/image\\\/\",\"url\":\"https:\\\/\\\/ebeltoftstrandcamping.dk\\\/wp-content\\\/uploads\\\/2025\\\/01\\\/Ebeltoft-360-px-high.png\",\"contentUrl\":\"https:\\\/\\\/ebeltoftstrandcamping.dk\\\/wp-content\\\/uploads\\\/2025\\\/01\\\/Ebeltoft-360-px-high.png\",\"width\":1285,\"height\":360,\"caption\":\"Ebeltoft Strand Camping\"},\"image\":{\"@id\":\"https:\\\/\\\/ebeltoftstrandcamping.dk\\\/de\\\/#\\\/schema\\\/logo\\\/image\\\/\"},\"sameAs\":[\"https:\\\/\\\/www.facebook.com\\\/ebeltoftstrandcamping\",\"https:\\\/\\\/www.instagram.com\\\/ebeltoftstrandcamping\\\/\"]}]}<\/script>\n<!-- \/ Yoast SEO plugin. -->","yoast_head_json":{"title":"Wohnwagen mieten in J\u00fctland | Komfortabel wohnen auf Ebeltoft Strand Camping","description":"Mieten Sie einen voll ausgestatteten Wohnwagen in J\u00fctland auf Ebeltoft Strand Camping. Die Wohnwagen bieten Platz f\u00fcr die ganze Familie und verf\u00fcgen \u00fcber eine K\u00fcche, eine Toilette und ein Vorzelt - bereit f\u00fcr Ihren Urlaub!","robots":{"index":"index","follow":"follow","max-snippet":"max-snippet:-1","max-image-preview":"max-image-preview:large","max-video-preview":"max-video-preview:-1"},"canonical":"https:\/\/ebeltoftstrandcamping.dk\/de\/mietautos\/","og_locale":"de_DE","og_type":"article","og_title":"Wohnwagen mieten in J\u00fctland | Komfortabel wohnen auf Ebeltoft Strand Camping","og_description":"Mieten Sie einen voll ausgestatteten Wohnwagen in J\u00fctland auf Ebeltoft Strand Camping. Die Wohnwagen bieten Platz f\u00fcr die ganze Familie und verf\u00fcgen \u00fcber eine K\u00fcche, eine Toilette und ein Vorzelt - bereit f\u00fcr Ihren Urlaub!","og_url":"https:\/\/ebeltoftstrandcamping.dk\/de\/mietautos\/","og_site_name":"Ebeltoft Strand Camping","article_publisher":"https:\/\/www.facebook.com\/ebeltoftstrandcamping","article_modified_time":"2025-04-06T18:34:16+00:00","og_image":[{"width":1285,"height":360,"url":"https:\/\/ebeltoftstrandcamping.dk\/wp-content\/uploads\/2025\/01\/Ebeltoft-360-px-high.png","type":"image\/png"}],"twitter_card":"summary_large_image","twitter_misc":{"Gesch\u00e4tzte Lesezeit":"17\u00a0Minuten"},"schema":{"@context":"https:\/\/schema.org","@graph":[{"@type":"WebPage","@id":"https:\/\/ebeltoftstrandcamping.dk\/de\/mietautos\/","url":"https:\/\/ebeltoftstrandcamping.dk\/de\/mietautos\/","name":"Wohnwagen mieten in J\u00fctland | Komfortabel wohnen auf Ebeltoft Strand Camping","isPartOf":{"@id":"https:\/\/ebeltoftstrandcamping.dk\/de\/#website"},"datePublished":"2024-11-17T13:21:59+00:00","dateModified":"2025-04-06T18:34:16+00:00","description":"Mieten Sie einen voll ausgestatteten Wohnwagen in J\u00fctland auf Ebeltoft Strand Camping. Die Wohnwagen bieten Platz f\u00fcr die ganze Familie und verf\u00fcgen \u00fcber eine K\u00fcche, eine Toilette und ein Vorzelt - bereit f\u00fcr Ihren Urlaub!","breadcrumb":{"@id":"https:\/\/ebeltoftstrandcamping.dk\/de\/mietautos\/#breadcrumb"},"inLanguage":"de","potentialAction":[{"@type":"ReadAction","target":["https:\/\/ebeltoftstrandcamping.dk\/de\/mietautos\/"]}]},{"@type":"BreadcrumbList","@id":"https:\/\/ebeltoftstrandcamping.dk\/de\/mietautos\/#breadcrumb","itemListElement":[{"@type":"ListItem","position":1,"name":"Home","item":"https:\/\/ebeltoftstrandcamping.dk\/de\/startseite\/"},{"@type":"ListItem","position":2,"name":"Mietautos"}]},{"@type":"WebSite","@id":"https:\/\/ebeltoftstrandcamping.dk\/de\/#website","url":"https:\/\/ebeltoftstrandcamping.dk\/de\/","name":"Ebeltoft Strand Camping","description":"Din n\u00e6ste campingferie","publisher":{"@id":"https:\/\/ebeltoftstrandcamping.dk\/de\/#organization"},"potentialAction":[{"@type":"SearchAction","target":{"@type":"EntryPoint","urlTemplate":"https:\/\/ebeltoftstrandcamping.dk\/de\/?s={search_term_string}"},"query-input":{"@type":"PropertyValueSpecification","valueRequired":true,"valueName":"search_term_string"}}],"inLanguage":"de"},{"@type":"Organization","@id":"https:\/\/ebeltoftstrandcamping.dk\/de\/#organization","name":"Ebeltoft Strand Camping","url":"https:\/\/ebeltoftstrandcamping.dk\/de\/","logo":{"@type":"ImageObject","inLanguage":"de","@id":"https:\/\/ebeltoftstrandcamping.dk\/de\/#\/schema\/logo\/image\/","url":"https:\/\/ebeltoftstrandcamping.dk\/wp-content\/uploads\/2025\/01\/Ebeltoft-360-px-high.png","contentUrl":"https:\/\/ebeltoftstrandcamping.dk\/wp-content\/uploads\/2025\/01\/Ebeltoft-360-px-high.png","width":1285,"height":360,"caption":"Ebeltoft Strand Camping"},"image":{"@id":"https:\/\/ebeltoftstrandcamping.dk\/de\/#\/schema\/logo\/image\/"},"sameAs":["https:\/\/www.facebook.com\/ebeltoftstrandcamping","https:\/\/www.instagram.com\/ebeltoftstrandcamping\/"]}]}},"_links":{"self":[{"href":"https:\/\/ebeltoftstrandcamping.dk\/de\/wp-json\/wp\/v2\/pages\/102603","targetHints":{"allow":["GET"]}}],"collection":[{"href":"https:\/\/ebeltoftstrandcamping.dk\/de\/wp-json\/wp\/v2\/pages"}],"about":[{"href":"https:\/\/ebeltoftstrandcamping.dk\/de\/wp-json\/wp\/v2\/types\/page"}],"author":[{"embeddable":true,"href":"https:\/\/ebeltoftstrandcamping.dk\/de\/wp-json\/wp\/v2\/users\/1"}],"replies":[{"embeddable":true,"href":"https:\/\/ebeltoftstrandcamping.dk\/de\/wp-json\/wp\/v2\/comments?post=102603"}],"version-history":[{"count":2,"href":"https:\/\/ebeltoftstrandcamping.dk\/de\/wp-json\/wp\/v2\/pages\/102603\/revisions"}],"predecessor-version":[{"id":102613,"href":"https:\/\/ebeltoftstrandcamping.dk\/de\/wp-json\/wp\/v2\/pages\/102603\/revisions\/102613"}],"wp:attachment":[{"href":"https:\/\/ebeltoftstrandcamping.dk\/de\/wp-json\/wp\/v2\/media?parent=102603"}],"wp:term":[{"taxonomy":"folder","embeddable":true,"href":"https:\/\/ebeltoftstrandcamping.dk\/de\/wp-json\/wp\/v2\/folder?post=102603"}],"curies":[{"name":"wp","href":"https:\/\/api.w.org\/{rel}","templated":true}]}}