{"id":102530,"date":"2024-11-17T14:28:30","date_gmt":"2024-11-17T13:28:30","guid":{"rendered":"https:\/\/ebeltoftstrandcamping.dk\/adria-s-345\/"},"modified":"2025-12-15T13:08:33","modified_gmt":"2025-12-15T12:08:33","slug":"adria-s-345","status":"publish","type":"page","link":"https:\/\/ebeltoftstrandcamping.dk\/de\/mietautos\/adria-s-345\/","title":{"rendered":"Adria S. 345"},"content":{"rendered":"<p>[et_pb_section fb_built=&#8220;1&#8243; _builder_version=&#8220;4.27.4&#8243; _module_preset=&#8220;default&#8220; use_background_color_gradient=&#8220;on&#8220; background_color_gradient_direction=&#8220;45deg&#8220; background_color_gradient_stops=&#8220;rgba(0,0,0,0.6) 0%|rgba(0,0,0,0.6) 100%&#8220; background_color_gradient_overlays_image=&#8220;on&#8220; background_image=&#8220;https:\/\/ebeltoftstrandcamping.dk\/wp-content\/uploads\/2025\/01\/forfra-med-fortelt-1920&#215;840-1.jpg&#8220; height=&#8220;400px&#8220; height_tablet=&#8220;350px&#8220; height_phone=&#8220;350px&#8220; height_last_edited=&#8220;on|phone&#8220; global_colors_info=&#8220;{}&#8220;][et_pb_row _builder_version=&#8220;4.17.3&#8243; _module_preset=&#8220;default&#8220; custom_padding=&#8220;||0px||false|false&#8220; global_colors_info=&#8220;{}&#8220;][et_pb_column type=&#8220;4_4&#8243; _builder_version=&#8220;4.17.3&#8243; _module_preset=&#8220;default&#8220; global_colors_info=&#8220;{}&#8220;][et_pb_text _builder_version=&#8220;4.27.3&#8243; _module_preset=&#8220;default&#8220; header_font=&#8220;||||||||&#8220; header_text_color=&#8220;#FFFFFF&#8220; header_2_text_color=&#8220;#FFFFFF&#8220; custom_margin=&#8220;||0px||false|false&#8220; border_color_all=&#8220;gcid-7ce7b00a-a0f7-4559-8af2-0adef5afd391&#8243; global_colors_info=&#8220;{%22gcid-7ce7b00a-a0f7-4559-8af2-0adef5afd391%22:%91%22border_color_all%22%93}&#8220;]<\/p>\n<h1>Adria &#8211; S. 345<\/h1>\n<p>[\/et_pb_text][\/et_pb_column][\/et_pb_row][et_pb_row _builder_version=&#8220;4.17.3&#8243; _module_preset=&#8220;default&#8220; custom_padding=&#8220;0px||||false|false&#8220; global_colors_info=&#8220;{}&#8220;][et_pb_column type=&#8220;4_4&#8243; _builder_version=&#8220;4.17.3&#8243; _module_preset=&#8220;default&#8220; global_colors_info=&#8220;{}&#8220;][et_pb_divider color=&#8220;gcid-7ce7b00a-a0f7-4559-8af2-0adef5afd391&#8243; _builder_version=&#8220;4.17.3&#8243; _module_preset=&#8220;default&#8220; height=&#8220;0px&#8220; custom_margin=&#8220;||0px||false|false&#8220; custom_padding=&#8220;||||false|false&#8220; global_colors_info=&#8220;{%22gcid-7ce7b00a-a0f7-4559-8af2-0adef5afd391%22:%91%22border_color_right%22,%22color%22%93}&#8220;][\/et_pb_divider][et_pb_divider show_divider=&#8220;off&#8220; admin_label=&#8220;Point right bottom&#8220; module_class=&#8220;dot-right-bottom sub-page-dot&#8220; _builder_version=&#8220;4.17.3&#8243; _module_preset=&#8220;default&#8220; height=&#8220;25px&#8220; border_width_right=&#8220;1px&#8220; border_color_right=&#8220;gcid-7ce7b00a-a0f7-4559-8af2-0adef5afd391&#8243; global_colors_info=&#8220;{%22gcid-7ce7b00a-a0f7-4559-8af2-0adef5afd391%22:%91%22border_color_right%22%93}&#8220;][\/et_pb_divider][\/et_pb_column][\/et_pb_row][\/et_pb_section][et_pb_section fb_built=&#8220;1&#8243; specialty=&#8220;on&#8220; _builder_version=&#8220;4.27.3&#8243; _module_preset=&#8220;default&#8220; global_colors_info=&#8220;{}&#8220;][et_pb_column type=&#8220;1_4&#8243; _builder_version=&#8220;4.16&#8243; custom_padding=&#8220;|||&#8220; global_colors_info=&#8220;{}&#8220; custom_padding__hover=&#8220;|||&#8220;][et_pb_text _builder_version=&#8220;4.27.3&#8243; _module_preset=&#8220;default&#8220; background_color=&#8220;RGBA(255,255,255,0)&#8220; custom_padding=&#8220;15px|15px|15px|15px|true|true&#8220; border_radii=&#8220;on|10px|10px|10px|10px&#8220; border_width_all=&#8220;2px&#8220; border_color_all=&#8220;gcid-64bcecb8-1e08-4484-8de3-a2058d1920a9&#8243; box_shadow_style=&#8220;preset1&#8243; global_colors_info=&#8220;{%22gcid-64bcecb8-1e08-4484-8de3-a2058d1920a9%22:%91%22border_color_all%22%93,%22gcid-8cdd7364-22cd-4d4b-ae3f-fa8902efe9ab%22:%91%22background_color%22%93}&#8220;]<\/p>\n<h4>Toiletten<\/h4>\n<ul>\n<li>Toiletten<\/li>\n<\/ul>\n<h4>Ausstattung der K\u00fcche<\/h4>\n<ul>\n<li>Service f\u00fcr 4 Personen<\/li>\n<li>K\u00fchlschrank mit Gefrierfach<\/li>\n<li>3 Gasbrenner<\/li>\n<li>Kleiner Combi-Ofen<\/li>\n<li>Kaffeemaschine + Wasserkocher<\/li>\n<\/ul>\n<h4>Wohnbereich im Wohnwagen<\/h4>\n<ul>\n<li>2 Einzelbetten<\/li>\n<li>Waschbecken und Spiegel<\/li>\n<li>Runder Sitzbereich\/Bett f\u00fcr zwei Personen<\/li>\n<li>Bettdecken und Kopfkissen f\u00fcr 4 Personen<\/li>\n<li>Platz in den Schr\u00e4nken<\/li>\n<\/ul>\n<h4>Markise<\/h4>\n<ul>\n<li>Tisch und St\u00fchle f\u00fcr 4 Personen<\/li>\n<li>Beleuchtung<\/li>\n<li>Grill<\/li>\n<\/ul>\n<h4>Au\u00dfenbereich<\/h4>\n<ul>\n<li>Tisch und St\u00fchle<\/li>\n<\/ul>\n<p><em>RAUCHEN NICHT ERLAUBT<br \/>HUNDE NICHT ERLAUBT<\/em><\/p>\n<p><em><\/em><\/p>\n<h5>Ankunft nach 15:00 Uhr. Abreise nicht sp\u00e4ter als 10:00 Uhr. <\/h5>\n<p>[\/et_pb_text][\/et_pb_column][et_pb_column type=&#8220;3_4&#8243; specialty_columns=&#8220;3&#8243; _builder_version=&#8220;4.16&#8243; custom_padding=&#8220;|||&#8220; global_colors_info=&#8220;{}&#8220; custom_padding__hover=&#8220;|||&#8220;][et_pb_row_inner _builder_version=&#8220;4.27.3&#8243; _module_preset=&#8220;default&#8220; locked=&#8220;off&#8220; global_colors_info=&#8220;{}&#8220;][et_pb_column_inner saved_specialty_column_type=&#8220;3_4&#8243; _builder_version=&#8220;4.27.3&#8243; _module_preset=&#8220;default&#8220; global_colors_info=&#8220;{}&#8220;][et_pb_gallery gallery_ids=&#8220;101780,101786,101789,103774&#8243; fullwidth=&#8220;on&#8220; _builder_version=&#8220;4.27.4&#8243; _module_preset=&#8220;default&#8220; auto=&#8220;on&#8220; auto_speed=&#8220;4000&#8243; box_shadow_style=&#8220;preset1&#8243; global_colors_info=&#8220;{}&#8220;][\/et_pb_gallery][et_pb_button button_url=&#8220;https:\/\/booking.ebeltoftstrandcamping.dk\/daybooking\/product?cId=337&amp;lc=de&amp;wid=1&amp;pid=7688&#8243; button_text=&#8220;LESEN SIE MEHR&#8220; button_alignment=&#8220;center&#8220; _builder_version=&#8220;4.27.4&#8243; _dynamic_attributes=&#8220;button_url&#8220; _module_preset=&#8220;default&#8220; custom_button=&#8220;on&#8220; button_text_size=&#8220;16px&#8220; button_text_color=&#8220;#FFFFFF&#8220; button_bg_color=&#8220;gcid-64bcecb8-1e08-4484-8de3-a2058d1920a9&#8243; button_border_radius=&#8220;30px&#8220; transform_scale_tablet=&#8220;&#8220; transform_scale_phone=&#8220;&#8220; transform_scale_last_edited=&#8220;on|desktop&#8220; transform_scale_linked=&#8220;off&#8220; transform_translate=&#8220;0px|-230%&#8220; transform_translate_tablet=&#8220;0px|-220%&#8220; transform_translate_phone=&#8220;0px|-200%&#8220; transform_translate_last_edited=&#8220;on|tablet&#8220; transform_translate_linked=&#8220;off&#8220; transform_rotate_tablet=&#8220;&#8220; transform_rotate_phone=&#8220;&#8220; transform_rotate_last_edited=&#8220;on|desktop&#8220; transform_skew_tablet=&#8220;&#8220; transform_skew_phone=&#8220;&#8220; transform_skew_last_edited=&#8220;on|desktop&#8220; transform_origin_tablet=&#8220;&#8220; transform_origin_phone=&#8220;&#8220; transform_origin_last_edited=&#8220;on|desktop&#8220; transform_styles_last_edited=&#8220;on|tablet&#8220; z_index=&#8220;500&#8243; hover_enabled=&#8220;0&#8243; transform_styles_tablet=&#8220;&#8220; transform_styles_phone=&#8220;&#8220; global_module=&#8220;100366&#8243; saved_tabs=&#8220;all&#8220; global_colors_info=&#8220;{%22gcid-64bcecb8-1e08-4484-8de3-a2058d1920a9%22:%91%22button_bg_color%22%93}&#8220; sticky_enabled=&#8220;0&#8243;][\/et_pb_button][et_pb_slider _builder_version=&#8220;4.27.4&#8243; _module_preset=&#8220;default&#8220; header_text_color=&#8220;#000000&#8243; body_text_color=&#8220;#212121&#8243; background_color=&#8220;RGBA(255,255,255,0)&#8220; custom_margin=&#8220;||||false|false&#8220; custom_padding=&#8220;10px|0px|60px|0px|false|false&#8220; hover_enabled=&#8220;0&#8243; border_radii=&#8220;on|50px|50px|50px|50px&#8220; box_shadow_style=&#8220;preset1&#8243; global_module=&#8220;100281&#8243; saved_tabs=&#8220;all&#8220; global_colors_info=&#8220;{%22gcid-heading-color%22:%91%22header_text_color%22,%22header_text_color%22%93,%22gcid-body-color%22:%91%22body_text_color%22,%22body_text_color%22%93,%22gcid-64bcecb8-1e08-4484-8de3-a2058d1920a9%22:%91%22button_bg_color%22%93}&#8220; sticky_enabled=&#8220;0&#8243;][et_pb_slide heading=&#8220;Nebensaison&#8220; button_text=&#8220;Hier buchen&#8220; button_link=&#8220;https:\/\/booking.ebeltoftstrandcamping.dk\/daybooking\/product?cId=337&amp;lc=de&amp;wid=1&amp;pid=7688&#8243; _builder_version=&#8220;4.27.4&#8243; _module_preset=&#8220;default&#8220; header_level=&#8220;h2&#8243; custom_button=&#8220;on&#8220; button_text_color=&#8220;#FFFFFF&#8220; button_bg_color=&#8220;gcid-64bcecb8-1e08-4484-8de3-a2058d1920a9&#8243; button_border_radius=&#8220;20px&#8220; background_layout=&#8220;light&#8220; hover_enabled=&#8220;0&#8243; global_colors_info=&#8220;{%22gcid-64bcecb8-1e08-4484-8de3-a2058d1920a9%22:%91%22button_bg_color%22%93}&#8220; sticky_transition=&#8220;on&#8220; sticky_enabled=&#8220;0&#8243;]<\/p>\n<p>Nebensaison 13\/5 &#8211; 25\/6 (nicht an Feiertagen)<\/p>\n<p>Buchungen m\u00fcssen f\u00fcr mindestens 2 Tage vorgenommen werden.<\/p>\n<table style=\"border-collapse: collapse; width: 100%; height: 216px;\" border=\"1\">\n<tbody>\n<tr style=\"height: 72px;\">\n<td style=\"width: 49.8382%; height: 72px;\">T\u00e4glicher Preis<\/td>\n<td style=\"width: 50%; text-align: right; height: 72px;\" width=\"129\">750,-<\/td>\n<\/tr>\n<tr style=\"height: 24px;\">\n<td style=\"width: 49.8382%; height: 24px;\">Obligatorische Endreinigung<\/td>\n<td style=\"width: 50%; text-align: right; height: 24px;\">600,-<\/td>\n<\/tr>\n<tr style=\"height: 48px;\">\n<td style=\"width: 49.8382%; height: 48px;\">Personengeb\u00fchr pro Erwachsener und Tag<\/td>\n<td style=\"width: 50%; text-align: right; height: 48px;\" width=\"129\">130,-<\/td>\n<\/tr>\n<tr style=\"height: 48px;\">\n<td style=\"width: 49.8382%; height: 48px;\">Personengeb\u00fchr pro Kind (0-11 Jahre) pro Tag<\/td>\n<td style=\"width: 50%; text-align: right; height: 48px;\">85,-<\/td>\n<\/tr>\n<tr style=\"height: 24px;\">\n<td style=\"width: 49.8382%; height: 24px;\">Leistung pro KwH <\/td>\n<td style=\"width: 50%; text-align: right; height: 24px;\">5,-<\/td>\n<\/tr>\n<\/tbody>\n<\/table>\n<p>[\/et_pb_slide][et_pb_slide heading=&#8220;Hochsaison&#8220; button_text=&#8220;Hier buchen&#8220; button_link=&#8220;https:\/\/booking.ebeltoftstrandcamping.dk\/daybooking\/product?cId=337&amp;lc=de&amp;wid=1&amp;pid=7688&#8243; _builder_version=&#8220;4.27.4&#8243; _module_preset=&#8220;default&#8220; custom_button=&#8220;on&#8220; button_text_color=&#8220;#FFFFFF&#8220; button_bg_color=&#8220;gcid-64bcecb8-1e08-4484-8de3-a2058d1920a9&#8243; button_border_radius=&#8220;20px&#8220; background_layout=&#8220;light&#8220; hover_enabled=&#8220;0&#8243; global_colors_info=&#8220;{%22gcid-64bcecb8-1e08-4484-8de3-a2058d1920a9%22:%91%22button_bg_color%22%93}&#8220; sticky_transition=&#8220;on&#8220; sticky_enabled=&#8220;0&#8243;]<\/p>\n<p>Hochsaison 26\/6 &#8211; 16\/8<\/p>\n<p>Buchungen m\u00fcssen f\u00fcr mindestens 3 N\u00e4chte vorgenommen werden.<\/p>\n<table border=\"1\" style=\"border-collapse: collapse; width: 100%;\">\n<tbody>\n<tr style=\"height: 72px;\">\n<td style=\"width: 49.8382%; height: 72px;\"><span>Preis pro Tag<\/span><\/td>\n<td width=\"129\" style=\"width: 50%; text-align: right; height: 72px;\">850,- <\/td>\n<\/tr>\n<tr style=\"height: 24px;\">\n<td style=\"width: 49.8382%; height: 24px;\"><span>Obligatorische Endreinigung<\/span><\/td>\n<td style=\"width: 50%; text-align: right; height: 24px;\">600,- <\/td>\n<\/tr>\n<tr>\n<td style=\"width: 49.8382%;\">Personengeb\u00fchr pro Erwachsener und Tag<\/td>\n<td width=\"129\" style=\"width: 50%; text-align: right; height: 24px;\">130,- <\/td>\n<\/tr>\n<tr>\n<td style=\"width: 49.8382%;\">Personengeb\u00fchr pro Kind (0-11 Jahre) pro Tag<\/td>\n<td style=\"width: 50%; text-align: right;\">85,- <\/td>\n<\/tr>\n<tr>\n<td style=\"width: 49.8382%;\">Leistung pro KwH <\/td>\n<td style=\"width: 50%; text-align: right;\">5,-  <\/td>\n<\/tr>\n<\/tbody>\n<\/table>\n<p>&nbsp;<\/p>\n<p>[\/et_pb_slide][et_pb_slide heading=&#8220;Feiertage&#8220; button_text=&#8220;Hier buchen&#8220; button_link=&#8220;https:\/\/booking.ebeltoftstrandcamping.dk\/daybooking\/product?cId=337&amp;lc=de&amp;wid=1&amp;pid=7688&#8243; _builder_version=&#8220;4.27.4&#8243; _module_preset=&#8220;default&#8220; custom_button=&#8220;on&#8220; button_text_color=&#8220;#FFFFFF&#8220; button_bg_color=&#8220;gcid-64bcecb8-1e08-4484-8de3-a2058d1920a9&#8243; button_border_radius=&#8220;20px&#8220; background_layout=&#8220;light&#8220; hover_enabled=&#8220;0&#8243; global_colors_info=&#8220;{%22gcid-64bcecb8-1e08-4484-8de3-a2058d1920a9%22:%91%22button_bg_color%22%93}&#8220; sticky_transition=&#8220;on&#8220; sticky_enabled=&#8220;0&#8243;]<\/p>\n<p>Feiertage wie Kr. Christi Himmelfahrt und Pfingsten in unseren Mietcaravans. <\/p>\n<p>Mindestbuchung ist 2 Tage<\/p>\n<table border=\"1\" style=\"border-collapse: collapse; width: 100%;\">\n<tbody>\n<tr style=\"height: 72px;\">\n<td style=\"width: 49.8382%; height: 72px;\"><span>Kr. Himmelfahrt &#8211; 13\/5 &#8211; 17\/5 &#8211; pro Tag <\/span><\/td>\n<td width=\"129\" style=\"width: 50%; text-align: right; height: 72px;\">850,-  <\/td>\n<\/tr>\n<tr>\n<td style=\"width: 49.8382%;\"><span>Pfingsten &#8211; 22\/5 &#8211; 25\/5 &#8211; pro Tag<\/span><\/td>\n<td style=\"width: 50%; text-align: right;\">850,- <\/td>\n<\/tr>\n<tr style=\"height: 24px;\">\n<td style=\"width: 49.8382%; height: 24px;\"><span>Obligatorische Endreinigung<\/span><\/td>\n<td style=\"width: 50%; text-align: right; height: 24px;\">600,- <\/td>\n<\/tr>\n<tr>\n<td style=\"width: 49.8382%;\">Personengeb\u00fchr pro Erwachsener und Tag<\/td>\n<td width=\"129\" style=\"width: 50%; text-align: right; height: 24px;\">130,- <\/td>\n<\/tr>\n<tr>\n<td style=\"width: 49.8382%;\">Personengeb\u00fchr pro Kind (0-11 Jahre) pro Tag<\/td>\n<td style=\"width: 50%; text-align: right;\">85,- <\/td>\n<\/tr>\n<\/tbody>\n<\/table>\n<p>&nbsp;<\/p>\n<p>[\/et_pb_slide][\/et_pb_slider][\/et_pb_column_inner][\/et_pb_row_inner][\/et_pb_column][\/et_pb_section][et_pb_section fb_built=&#8220;1&#8243; fullwidth=&#8220;on&#8220; _builder_version=&#8220;4.27.3&#8243; _module_preset=&#8220;default&#8220; global_colors_info=&#8220;{}&#8220;][et_pb_fullwidth_slider _builder_version=&#8220;4.27.4&#8243; _module_preset=&#8220;default&#8220; height=&#8220;600px&#8220; height_tablet=&#8220;300px&#8220; height_phone=&#8220;250px&#8220; height_last_edited=&#8220;on|phone&#8220; global_colors_info=&#8220;{}&#8220;][et_pb_slide _builder_version=&#8220;4.27.4&#8243; _module_preset=&#8220;default&#8220; background_image=&#8220;https:\/\/ebeltoftstrandcamping.dk\/wp-content\/uploads\/2025\/01\/IMG_4103-1.1920&#215;1080.jpeg&#8220; background_enable_image=&#8220;on&#8220; parallax=&#8220;on&#8220; background_last_edited=&#8220;on|phone&#8220; parallax_phone=&#8220;off&#8220; global_colors_info=&#8220;{}&#8220; sticky_transition=&#8220;on&#8220;][\/et_pb_slide][et_pb_slide _builder_version=&#8220;4.27.4&#8243; _module_preset=&#8220;default&#8220; background_image=&#8220;https:\/\/ebeltoftstrandcamping.dk\/wp-content\/uploads\/2025\/01\/IMG_4104.1920&#215;1080.jpeg&#8220; background_enable_image=&#8220;on&#8220; parallax=&#8220;on&#8220; background_last_edited=&#8220;on|phone&#8220; parallax_phone=&#8220;off&#8220; global_colors_info=&#8220;{}&#8220; sticky_transition=&#8220;on&#8220;][\/et_pb_slide][et_pb_slide _builder_version=&#8220;4.27.4&#8243; _module_preset=&#8220;default&#8220; background_image=&#8220;https:\/\/ebeltoftstrandcamping.dk\/wp-content\/uploads\/2025\/05\/IMG_8762-1920&#215;1080-1.jpeg&#8220; background_enable_image=&#8220;on&#8220; parallax=&#8220;on&#8220; background_last_edited=&#8220;on|phone&#8220; parallax_phone=&#8220;off&#8220; global_colors_info=&#8220;{}&#8220; sticky_transition=&#8220;on&#8220;][\/et_pb_slide][et_pb_slide _builder_version=&#8220;4.27.4&#8243; _module_preset=&#8220;default&#8220; background_image=&#8220;https:\/\/ebeltoftstrandcamping.dk\/wp-content\/uploads\/2025\/05\/IMG_8766-1920&#215;1080-1.jpeg&#8220; background_enable_image=&#8220;on&#8220; parallax=&#8220;on&#8220; background_last_edited=&#8220;on|phone&#8220; parallax_phone=&#8220;off&#8220; global_colors_info=&#8220;{}&#8220; sticky_transition=&#8220;on&#8220;][\/et_pb_slide][\/et_pb_fullwidth_slider][\/et_pb_section][et_pb_section fb_built=&#8220;1&#8243; _builder_version=&#8220;4.27.3&#8243; _module_preset=&#8220;default&#8220; global_colors_info=&#8220;{}&#8220;][et_pb_row _builder_version=&#8220;4.27.3&#8243; _module_preset=&#8220;default&#8220; global_colors_info=&#8220;{}&#8220;][et_pb_column type=&#8220;4_4&#8243; _builder_version=&#8220;4.27.3&#8243; _module_preset=&#8220;default&#8220; global_colors_info=&#8220;{}&#8220;][et_pb_heading title=&#8220;Siehe unsere anderen Mietoptionen&#8220; _builder_version=&#8220;4.27.3&#8243; _module_preset=&#8220;default&#8220; title_level=&#8220;h3&#8243; title_text_align=&#8220;center&#8220; global_colors_info=&#8220;{}&#8220;][\/et_pb_heading][\/et_pb_column][\/et_pb_row][et_pb_row column_structure=&#8220;1_3,1_3,1_3&#8243; _builder_version=&#8220;4.27.4&#8243; _module_preset=&#8220;default&#8220; global_colors_info=&#8220;{}&#8220;][et_pb_column type=&#8220;1_3&#8243; _builder_version=&#8220;4.27.4&#8243; _dynamic_attributes=&#8220;link_option_url&#8220; _module_preset=&#8220;default&#8220; custom_padding=&#8220;10px|10px|10px|10px|true|true&#8220; link_option_url=&#8220;@ET-DC@eyJkeW5hbWljIjp0cnVlLCJjb250ZW50IjoicG9zdF9saW5rX3VybF9wYWdlIiwic2V0dGluZ3MiOnsicG9zdF9pZCI6Ijk5OTg3In19@&#8220; border_radii=&#8220;on|20px|20px|20px|20px&#8220; box_shadow_style=&#8220;preset1&#8243; global_colors_info=&#8220;{}&#8220;][et_pb_image src=&#8220;https:\/\/ebeltoftstrandcamping.dk\/wp-content\/uploads\/2025\/01\/Skagen10hero.676&#215;400.jpg&#8220; title_text=&#8220;Skagen10hero.676&#215;400&#8243; _builder_version=&#8220;4.27.4&#8243; _module_preset=&#8220;default&#8220; border_radii=&#8220;off|10px|10px||&#8220; global_colors_info=&#8220;{}&#8220;][\/et_pb_image][et_pb_heading title=&#8220;H\u00fctten&#8220; _builder_version=&#8220;4.27.3&#8243; _module_preset=&#8220;default&#8220; title_level=&#8220;h4&#8243; title_text_align=&#8220;center&#8220; global_colors_info=&#8220;{}&#8220;][\/et_pb_heading][\/et_pb_column][et_pb_column type=&#8220;1_3&#8243; _builder_version=&#8220;4.27.4&#8243; _dynamic_attributes=&#8220;link_option_url&#8220; _module_preset=&#8220;default&#8220; custom_padding=&#8220;10px|10px|10px|10px|true|true&#8220; link_option_url=&#8220;@ET-DC@eyJkeW5hbWljIjp0cnVlLCJjb250ZW50IjoicG9zdF9saW5rX3VybF9wYWdlIiwic2V0dGluZ3MiOnsicG9zdF9pZCI6IjEwMDAwMCJ9fQ==@&#8220; border_radii=&#8220;on|20px|20px|20px|20px&#8220; box_shadow_style=&#8220;preset1&#8243; global_colors_info=&#8220;{}&#8220;][et_pb_image src=&#8220;https:\/\/ebeltoftstrandcamping.dk\/wp-content\/uploads\/2025\/01\/206.-676&#215;400-1.jpg&#8220; title_text=&#8220;206. 676&#215;400&#8243; _builder_version=&#8220;4.27.4&#8243; _module_preset=&#8220;default&#8220; border_radii=&#8220;off|10px|10px||&#8220; global_colors_info=&#8220;{}&#8220;][\/et_pb_image][et_pb_heading title=&#8220;Cabby 720&#8243; _builder_version=&#8220;4.27.3&#8243; _module_preset=&#8220;default&#8220; title_level=&#8220;h4&#8243; title_text_align=&#8220;center&#8220; global_colors_info=&#8220;{}&#8220;][\/et_pb_heading][\/et_pb_column][et_pb_column type=&#8220;1_3&#8243; _builder_version=&#8220;4.27.4&#8243; _dynamic_attributes=&#8220;link_option_url&#8220; _module_preset=&#8220;default&#8220; custom_padding=&#8220;10px|10px|10px|10px|true|true&#8220; link_option_url=&#8220;@ET-DC@eyJkeW5hbWljIjp0cnVlLCJjb250ZW50IjoicG9zdF9saW5rX3VybF9wYWdlIiwic2V0dGluZ3MiOnsicG9zdF9pZCI6IjEwMDAwMSJ9fQ==@&#8220; border_radii=&#8220;on|20px|20px|20px|20px&#8220; box_shadow_style=&#8220;preset1&#8243; global_colors_info=&#8220;{}&#8220;][et_pb_image src=&#8220;https:\/\/ebeltoftstrandcamping.dk\/wp-content\/uploads\/2025\/01\/cabby-207-676&#215;400-2.jpg&#8220; title_text=&#8220;cabby-207 676&#215;400&#8243; _builder_version=&#8220;4.27.4&#8243; _module_preset=&#8220;default&#8220; border_radii=&#8220;off|10px|10px||&#8220; global_colors_info=&#8220;{}&#8220;][\/et_pb_image][et_pb_heading title=&#8220;Cabby 740+&#8220; _builder_version=&#8220;4.27.3&#8243; _module_preset=&#8220;default&#8220; title_level=&#8220;h4&#8243; title_text_align=&#8220;center&#8220; global_colors_info=&#8220;{}&#8220;][\/et_pb_heading][\/et_pb_column][\/et_pb_row][\/et_pb_section]<\/p>\n","protected":false},"excerpt":{"rendered":"<p>Adria &#8211; S. 345Toiletten Toiletten Ausstattung der K\u00fcche Service f\u00fcr 4 Personen K\u00fchlschrank mit Gefrierfach 3 Gasbrenner Kleiner Combi-Ofen Kaffeemaschine + Wasserkocher Wohnbereich im Wohnwagen 2 Einzelbetten Waschbecken und Spiegel Runder Sitzbereich\/Bett f\u00fcr zwei Personen Bettdecken und Kopfkissen f\u00fcr 4 Personen Platz in den Schr\u00e4nken Markise Tisch und St\u00fchle f\u00fcr 4 Personen Beleuchtung Grill Au\u00dfenbereich [&hellip;]<\/p>\n","protected":false},"author":1,"featured_media":0,"parent":102603,"menu_order":0,"comment_status":"closed","ping_status":"closed","template":"","meta":{"_et_pb_use_builder":"on","_et_pb_old_content":"","_et_gb_content_width":"","footnotes":""},"folder":[],"class_list":["post-102530","page","type-page","status-publish","hentry"],"yoast_head":"<!-- This site is optimized with the Yoast SEO plugin v27.4 - https:\/\/yoast.com\/product\/yoast-seo-wordpress\/ -->\n<title>Adria Wohnwagen zu vermieten - Ebeltoft Strand Camping | Komfort &amp; Gem\u00fctlichkeit<\/title>\n<meta name=\"description\" content=\"Mieten Sie einen modernen Adria-Wohnwagen mit Platz f\u00fcr 4 Personen auf Ebeltoft Strand Camping. Inklusive Toilette, K\u00fcche und gro\u00dfem Vorzelt. Perfekt f\u00fcr einen Familienurlaub in der N\u00e4he von Strand und Stadtleben.\" \/>\n<meta name=\"robots\" content=\"index, follow, max-snippet:-1, max-image-preview:large, max-video-preview:-1\" \/>\n<link rel=\"canonical\" href=\"https:\/\/ebeltoftstrandcamping.dk\/de\/mietautos\/adria-s-345\/\" \/>\n<meta property=\"og:locale\" content=\"de_DE\" \/>\n<meta property=\"og:type\" content=\"article\" \/>\n<meta property=\"og:title\" content=\"Adria Wohnwagen zu vermieten - Ebeltoft Strand Camping | Komfort &amp; Gem\u00fctlichkeit\" \/>\n<meta property=\"og:description\" content=\"Mieten Sie einen modernen Adria-Wohnwagen mit Platz f\u00fcr 4 Personen auf Ebeltoft Strand Camping. Inklusive Toilette, K\u00fcche und gro\u00dfem Vorzelt. Perfekt f\u00fcr einen Familienurlaub in der N\u00e4he von Strand und Stadtleben.\" \/>\n<meta property=\"og:url\" content=\"https:\/\/ebeltoftstrandcamping.dk\/de\/mietautos\/adria-s-345\/\" \/>\n<meta property=\"og:site_name\" content=\"Ebeltoft Strand Camping\" \/>\n<meta property=\"article:publisher\" content=\"https:\/\/www.facebook.com\/ebeltoftstrandcamping\" \/>\n<meta property=\"article:modified_time\" content=\"2025-12-15T12:08:33+00:00\" \/>\n<meta property=\"og:image\" content=\"https:\/\/ebeltoftstrandcamping.dk\/wp-content\/uploads\/2025\/01\/Ebeltoft-360-px-high.png\" \/>\n\t<meta property=\"og:image:width\" content=\"1285\" \/>\n\t<meta property=\"og:image:height\" content=\"360\" \/>\n\t<meta property=\"og:image:type\" content=\"image\/png\" \/>\n<meta name=\"twitter:card\" content=\"summary_large_image\" \/>\n<meta name=\"twitter:label1\" content=\"Gesch\u00e4tzte Lesezeit\" \/>\n\t<meta name=\"twitter:data1\" content=\"9\u00a0Minuten\" \/>\n<script type=\"application\/ld+json\" class=\"yoast-schema-graph\">{\"@context\":\"https:\\\/\\\/schema.org\",\"@graph\":[{\"@type\":\"WebPage\",\"@id\":\"https:\\\/\\\/ebeltoftstrandcamping.dk\\\/de\\\/mietautos\\\/adria-s-345\\\/\",\"url\":\"https:\\\/\\\/ebeltoftstrandcamping.dk\\\/de\\\/mietautos\\\/adria-s-345\\\/\",\"name\":\"Adria Wohnwagen zu vermieten - Ebeltoft Strand Camping | Komfort & Gem\u00fctlichkeit\",\"isPartOf\":{\"@id\":\"https:\\\/\\\/ebeltoftstrandcamping.dk\\\/de\\\/#website\"},\"datePublished\":\"2024-11-17T13:28:30+00:00\",\"dateModified\":\"2025-12-15T12:08:33+00:00\",\"description\":\"Mieten Sie einen modernen Adria-Wohnwagen mit Platz f\u00fcr 4 Personen auf Ebeltoft Strand Camping. Inklusive Toilette, K\u00fcche und gro\u00dfem Vorzelt. Perfekt f\u00fcr einen Familienurlaub in der N\u00e4he von Strand und Stadtleben.\",\"breadcrumb\":{\"@id\":\"https:\\\/\\\/ebeltoftstrandcamping.dk\\\/de\\\/mietautos\\\/adria-s-345\\\/#breadcrumb\"},\"inLanguage\":\"de\",\"potentialAction\":[{\"@type\":\"ReadAction\",\"target\":[\"https:\\\/\\\/ebeltoftstrandcamping.dk\\\/de\\\/mietautos\\\/adria-s-345\\\/\"]}]},{\"@type\":\"BreadcrumbList\",\"@id\":\"https:\\\/\\\/ebeltoftstrandcamping.dk\\\/de\\\/mietautos\\\/adria-s-345\\\/#breadcrumb\",\"itemListElement\":[{\"@type\":\"ListItem\",\"position\":1,\"name\":\"Home\",\"item\":\"https:\\\/\\\/ebeltoftstrandcamping.dk\\\/de\\\/startseite\\\/\"},{\"@type\":\"ListItem\",\"position\":2,\"name\":\"Mietautos\",\"item\":\"https:\\\/\\\/ebeltoftstrandcamping.dk\\\/de\\\/mietautos\\\/\"},{\"@type\":\"ListItem\",\"position\":3,\"name\":\"Adria S. 345\"}]},{\"@type\":\"WebSite\",\"@id\":\"https:\\\/\\\/ebeltoftstrandcamping.dk\\\/de\\\/#website\",\"url\":\"https:\\\/\\\/ebeltoftstrandcamping.dk\\\/de\\\/\",\"name\":\"Ebeltoft Strand Camping\",\"description\":\"Din n\u00e6ste campingferie\",\"publisher\":{\"@id\":\"https:\\\/\\\/ebeltoftstrandcamping.dk\\\/de\\\/#organization\"},\"potentialAction\":[{\"@type\":\"SearchAction\",\"target\":{\"@type\":\"EntryPoint\",\"urlTemplate\":\"https:\\\/\\\/ebeltoftstrandcamping.dk\\\/de\\\/?s={search_term_string}\"},\"query-input\":{\"@type\":\"PropertyValueSpecification\",\"valueRequired\":true,\"valueName\":\"search_term_string\"}}],\"inLanguage\":\"de\"},{\"@type\":\"Organization\",\"@id\":\"https:\\\/\\\/ebeltoftstrandcamping.dk\\\/de\\\/#organization\",\"name\":\"Ebeltoft Strand Camping\",\"url\":\"https:\\\/\\\/ebeltoftstrandcamping.dk\\\/de\\\/\",\"logo\":{\"@type\":\"ImageObject\",\"inLanguage\":\"de\",\"@id\":\"https:\\\/\\\/ebeltoftstrandcamping.dk\\\/de\\\/#\\\/schema\\\/logo\\\/image\\\/\",\"url\":\"https:\\\/\\\/ebeltoftstrandcamping.dk\\\/wp-content\\\/uploads\\\/2025\\\/01\\\/Ebeltoft-360-px-high.png\",\"contentUrl\":\"https:\\\/\\\/ebeltoftstrandcamping.dk\\\/wp-content\\\/uploads\\\/2025\\\/01\\\/Ebeltoft-360-px-high.png\",\"width\":1285,\"height\":360,\"caption\":\"Ebeltoft Strand Camping\"},\"image\":{\"@id\":\"https:\\\/\\\/ebeltoftstrandcamping.dk\\\/de\\\/#\\\/schema\\\/logo\\\/image\\\/\"},\"sameAs\":[\"https:\\\/\\\/www.facebook.com\\\/ebeltoftstrandcamping\",\"https:\\\/\\\/www.instagram.com\\\/ebeltoftstrandcamping\\\/\"]}]}<\/script>\n<!-- \/ Yoast SEO plugin. -->","yoast_head_json":{"title":"Adria Wohnwagen zu vermieten - Ebeltoft Strand Camping | Komfort & Gem\u00fctlichkeit","description":"Mieten Sie einen modernen Adria-Wohnwagen mit Platz f\u00fcr 4 Personen auf Ebeltoft Strand Camping. Inklusive Toilette, K\u00fcche und gro\u00dfem Vorzelt. Perfekt f\u00fcr einen Familienurlaub in der N\u00e4he von Strand und Stadtleben.","robots":{"index":"index","follow":"follow","max-snippet":"max-snippet:-1","max-image-preview":"max-image-preview:large","max-video-preview":"max-video-preview:-1"},"canonical":"https:\/\/ebeltoftstrandcamping.dk\/de\/mietautos\/adria-s-345\/","og_locale":"de_DE","og_type":"article","og_title":"Adria Wohnwagen zu vermieten - Ebeltoft Strand Camping | Komfort & Gem\u00fctlichkeit","og_description":"Mieten Sie einen modernen Adria-Wohnwagen mit Platz f\u00fcr 4 Personen auf Ebeltoft Strand Camping. Inklusive Toilette, K\u00fcche und gro\u00dfem Vorzelt. Perfekt f\u00fcr einen Familienurlaub in der N\u00e4he von Strand und Stadtleben.","og_url":"https:\/\/ebeltoftstrandcamping.dk\/de\/mietautos\/adria-s-345\/","og_site_name":"Ebeltoft Strand Camping","article_publisher":"https:\/\/www.facebook.com\/ebeltoftstrandcamping","article_modified_time":"2025-12-15T12:08:33+00:00","og_image":[{"width":1285,"height":360,"url":"https:\/\/ebeltoftstrandcamping.dk\/wp-content\/uploads\/2025\/01\/Ebeltoft-360-px-high.png","type":"image\/png"}],"twitter_card":"summary_large_image","twitter_misc":{"Gesch\u00e4tzte Lesezeit":"9\u00a0Minuten"},"schema":{"@context":"https:\/\/schema.org","@graph":[{"@type":"WebPage","@id":"https:\/\/ebeltoftstrandcamping.dk\/de\/mietautos\/adria-s-345\/","url":"https:\/\/ebeltoftstrandcamping.dk\/de\/mietautos\/adria-s-345\/","name":"Adria Wohnwagen zu vermieten - Ebeltoft Strand Camping | Komfort & Gem\u00fctlichkeit","isPartOf":{"@id":"https:\/\/ebeltoftstrandcamping.dk\/de\/#website"},"datePublished":"2024-11-17T13:28:30+00:00","dateModified":"2025-12-15T12:08:33+00:00","description":"Mieten Sie einen modernen Adria-Wohnwagen mit Platz f\u00fcr 4 Personen auf Ebeltoft Strand Camping. Inklusive Toilette, K\u00fcche und gro\u00dfem Vorzelt. Perfekt f\u00fcr einen Familienurlaub in der N\u00e4he von Strand und Stadtleben.","breadcrumb":{"@id":"https:\/\/ebeltoftstrandcamping.dk\/de\/mietautos\/adria-s-345\/#breadcrumb"},"inLanguage":"de","potentialAction":[{"@type":"ReadAction","target":["https:\/\/ebeltoftstrandcamping.dk\/de\/mietautos\/adria-s-345\/"]}]},{"@type":"BreadcrumbList","@id":"https:\/\/ebeltoftstrandcamping.dk\/de\/mietautos\/adria-s-345\/#breadcrumb","itemListElement":[{"@type":"ListItem","position":1,"name":"Home","item":"https:\/\/ebeltoftstrandcamping.dk\/de\/startseite\/"},{"@type":"ListItem","position":2,"name":"Mietautos","item":"https:\/\/ebeltoftstrandcamping.dk\/de\/mietautos\/"},{"@type":"ListItem","position":3,"name":"Adria S. 345"}]},{"@type":"WebSite","@id":"https:\/\/ebeltoftstrandcamping.dk\/de\/#website","url":"https:\/\/ebeltoftstrandcamping.dk\/de\/","name":"Ebeltoft Strand Camping","description":"Din n\u00e6ste campingferie","publisher":{"@id":"https:\/\/ebeltoftstrandcamping.dk\/de\/#organization"},"potentialAction":[{"@type":"SearchAction","target":{"@type":"EntryPoint","urlTemplate":"https:\/\/ebeltoftstrandcamping.dk\/de\/?s={search_term_string}"},"query-input":{"@type":"PropertyValueSpecification","valueRequired":true,"valueName":"search_term_string"}}],"inLanguage":"de"},{"@type":"Organization","@id":"https:\/\/ebeltoftstrandcamping.dk\/de\/#organization","name":"Ebeltoft Strand Camping","url":"https:\/\/ebeltoftstrandcamping.dk\/de\/","logo":{"@type":"ImageObject","inLanguage":"de","@id":"https:\/\/ebeltoftstrandcamping.dk\/de\/#\/schema\/logo\/image\/","url":"https:\/\/ebeltoftstrandcamping.dk\/wp-content\/uploads\/2025\/01\/Ebeltoft-360-px-high.png","contentUrl":"https:\/\/ebeltoftstrandcamping.dk\/wp-content\/uploads\/2025\/01\/Ebeltoft-360-px-high.png","width":1285,"height":360,"caption":"Ebeltoft Strand Camping"},"image":{"@id":"https:\/\/ebeltoftstrandcamping.dk\/de\/#\/schema\/logo\/image\/"},"sameAs":["https:\/\/www.facebook.com\/ebeltoftstrandcamping","https:\/\/www.instagram.com\/ebeltoftstrandcamping\/"]}]}},"_links":{"self":[{"href":"https:\/\/ebeltoftstrandcamping.dk\/de\/wp-json\/wp\/v2\/pages\/102530","targetHints":{"allow":["GET"]}}],"collection":[{"href":"https:\/\/ebeltoftstrandcamping.dk\/de\/wp-json\/wp\/v2\/pages"}],"about":[{"href":"https:\/\/ebeltoftstrandcamping.dk\/de\/wp-json\/wp\/v2\/types\/page"}],"author":[{"embeddable":true,"href":"https:\/\/ebeltoftstrandcamping.dk\/de\/wp-json\/wp\/v2\/users\/1"}],"replies":[{"embeddable":true,"href":"https:\/\/ebeltoftstrandcamping.dk\/de\/wp-json\/wp\/v2\/comments?post=102530"}],"version-history":[{"count":9,"href":"https:\/\/ebeltoftstrandcamping.dk\/de\/wp-json\/wp\/v2\/pages\/102530\/revisions"}],"predecessor-version":[{"id":104341,"href":"https:\/\/ebeltoftstrandcamping.dk\/de\/wp-json\/wp\/v2\/pages\/102530\/revisions\/104341"}],"up":[{"embeddable":true,"href":"https:\/\/ebeltoftstrandcamping.dk\/de\/wp-json\/wp\/v2\/pages\/102603"}],"wp:attachment":[{"href":"https:\/\/ebeltoftstrandcamping.dk\/de\/wp-json\/wp\/v2\/media?parent=102530"}],"wp:term":[{"taxonomy":"folder","embeddable":true,"href":"https:\/\/ebeltoftstrandcamping.dk\/de\/wp-json\/wp\/v2\/folder?post=102530"}],"curies":[{"name":"wp","href":"https:\/\/api.w.org\/{rel}","templated":true}]}}