{"id":102406,"date":"2024-11-17T14:40:02","date_gmt":"2024-11-17T13:40:02","guid":{"rendered":"https:\/\/ebeltoftstrandcamping.dk\/preisliste-fuer-camping\/"},"modified":"2025-12-15T13:12:51","modified_gmt":"2025-12-15T12:12:51","slug":"preisliste-fuer-camping","status":"publish","type":"page","link":"https:\/\/ebeltoftstrandcamping.dk\/de\/camping-caravaning\/preisliste-fuer-camping\/","title":{"rendered":"Preisliste f\u00fcr Camping"},"content":{"rendered":"<p>[et_pb_section fb_built=&#8220;1&#8243; _builder_version=&#8220;4.27.4&#8243; _module_preset=&#8220;default&#8220; use_background_color_gradient=&#8220;on&#8220; background_color_gradient_direction=&#8220;45deg&#8220; background_color_gradient_stops=&#8220;rgba(0,0,0,0.6) 0%|rgba(0,0,0,0.6) 100%&#8220; background_color_gradient_overlays_image=&#8220;on&#8220; background_image=&#8220;https:\/\/ebeltoftstrandcamping.dk\/wp-content\/uploads\/2025\/01\/ESC-180524-4-11920&#215;840-2.jpg&#8220; height=&#8220;400px&#8220; height_tablet=&#8220;350px&#8220; height_phone=&#8220;350px&#8220; height_last_edited=&#8220;on|phone&#8220; global_colors_info=&#8220;{}&#8220;][et_pb_row _builder_version=&#8220;4.17.3&#8243; _module_preset=&#8220;default&#8220; custom_padding=&#8220;||0px||false|false&#8220; global_colors_info=&#8220;{}&#8220;][et_pb_column type=&#8220;4_4&#8243; _builder_version=&#8220;4.17.3&#8243; _module_preset=&#8220;default&#8220; global_colors_info=&#8220;{}&#8220;][et_pb_text _builder_version=&#8220;4.17.3&#8243; _module_preset=&#8220;default&#8220; header_font=&#8220;||||||||&#8220; header_text_color=&#8220;#FFFFFF&#8220; header_2_text_color=&#8220;#FFFFFF&#8220; custom_margin=&#8220;||0px||false|false&#8220; border_color_all=&#8220;gcid-7ce7b00a-a0f7-4559-8af2-0adef5afd391&#8243; global_colors_info=&#8220;{%22gcid-7ce7b00a-a0f7-4559-8af2-0adef5afd391%22:%91%22border_color_all%22%93}&#8220;]<\/p>\n<h1>Liste der Preise<\/h1>\n<p>[\/et_pb_text][\/et_pb_column][\/et_pb_row][et_pb_row _builder_version=&#8220;4.17.3&#8243; _module_preset=&#8220;default&#8220; custom_padding=&#8220;0px||||false|false&#8220; global_colors_info=&#8220;{}&#8220;][et_pb_column type=&#8220;4_4&#8243; _builder_version=&#8220;4.17.3&#8243; _module_preset=&#8220;default&#8220; global_colors_info=&#8220;{}&#8220;][et_pb_divider color=&#8220;gcid-7ce7b00a-a0f7-4559-8af2-0adef5afd391&#8243; _builder_version=&#8220;4.17.3&#8243; _module_preset=&#8220;default&#8220; height=&#8220;0px&#8220; custom_margin=&#8220;||0px||false|false&#8220; custom_padding=&#8220;||||false|false&#8220; global_colors_info=&#8220;{%22gcid-7ce7b00a-a0f7-4559-8af2-0adef5afd391%22:%91%22border_color_right%22,%22color%22%93}&#8220;][\/et_pb_divider][et_pb_divider show_divider=&#8220;off&#8220; admin_label=&#8220;Point right bottom&#8220; module_class=&#8220;dot-right-bottom sub-page-dot&#8220; _builder_version=&#8220;4.17.3&#8243; _module_preset=&#8220;default&#8220; height=&#8220;25px&#8220; border_width_right=&#8220;1px&#8220; border_color_right=&#8220;gcid-7ce7b00a-a0f7-4559-8af2-0adef5afd391&#8243; global_colors_info=&#8220;{%22gcid-7ce7b00a-a0f7-4559-8af2-0adef5afd391%22:%91%22border_color_right%22%93}&#8220;][\/et_pb_divider][\/et_pb_column][\/et_pb_row][\/et_pb_section][et_pb_section fb_built=&#8220;1&#8243; _builder_version=&#8220;4.27.3&#8243; _module_preset=&#8220;default&#8220; global_colors_info=&#8220;{}&#8220;][et_pb_row _builder_version=&#8220;4.27.3&#8243; _module_preset=&#8220;default&#8220; global_colors_info=&#8220;{}&#8220;][et_pb_column type=&#8220;4_4&#8243; _builder_version=&#8220;4.27.3&#8243; _module_preset=&#8220;default&#8220; global_colors_info=&#8220;{}&#8220;][et_pb_slider _builder_version=&#8220;4.27.4&#8243; _module_preset=&#8220;default&#8220; header_text_color=&#8220;#000000&#8243; body_text_color=&#8220;#212121&#8243; background_color=&#8220;RGBA(255,255,255,0)&#8220; custom_margin=&#8220;||||false|false&#8220; custom_padding=&#8220;10px|0px|60px|0px|false|false&#8220; hover_enabled=&#8220;0&#8243; border_radii=&#8220;on|50px|50px|50px|50px&#8220; box_shadow_style=&#8220;preset1&#8243; global_module=&#8220;103668&#8243; saved_tabs=&#8220;all&#8220; global_colors_info=&#8220;{%22gcid-heading-color%22:%91%22header_text_color%22%93,%22gcid-body-color%22:%91%22body_text_color%22%93}&#8220; sticky_enabled=&#8220;0&#8243;][et_pb_slide heading=&#8220;Nebensaison&#8220; button_text=&#8220;Hier buchen&#8220; button_link=&#8220;https:\/\/booking.ebeltoftstrandcamping.dk\/daybooking\/step1?cId=337&amp;lc=de&amp;wid=1&#8243; _builder_version=&#8220;4.27.4&#8243; _module_preset=&#8220;default&#8220; header_level=&#8220;h2&#8243; custom_button=&#8220;on&#8220; button_text_color=&#8220;#FFFFFF&#8220; button_bg_color=&#8220;gcid-64bcecb8-1e08-4484-8de3-a2058d1920a9&#8243; button_border_radius=&#8220;20px&#8220; background_layout=&#8220;light&#8220; hover_enabled=&#8220;0&#8243; global_colors_info=&#8220;{%22gcid-64bcecb8-1e08-4484-8de3-a2058d1920a9%22:%91%22button_bg_color%22%93}&#8220; sticky_transition=&#8220;on&#8220; sticky_enabled=&#8220;0&#8243;]<\/p>\n<p>Nebensaison 20\/3 &#8211; 25\/6 + 17\/8 &#8211; 18\/10 (keine Feiertage)<\/p>\n<p>Preise pro Tag.<\/p>\n<p>&nbsp;<\/p>\n<table border=\"1\" style=\"border-collapse: collapse; width: 100%; height: 384px;\">\n<tbody>\n<tr style=\"height: 24px;\">\n<td style=\"width: 49.8382%; height: 24px;\"><span>F\u00fcr Erwachsene<\/span><\/td>\n<td width=\"129\" style=\"width: 50%; text-align: right; height: 24px;\">130,-<\/td>\n<\/tr>\n<tr style=\"height: 24px;\">\n<td style=\"width: 49.8382%; height: 24px;\"><span>Kinder 0-11 Jahre<\/span><\/td>\n<td style=\"width: 50%; text-align: right; height: 24px;\">85,-<\/td>\n<\/tr>\n<tr style=\"height: 24px;\">\n<td style=\"width: 49.8382%; height: 24px;\"><span>Hund<\/span><\/td>\n<td style=\"width: 50%; text-align: right; height: 24px;\">30,-<\/td>\n<\/tr>\n<tr style=\"height: 24px;\">\n<td style=\"width: 49.8382%; height: 24px;\">Leistung pro Kwh <\/td>\n<td width=\"129\" style=\"width: 50%; text-align: right; height: 24px;\">5,-<\/td>\n<\/tr>\n<tr style=\"height: 24px;\">\n<td style=\"width: 49.8382%; height: 24px;\">Verbindung<\/td>\n<td style=\"width: 50%; text-align: right; height: 24px;\">15,-<\/td>\n<\/tr>\n<tr style=\"height: 24px;\">\n<td style=\"width: 49.8382%; height: 24px;\">Sitzplatzgeb\u00fchr<\/td>\n<td style=\"width: 50%; text-align: right; height: 24px;\">85,-<\/td>\n<\/tr>\n<tr style=\"height: 24px;\">\n<td style=\"width: 49.8382%; height: 24px;\">Sitzplatzzuschlag 1. Reihe<\/td>\n<td style=\"width: 50%; text-align: right; height: 24px;\">70,-<\/td>\n<\/tr>\n<tr style=\"height: 48px;\">\n<td style=\"width: 49.8382%; height: 48px;\"><span>Sitzplatzgeb\u00fchr Blaue Pl\u00e4tze<\/span><\/td>\n<td style=\"width: 50%; text-align: right; height: 48px;\">60,-<\/td>\n<\/tr>\n<tr style=\"height: 48px;\">\n<td style=\"width: 49.8382%; height: 48px;\"><span>Fr\u00fches Einchecken pro Stunde vor 12 Uhr <\/span><\/td>\n<td style=\"width: 50%; text-align: right; height: 48px;\">40,-<\/td>\n<\/tr>\n<tr>\n<td style=\"width: 49.8382%;\"><span>Buchungsgeb\u00fchr<\/span><\/td>\n<td style=\"width: 50%; text-align: right;\">100,-<\/td>\n<\/tr>\n<tr style=\"height: 24px;\">\n<td style=\"width: 49.8382%; height: 24px;\"><span>Tagesg\u00e4ste<\/span><\/td>\n<td style=\"width: 50%; text-align: right; height: 24px;\">30,-<\/td>\n<\/tr>\n<tr>\n<td style=\"width: 49.8382%;\"><span>Badender Gast<\/span><\/td>\n<td style=\"width: 50%; text-align: right;\">80,-<\/td>\n<\/tr>\n<tr>\n<td style=\"width: 49.8382%;\"><span>Senior min. 3 N\u00e4chte <\/span><\/td>\n<td style=\"width: 50%; text-align: right;\">255,-<\/td>\n<\/tr>\n<tr>\n<td style=\"width: 49.8382%;\"><span>Leerer Wohnwagen (nicht am Strand m\u00f6glich, muss alle 13 Tage besucht werden und 2 N\u00e4chte bei An- und Abreise bleiben)<\/span><\/td>\n<td style=\"width: 50%; text-align: right;\">35,-<\/td>\n<\/tr>\n<tr style=\"height: 24px;\">\n<td style=\"width: 49.8382%; height: 24px;\"><span>Internetzugang <\/span><\/td>\n<td style=\"width: 50%; text-align: right; height: 24px;\">0,-<\/td>\n<\/tr>\n<tr style=\"height: 48px;\">\n<td style=\"width: 49.8382%; height: 48px;\"><span>Waschmaschine pro Waschgang <\/span><\/td>\n<td style=\"width: 50%; text-align: right; height: 48px;\">30,-<\/td>\n<\/tr>\n<tr style=\"height: 24px;\">\n<td style=\"width: 49.8382%; height: 24px;\"><span>W\u00e4schetrockner 30 min <\/span><\/td>\n<td style=\"width: 50%; text-align: right; height: 24px;\">30,-<\/td>\n<\/tr>\n<\/tbody>\n<\/table>\n<p>[\/et_pb_slide][et_pb_slide heading=&#8220;Hochsaison&#8220; button_text=&#8220;Hier buchen&#8220; button_link=&#8220;https:\/\/booking.ebeltoftstrandcamping.dk\/daybooking\/step1?cId=337&amp;lc=de&amp;wid=1&#8243; _builder_version=&#8220;4.27.4&#8243; _module_preset=&#8220;default&#8220; header_level=&#8220;h2&#8243; custom_button=&#8220;on&#8220; button_text_color=&#8220;#FFFFFF&#8220; button_bg_color=&#8220;gcid-64bcecb8-1e08-4484-8de3-a2058d1920a9&#8243; button_border_radius=&#8220;20px&#8220; background_layout=&#8220;light&#8220; hover_enabled=&#8220;0&#8243; global_colors_info=&#8220;{%22gcid-64bcecb8-1e08-4484-8de3-a2058d1920a9%22:%91%22button_bg_color%22%93}&#8220; sticky_transition=&#8220;on&#8220; sticky_enabled=&#8220;0&#8243;]<\/p>\n<p>Hochsaison 26\/6 &#8211; 16\/8<\/p>\n<p>Preise pro Tag.<\/p>\n<p>&nbsp;<\/p>\n<table border=\"1\" style=\"border-collapse: collapse; width: 100%; height: 384px;\">\n<tbody>\n<tr style=\"height: 24px;\">\n<td style=\"width: 49.8382%; height: 24px;\"><span>F\u00fcr Erwachsene<\/span><\/td>\n<td width=\"129\" style=\"width: 50%; text-align: right; height: 24px;\">130,- <\/td>\n<\/tr>\n<tr style=\"height: 24px;\">\n<td style=\"width: 49.8382%; height: 24px;\"><span>Kinder 0-11 Jahre<\/span><\/td>\n<td style=\"width: 50%; text-align: right; height: 24px;\">85,- <\/td>\n<\/tr>\n<tr style=\"height: 24px;\">\n<td style=\"width: 49.8382%; height: 24px;\"><span>Hund<\/span><\/td>\n<td style=\"width: 50%; text-align: right; height: 24px;\">30,- <\/td>\n<\/tr>\n<tr style=\"height: 24px;\">\n<td style=\"width: 49.8382%; height: 24px;\">Leistung pro Kwh <\/td>\n<td width=\"129\" style=\"width: 50%; text-align: right; height: 24px;\">5,-  <\/td>\n<\/tr>\n<tr style=\"height: 24px;\">\n<td style=\"width: 49.8382%; height: 24px;\">Verbindung<\/td>\n<td style=\"width: 50%; text-align: right; height: 24px;\">15,- <\/td>\n<\/tr>\n<tr style=\"height: 24px;\">\n<td style=\"width: 49.8382%; height: 24px;\">Sitzplatzgeb\u00fchr<\/td>\n<td style=\"width: 50%; text-align: right; height: 24px;\">190,- <\/td>\n<\/tr>\n<tr style=\"height: 24px;\">\n<td style=\"width: 49.8382%; height: 24px;\">Sitzplatzzuschlag 1. Reihe<\/td>\n<td style=\"width: 50%; text-align: right; height: 24px;\">135,- <\/td>\n<\/tr>\n<tr style=\"height: 48px;\">\n<td style=\"width: 49.8382%; height: 48px;\"><span>Sitzplatzgeb\u00fchr Blaue Pl\u00e4tze<\/span><\/td>\n<td style=\"width: 50%; text-align: right; height: 48px;\">130,- <\/td>\n<\/tr>\n<tr style=\"height: 24px;\">\n<td style=\"width: 49.8382%; height: 24px;\"><span>Tagesg\u00e4ste<\/span><\/td>\n<td style=\"width: 50%; text-align: right; height: 24px;\">30,- <\/td>\n<\/tr>\n<tr>\n<td style=\"width: 49.8382%;\"><span>Badender Gast<\/span><\/td>\n<td style=\"width: 50%; text-align: right;\">80,- <\/td>\n<\/tr>\n<tr style=\"height: 24px;\">\n<td style=\"width: 49.8382%; height: 24px;\"><span>Internetzugang <\/span><\/td>\n<td style=\"width: 50%; text-align: right; height: 24px;\">0,- <\/td>\n<\/tr>\n<tr style=\"height: 48px;\">\n<td style=\"width: 49.8382%; height: 48px;\"><span>Waschmaschine pro Waschgang <\/span><\/td>\n<td style=\"width: 50%; text-align: right; height: 48px;\">30,- <\/td>\n<\/tr>\n<tr style=\"height: 24px;\">\n<td style=\"width: 49.8382%; height: 24px;\"><span>W\u00e4schetrockner 30 min <\/span><\/td>\n<td style=\"width: 50%; text-align: right; height: 24px;\">30,- <\/td>\n<\/tr>\n<\/tbody>\n<\/table>\n<p>[\/et_pb_slide][et_pb_slide heading=&#8220;Wintersaison&#8220; button_text=&#8220;Hier buchen&#8220; button_link=&#8220;https:\/\/booking.ebeltoftstrandcamping.dk\/daybooking\/step1?cId=337&amp;lc=de&amp;wid=1&#8243; _builder_version=&#8220;4.27.4&#8243; _module_preset=&#8220;default&#8220; header_level=&#8220;h2&#8243; custom_button=&#8220;on&#8220; button_text_color=&#8220;#FFFFFF&#8220; button_bg_color=&#8220;gcid-64bcecb8-1e08-4484-8de3-a2058d1920a9&#8243; button_border_radius=&#8220;20px&#8220; background_layout=&#8220;light&#8220; hover_enabled=&#8220;0&#8243; global_colors_info=&#8220;{%22gcid-64bcecb8-1e08-4484-8de3-a2058d1920a9%22:%91%22button_bg_color%22%93}&#8220; sticky_transition=&#8220;on&#8220; sticky_enabled=&#8220;0&#8243;]<\/p>\n<p>Wintersaison 1\/1 &#8211; 19\/3 + 18\/10 &#8211; 31\/12<\/p>\n<p>Preise pro Tag.<\/p>\n<p>&nbsp;<\/p>\n<table border=\"1\" style=\"border-collapse: collapse; width: 100%; height: 384px;\">\n<tbody>\n<tr style=\"height: 24px;\">\n<td style=\"width: 49.8382%; height: 24px;\"><span>F\u00fcr Erwachsene<\/span><\/td>\n<td width=\"129\" style=\"width: 50%; text-align: right; height: 24px;\">110,-<\/td>\n<\/tr>\n<tr style=\"height: 24px;\">\n<td style=\"width: 49.8382%; height: 24px;\"><span>Kinder 0-11 Jahre<\/span><\/td>\n<td style=\"width: 50%; text-align: right; height: 24px;\">80,-<\/td>\n<\/tr>\n<tr style=\"height: 24px;\">\n<td style=\"width: 49.8382%; height: 24px;\"><span>Hund<\/span><\/td>\n<td style=\"width: 50%; text-align: right; height: 24px;\">30,-<\/td>\n<\/tr>\n<tr style=\"height: 24px;\">\n<td style=\"width: 49.8382%; height: 24px;\">Leistung pro Kwh <\/td>\n<td width=\"129\" style=\"width: 50%; text-align: right; height: 24px;\">5,-<\/td>\n<\/tr>\n<tr style=\"height: 24px;\">\n<td style=\"width: 49.8382%; height: 24px;\">Verbindung<\/td>\n<td style=\"width: 50%; text-align: right; height: 24px;\">15,-<\/td>\n<\/tr>\n<tr style=\"height: 24px;\">\n<td style=\"width: 49.8382%; height: 24px;\">Sitzplatzgeb\u00fchr<\/td>\n<td style=\"width: 50%; text-align: right; height: 24px;\">30,-<\/td>\n<\/tr>\n<tr style=\"height: 48px;\">\n<td style=\"width: 49.8382%; height: 48px;\"><span>Fr\u00fches Einchecken pro Stunde vor 12 Uhr <\/span><\/td>\n<td style=\"width: 50%; text-align: right; height: 48px;\">40,-<\/td>\n<\/tr>\n<tr>\n<td style=\"width: 49.8382%;\"><span>Buchungsgeb\u00fchr<\/span><\/td>\n<td style=\"width: 50%; text-align: right;\">100,-<\/td>\n<\/tr>\n<tr style=\"height: 24px;\">\n<td style=\"width: 49.8382%; height: 24px;\"><span>Tagesg\u00e4ste<\/span><\/td>\n<td style=\"width: 50%; text-align: right; height: 24px;\">30,- kr.<\/td>\n<\/tr>\n<tr>\n<td style=\"width: 49.8382%;\"><span>Senior min. 3 N\u00e4chte <\/span><\/td>\n<td style=\"width: 50%; text-align: right;\">255,-<\/td>\n<\/tr>\n<tr>\n<td style=\"width: 49.8382%;\"><span>Leeres Fahrzeug (nicht am Strand m\u00f6glich, muss mindestens alle 13 Tage besucht werden und 2 N\u00e4chte bei An- und Abreise bleiben)<\/span><\/td>\n<td style=\"width: 50%; text-align: right;\">35,-<\/td>\n<\/tr>\n<tr style=\"height: 24px;\">\n<td style=\"width: 49.8382%; height: 24px;\"><span>Internetzugang <\/span><\/td>\n<td style=\"width: 50%; text-align: right; height: 24px;\">0,-<\/td>\n<\/tr>\n<tr style=\"height: 48px;\">\n<td style=\"width: 49.8382%; height: 48px;\"><span>Waschmaschine pro Waschgang <\/span><\/td>\n<td style=\"width: 50%; text-align: right; height: 48px;\">30,-<\/td>\n<\/tr>\n<tr style=\"height: 24px;\">\n<td style=\"width: 49.8382%; height: 24px;\"><span>W\u00e4schetrockner 30 min <\/span><\/td>\n<td style=\"width: 50%; text-align: right; height: 24px;\">30,-<\/td>\n<\/tr>\n<\/tbody>\n<\/table>\n<p>[\/et_pb_slide][et_pb_slide heading=&#8220;Feiertage&#8220; button_text=&#8220;Hier buchen&#8220; button_link=&#8220;https:\/\/booking.ebeltoftstrandcamping.dk\/daybooking\/step1?cId=337&amp;lc=de&amp;wid=1&#8243; _builder_version=&#8220;4.27.4&#8243; _module_preset=&#8220;default&#8220; header_level=&#8220;h2&#8243; custom_button=&#8220;on&#8220; button_text_color=&#8220;#FFFFFF&#8220; button_bg_color=&#8220;gcid-64bcecb8-1e08-4484-8de3-a2058d1920a9&#8243; button_border_radius=&#8220;20px&#8220; background_layout=&#8220;light&#8220; hover_enabled=&#8220;0&#8243; global_colors_info=&#8220;{%22gcid-64bcecb8-1e08-4484-8de3-a2058d1920a9%22:%91%22button_bg_color%22%93}&#8220; sticky_transition=&#8220;on&#8220; sticky_enabled=&#8220;0&#8243;]<\/p>\n<p>Himmelfahrt &amp; Pfingsten<\/p>\n<p>Preise pro Tag.<\/p>\n<p>&nbsp;<\/p>\n<table border=\"1\" style=\"border-collapse: collapse; width: 100%; height: 432px;\">\n<tbody>\n<tr style=\"height: 24px;\">\n<td style=\"width: 49.8382%; height: 24px;\"><span>F\u00fcr Erwachsene<\/span><\/td>\n<td width=\"129\" style=\"width: 50%; text-align: right; height: 24px;\">130,-<\/td>\n<\/tr>\n<tr style=\"height: 24px;\">\n<td style=\"width: 49.8382%; height: 24px;\"><span>Kinder 0-11 Jahre<\/span><\/td>\n<td style=\"width: 50%; text-align: right; height: 24px;\">85,-<\/td>\n<\/tr>\n<tr style=\"height: 24px;\">\n<td style=\"width: 49.8382%; height: 24px;\"><span>Hund<\/span><\/td>\n<td style=\"width: 50%; text-align: right; height: 24px;\">30,-<\/td>\n<\/tr>\n<tr style=\"height: 24px;\">\n<td style=\"width: 49.8382%; height: 24px;\">Leistung pro Kwh <\/td>\n<td width=\"129\" style=\"width: 50%; text-align: right; height: 24px;\">5,-<\/td>\n<\/tr>\n<tr style=\"height: 24px;\">\n<td style=\"width: 49.8382%; height: 24px;\">Verbindung<\/td>\n<td style=\"width: 50%; text-align: right; height: 24px;\">15,-<\/td>\n<\/tr>\n<tr style=\"height: 24px;\">\n<td style=\"width: 49.8382%; height: 24px;\">Sitzplatzgeb\u00fchr<\/td>\n<td style=\"width: 50%; text-align: right; height: 24px;\">190,-<\/td>\n<\/tr>\n<tr style=\"height: 24px;\">\n<td style=\"width: 49.8382%; height: 24px;\">Sitzplatzzuschlag 1. Reihe<\/td>\n<td style=\"width: 50%; text-align: right; height: 24px;\">135,-<\/td>\n<\/tr>\n<tr style=\"height: 48px;\">\n<td style=\"width: 49.8382%; height: 48px;\"><span>Sitzplatzgeb\u00fchr Blaue Pl\u00e4tze<\/span><\/td>\n<td style=\"width: 50%; text-align: right; height: 48px;\">130,-<\/td>\n<\/tr>\n<tr style=\"height: 48px;\">\n<td style=\"width: 49.8382%; height: 48px;\"><span>Fr\u00fches Einchecken pro Stunde vor 12 Uhr <\/span><\/td>\n<td style=\"width: 50%; text-align: right; height: 48px;\">40,-<\/td>\n<\/tr>\n<tr style=\"height: 24px;\">\n<td style=\"width: 49.8382%; height: 24px;\"><span>Buchungsgeb\u00fchr<\/span><\/td>\n<td style=\"width: 50%; text-align: right; height: 24px;\">100,-<\/td>\n<\/tr>\n<tr style=\"height: 24px;\">\n<td style=\"width: 49.8382%; height: 24px;\"><span>Tagesg\u00e4ste<\/span><\/td>\n<td style=\"width: 50%; text-align: right; height: 24px;\">30,-<\/td>\n<\/tr>\n<tr style=\"height: 24px;\">\n<td style=\"width: 49.8382%; height: 24px;\"><span>Badender Gast<\/span><\/td>\n<td style=\"width: 50%; text-align: right; height: 24px;\">80,-<\/td>\n<\/tr>\n<tr style=\"height: 24px;\">\n<td style=\"width: 49.8382%; height: 24px;\"><span>Internetzugang <\/span><\/td>\n<td style=\"width: 50%; text-align: right; height: 24px;\">0,- <\/td>\n<\/tr>\n<tr style=\"height: 48px;\">\n<td style=\"width: 49.8382%; height: 48px;\"><span>Waschmaschine pro Waschgang <\/span><\/td>\n<td style=\"width: 50%; text-align: right; height: 48px;\">30,- <\/td>\n<\/tr>\n<tr style=\"height: 24px;\">\n<td style=\"width: 49.8382%; height: 24px;\"><span>W\u00e4schetrockner 30 min <\/span><\/td>\n<td style=\"width: 50%; text-align: right; height: 24px;\">30,- <\/td>\n<\/tr>\n<\/tbody>\n<\/table>\n<p>[\/et_pb_slide][\/et_pb_slider][\/et_pb_column][\/et_pb_row][\/et_pb_section]<\/p>\n","protected":false},"excerpt":{"rendered":"<p>Liste der PreiseNebensaison 20\/3 &#8211; 25\/6 + 17\/8 &#8211; 18\/10 (keine Feiertage) Preise pro Tag. &nbsp; F\u00fcr Erwachsene 130,- Kinder 0-11 Jahre 85,- Hund 30,- Leistung pro Kwh 5,- Verbindung 15,- Sitzplatzgeb\u00fchr 85,- Sitzplatzzuschlag 1. Reihe 70,- Sitzplatzgeb\u00fchr Blaue Pl\u00e4tze 60,- Fr\u00fches Einchecken pro Stunde vor 12 Uhr 40,- Buchungsgeb\u00fchr 100,- Tagesg\u00e4ste 30,- Badender Gast [&hellip;]<\/p>\n","protected":false},"author":1,"featured_media":0,"parent":102579,"menu_order":0,"comment_status":"closed","ping_status":"closed","template":"","meta":{"_et_pb_use_builder":"on","_et_pb_old_content":"","_et_gb_content_width":"","footnotes":""},"folder":[],"class_list":["post-102406","page","type-page","status-publish","hentry"],"yoast_head":"<!-- This site is optimized with the Yoast SEO plugin v27.4 - https:\/\/yoast.com\/product\/yoast-seo-wordpress\/ -->\n<title>Campingpreise in J\u00fctland | Siehe Preisliste auf Ebeltoft Strand Camping<\/title>\n<meta name=\"description\" content=\"Verschaffen Sie sich einen \u00dcberblick \u00fcber die Preise f\u00fcr Camping in J\u00fctland auf Ebeltoft Strand Camping. Sehen Sie die saisonalen Preise, Stellplatztypen und Zuschl\u00e4ge - und planen Sie Ihren n\u00e4chsten Urlaub in der N\u00e4he von Strand und Natur.\" \/>\n<meta name=\"robots\" content=\"index, follow, max-snippet:-1, max-image-preview:large, max-video-preview:-1\" \/>\n<link rel=\"canonical\" href=\"https:\/\/ebeltoftstrandcamping.dk\/de\/camping-caravaning\/preisliste-fuer-camping\/\" \/>\n<meta property=\"og:locale\" content=\"de_DE\" \/>\n<meta property=\"og:type\" content=\"article\" \/>\n<meta property=\"og:title\" content=\"Campingpreise in J\u00fctland | Siehe Preisliste auf Ebeltoft Strand Camping\" \/>\n<meta property=\"og:description\" content=\"Verschaffen Sie sich einen \u00dcberblick \u00fcber die Preise f\u00fcr Camping in J\u00fctland auf Ebeltoft Strand Camping. Sehen Sie die saisonalen Preise, Stellplatztypen und Zuschl\u00e4ge - und planen Sie Ihren n\u00e4chsten Urlaub in der N\u00e4he von Strand und Natur.\" \/>\n<meta property=\"og:url\" content=\"https:\/\/ebeltoftstrandcamping.dk\/de\/camping-caravaning\/preisliste-fuer-camping\/\" \/>\n<meta property=\"og:site_name\" content=\"Ebeltoft Strand Camping\" \/>\n<meta property=\"article:publisher\" content=\"https:\/\/www.facebook.com\/ebeltoftstrandcamping\" \/>\n<meta property=\"article:modified_time\" content=\"2025-12-15T12:12:51+00:00\" \/>\n<meta property=\"og:image\" content=\"https:\/\/ebeltoftstrandcamping.dk\/wp-content\/uploads\/2025\/01\/Ebeltoft-360-px-high.png\" \/>\n\t<meta property=\"og:image:width\" content=\"1285\" \/>\n\t<meta property=\"og:image:height\" content=\"360\" \/>\n\t<meta property=\"og:image:type\" content=\"image\/png\" \/>\n<meta name=\"twitter:card\" content=\"summary_large_image\" \/>\n<meta name=\"twitter:label1\" content=\"Gesch\u00e4tzte Lesezeit\" \/>\n\t<meta name=\"twitter:data1\" content=\"5\u00a0Minuten\" \/>\n<script type=\"application\/ld+json\" class=\"yoast-schema-graph\">{\"@context\":\"https:\\\/\\\/schema.org\",\"@graph\":[{\"@type\":\"WebPage\",\"@id\":\"https:\\\/\\\/ebeltoftstrandcamping.dk\\\/de\\\/camping-caravaning\\\/preisliste-fuer-camping\\\/\",\"url\":\"https:\\\/\\\/ebeltoftstrandcamping.dk\\\/de\\\/camping-caravaning\\\/preisliste-fuer-camping\\\/\",\"name\":\"Campingpreise in J\u00fctland | Siehe Preisliste auf Ebeltoft Strand Camping\",\"isPartOf\":{\"@id\":\"https:\\\/\\\/ebeltoftstrandcamping.dk\\\/de\\\/#website\"},\"datePublished\":\"2024-11-17T13:40:02+00:00\",\"dateModified\":\"2025-12-15T12:12:51+00:00\",\"description\":\"Verschaffen Sie sich einen \u00dcberblick \u00fcber die Preise f\u00fcr Camping in J\u00fctland auf Ebeltoft Strand Camping. Sehen Sie die saisonalen Preise, Stellplatztypen und Zuschl\u00e4ge - und planen Sie Ihren n\u00e4chsten Urlaub in der N\u00e4he von Strand und Natur.\",\"breadcrumb\":{\"@id\":\"https:\\\/\\\/ebeltoftstrandcamping.dk\\\/de\\\/camping-caravaning\\\/preisliste-fuer-camping\\\/#breadcrumb\"},\"inLanguage\":\"de\",\"potentialAction\":[{\"@type\":\"ReadAction\",\"target\":[\"https:\\\/\\\/ebeltoftstrandcamping.dk\\\/de\\\/camping-caravaning\\\/preisliste-fuer-camping\\\/\"]}]},{\"@type\":\"BreadcrumbList\",\"@id\":\"https:\\\/\\\/ebeltoftstrandcamping.dk\\\/de\\\/camping-caravaning\\\/preisliste-fuer-camping\\\/#breadcrumb\",\"itemListElement\":[{\"@type\":\"ListItem\",\"position\":1,\"name\":\"Home\",\"item\":\"https:\\\/\\\/ebeltoftstrandcamping.dk\\\/de\\\/startseite\\\/\"},{\"@type\":\"ListItem\",\"position\":2,\"name\":\"Camping &amp; Caravaning\",\"item\":\"https:\\\/\\\/ebeltoftstrandcamping.dk\\\/de\\\/camping-caravaning\\\/\"},{\"@type\":\"ListItem\",\"position\":3,\"name\":\"Preisliste f\u00fcr Camping\"}]},{\"@type\":\"WebSite\",\"@id\":\"https:\\\/\\\/ebeltoftstrandcamping.dk\\\/de\\\/#website\",\"url\":\"https:\\\/\\\/ebeltoftstrandcamping.dk\\\/de\\\/\",\"name\":\"Ebeltoft Strand Camping\",\"description\":\"Din n\u00e6ste campingferie\",\"publisher\":{\"@id\":\"https:\\\/\\\/ebeltoftstrandcamping.dk\\\/de\\\/#organization\"},\"potentialAction\":[{\"@type\":\"SearchAction\",\"target\":{\"@type\":\"EntryPoint\",\"urlTemplate\":\"https:\\\/\\\/ebeltoftstrandcamping.dk\\\/de\\\/?s={search_term_string}\"},\"query-input\":{\"@type\":\"PropertyValueSpecification\",\"valueRequired\":true,\"valueName\":\"search_term_string\"}}],\"inLanguage\":\"de\"},{\"@type\":\"Organization\",\"@id\":\"https:\\\/\\\/ebeltoftstrandcamping.dk\\\/de\\\/#organization\",\"name\":\"Ebeltoft Strand Camping\",\"url\":\"https:\\\/\\\/ebeltoftstrandcamping.dk\\\/de\\\/\",\"logo\":{\"@type\":\"ImageObject\",\"inLanguage\":\"de\",\"@id\":\"https:\\\/\\\/ebeltoftstrandcamping.dk\\\/de\\\/#\\\/schema\\\/logo\\\/image\\\/\",\"url\":\"https:\\\/\\\/ebeltoftstrandcamping.dk\\\/wp-content\\\/uploads\\\/2025\\\/01\\\/Ebeltoft-360-px-high.png\",\"contentUrl\":\"https:\\\/\\\/ebeltoftstrandcamping.dk\\\/wp-content\\\/uploads\\\/2025\\\/01\\\/Ebeltoft-360-px-high.png\",\"width\":1285,\"height\":360,\"caption\":\"Ebeltoft Strand Camping\"},\"image\":{\"@id\":\"https:\\\/\\\/ebeltoftstrandcamping.dk\\\/de\\\/#\\\/schema\\\/logo\\\/image\\\/\"},\"sameAs\":[\"https:\\\/\\\/www.facebook.com\\\/ebeltoftstrandcamping\",\"https:\\\/\\\/www.instagram.com\\\/ebeltoftstrandcamping\\\/\"]}]}<\/script>\n<!-- \/ Yoast SEO plugin. -->","yoast_head_json":{"title":"Campingpreise in J\u00fctland | Siehe Preisliste auf Ebeltoft Strand Camping","description":"Verschaffen Sie sich einen \u00dcberblick \u00fcber die Preise f\u00fcr Camping in J\u00fctland auf Ebeltoft Strand Camping. Sehen Sie die saisonalen Preise, Stellplatztypen und Zuschl\u00e4ge - und planen Sie Ihren n\u00e4chsten Urlaub in der N\u00e4he von Strand und Natur.","robots":{"index":"index","follow":"follow","max-snippet":"max-snippet:-1","max-image-preview":"max-image-preview:large","max-video-preview":"max-video-preview:-1"},"canonical":"https:\/\/ebeltoftstrandcamping.dk\/de\/camping-caravaning\/preisliste-fuer-camping\/","og_locale":"de_DE","og_type":"article","og_title":"Campingpreise in J\u00fctland | Siehe Preisliste auf Ebeltoft Strand Camping","og_description":"Verschaffen Sie sich einen \u00dcberblick \u00fcber die Preise f\u00fcr Camping in J\u00fctland auf Ebeltoft Strand Camping. Sehen Sie die saisonalen Preise, Stellplatztypen und Zuschl\u00e4ge - und planen Sie Ihren n\u00e4chsten Urlaub in der N\u00e4he von Strand und Natur.","og_url":"https:\/\/ebeltoftstrandcamping.dk\/de\/camping-caravaning\/preisliste-fuer-camping\/","og_site_name":"Ebeltoft Strand Camping","article_publisher":"https:\/\/www.facebook.com\/ebeltoftstrandcamping","article_modified_time":"2025-12-15T12:12:51+00:00","og_image":[{"width":1285,"height":360,"url":"https:\/\/ebeltoftstrandcamping.dk\/wp-content\/uploads\/2025\/01\/Ebeltoft-360-px-high.png","type":"image\/png"}],"twitter_card":"summary_large_image","twitter_misc":{"Gesch\u00e4tzte Lesezeit":"5\u00a0Minuten"},"schema":{"@context":"https:\/\/schema.org","@graph":[{"@type":"WebPage","@id":"https:\/\/ebeltoftstrandcamping.dk\/de\/camping-caravaning\/preisliste-fuer-camping\/","url":"https:\/\/ebeltoftstrandcamping.dk\/de\/camping-caravaning\/preisliste-fuer-camping\/","name":"Campingpreise in J\u00fctland | Siehe Preisliste auf Ebeltoft Strand Camping","isPartOf":{"@id":"https:\/\/ebeltoftstrandcamping.dk\/de\/#website"},"datePublished":"2024-11-17T13:40:02+00:00","dateModified":"2025-12-15T12:12:51+00:00","description":"Verschaffen Sie sich einen \u00dcberblick \u00fcber die Preise f\u00fcr Camping in J\u00fctland auf Ebeltoft Strand Camping. Sehen Sie die saisonalen Preise, Stellplatztypen und Zuschl\u00e4ge - und planen Sie Ihren n\u00e4chsten Urlaub in der N\u00e4he von Strand und Natur.","breadcrumb":{"@id":"https:\/\/ebeltoftstrandcamping.dk\/de\/camping-caravaning\/preisliste-fuer-camping\/#breadcrumb"},"inLanguage":"de","potentialAction":[{"@type":"ReadAction","target":["https:\/\/ebeltoftstrandcamping.dk\/de\/camping-caravaning\/preisliste-fuer-camping\/"]}]},{"@type":"BreadcrumbList","@id":"https:\/\/ebeltoftstrandcamping.dk\/de\/camping-caravaning\/preisliste-fuer-camping\/#breadcrumb","itemListElement":[{"@type":"ListItem","position":1,"name":"Home","item":"https:\/\/ebeltoftstrandcamping.dk\/de\/startseite\/"},{"@type":"ListItem","position":2,"name":"Camping &amp; Caravaning","item":"https:\/\/ebeltoftstrandcamping.dk\/de\/camping-caravaning\/"},{"@type":"ListItem","position":3,"name":"Preisliste f\u00fcr Camping"}]},{"@type":"WebSite","@id":"https:\/\/ebeltoftstrandcamping.dk\/de\/#website","url":"https:\/\/ebeltoftstrandcamping.dk\/de\/","name":"Ebeltoft Strand Camping","description":"Din n\u00e6ste campingferie","publisher":{"@id":"https:\/\/ebeltoftstrandcamping.dk\/de\/#organization"},"potentialAction":[{"@type":"SearchAction","target":{"@type":"EntryPoint","urlTemplate":"https:\/\/ebeltoftstrandcamping.dk\/de\/?s={search_term_string}"},"query-input":{"@type":"PropertyValueSpecification","valueRequired":true,"valueName":"search_term_string"}}],"inLanguage":"de"},{"@type":"Organization","@id":"https:\/\/ebeltoftstrandcamping.dk\/de\/#organization","name":"Ebeltoft Strand Camping","url":"https:\/\/ebeltoftstrandcamping.dk\/de\/","logo":{"@type":"ImageObject","inLanguage":"de","@id":"https:\/\/ebeltoftstrandcamping.dk\/de\/#\/schema\/logo\/image\/","url":"https:\/\/ebeltoftstrandcamping.dk\/wp-content\/uploads\/2025\/01\/Ebeltoft-360-px-high.png","contentUrl":"https:\/\/ebeltoftstrandcamping.dk\/wp-content\/uploads\/2025\/01\/Ebeltoft-360-px-high.png","width":1285,"height":360,"caption":"Ebeltoft Strand Camping"},"image":{"@id":"https:\/\/ebeltoftstrandcamping.dk\/de\/#\/schema\/logo\/image\/"},"sameAs":["https:\/\/www.facebook.com\/ebeltoftstrandcamping","https:\/\/www.instagram.com\/ebeltoftstrandcamping\/"]}]}},"_links":{"self":[{"href":"https:\/\/ebeltoftstrandcamping.dk\/de\/wp-json\/wp\/v2\/pages\/102406","targetHints":{"allow":["GET"]}}],"collection":[{"href":"https:\/\/ebeltoftstrandcamping.dk\/de\/wp-json\/wp\/v2\/pages"}],"about":[{"href":"https:\/\/ebeltoftstrandcamping.dk\/de\/wp-json\/wp\/v2\/types\/page"}],"author":[{"embeddable":true,"href":"https:\/\/ebeltoftstrandcamping.dk\/de\/wp-json\/wp\/v2\/users\/1"}],"replies":[{"embeddable":true,"href":"https:\/\/ebeltoftstrandcamping.dk\/de\/wp-json\/wp\/v2\/comments?post=102406"}],"version-history":[{"count":25,"href":"https:\/\/ebeltoftstrandcamping.dk\/de\/wp-json\/wp\/v2\/pages\/102406\/revisions"}],"predecessor-version":[{"id":104370,"href":"https:\/\/ebeltoftstrandcamping.dk\/de\/wp-json\/wp\/v2\/pages\/102406\/revisions\/104370"}],"up":[{"embeddable":true,"href":"https:\/\/ebeltoftstrandcamping.dk\/de\/wp-json\/wp\/v2\/pages\/102579"}],"wp:attachment":[{"href":"https:\/\/ebeltoftstrandcamping.dk\/de\/wp-json\/wp\/v2\/media?parent=102406"}],"wp:term":[{"taxonomy":"folder","embeddable":true,"href":"https:\/\/ebeltoftstrandcamping.dk\/de\/wp-json\/wp\/v2\/folder?post=102406"}],"curies":[{"name":"wp","href":"https:\/\/api.w.org\/{rel}","templated":true}]}}