{"id":102381,"date":"2024-11-17T14:40:03","date_gmt":"2024-11-17T13:40:03","guid":{"rendered":"https:\/\/ebeltoftstrandcamping.dk\/festes-bett\/"},"modified":"2025-12-15T13:13:53","modified_gmt":"2025-12-15T12:13:53","slug":"festes-bett","status":"publish","type":"page","link":"https:\/\/ebeltoftstrandcamping.dk\/de\/camping-caravaning\/festes-bett\/","title":{"rendered":"Festes Bett"},"content":{"rendered":"<p>[et_pb_section fb_built=&#8220;1&#8243; _builder_version=&#8220;4.27.4&#8243; _module_preset=&#8220;default&#8220; use_background_color_gradient=&#8220;on&#8220; background_color_gradient_direction=&#8220;45deg&#8220; background_color_gradient_stops=&#8220;rgba(0,0,0,0.6) 0%|rgba(0,0,0,0.6) 100%&#8220; background_color_gradient_overlays_image=&#8220;on&#8220; background_image=&#8220;https:\/\/ebeltoftstrandcamping.dk\/wp-content\/uploads\/2025\/01\/ESC_CAMPLIFE-2420-11920&#215;840-1.jpg&#8220; height=&#8220;400px&#8220; height_tablet=&#8220;350px&#8220; height_phone=&#8220;350px&#8220; height_last_edited=&#8220;on|phone&#8220; global_colors_info=&#8220;{}&#8220;][et_pb_row _builder_version=&#8220;4.17.3&#8243; _module_preset=&#8220;default&#8220; custom_padding=&#8220;||0px||false|false&#8220; global_colors_info=&#8220;{}&#8220;][et_pb_column type=&#8220;4_4&#8243; _builder_version=&#8220;4.17.3&#8243; _module_preset=&#8220;default&#8220; global_colors_info=&#8220;{}&#8220;][et_pb_text _builder_version=&#8220;4.17.3&#8243; _module_preset=&#8220;default&#8220; header_font=&#8220;||||||||&#8220; header_text_color=&#8220;#FFFFFF&#8220; header_2_text_color=&#8220;#FFFFFF&#8220; custom_margin=&#8220;||0px||false|false&#8220; border_color_all=&#8220;gcid-7ce7b00a-a0f7-4559-8af2-0adef5afd391&#8243; global_colors_info=&#8220;{%22gcid-7ce7b00a-a0f7-4559-8af2-0adef5afd391%22:%91%22border_color_all%22%93}&#8220;]<\/p>\n<h1>Dauerhaft auf dem Ebeltoft Strand Camping<\/h1>\n<p>[\/et_pb_text][\/et_pb_column][\/et_pb_row][et_pb_row _builder_version=&#8220;4.17.3&#8243; _module_preset=&#8220;default&#8220; custom_padding=&#8220;0px||||false|false&#8220; global_colors_info=&#8220;{}&#8220;][et_pb_column type=&#8220;4_4&#8243; _builder_version=&#8220;4.17.3&#8243; _module_preset=&#8220;default&#8220; global_colors_info=&#8220;{}&#8220;][et_pb_divider color=&#8220;gcid-7ce7b00a-a0f7-4559-8af2-0adef5afd391&#8243; _builder_version=&#8220;4.17.3&#8243; _module_preset=&#8220;default&#8220; height=&#8220;0px&#8220; custom_margin=&#8220;||0px||false|false&#8220; custom_padding=&#8220;||||false|false&#8220; global_colors_info=&#8220;{%22gcid-7ce7b00a-a0f7-4559-8af2-0adef5afd391%22:%91%22border_color_right%22,%22color%22%93}&#8220;][\/et_pb_divider][et_pb_divider show_divider=&#8220;off&#8220; admin_label=&#8220;Point right bottom&#8220; module_class=&#8220;dot-right-bottom sub-page-dot&#8220; _builder_version=&#8220;4.17.3&#8243; _module_preset=&#8220;default&#8220; height=&#8220;25px&#8220; border_width_right=&#8220;1px&#8220; border_color_right=&#8220;gcid-7ce7b00a-a0f7-4559-8af2-0adef5afd391&#8243; global_colors_info=&#8220;{%22gcid-7ce7b00a-a0f7-4559-8af2-0adef5afd391%22:%91%22border_color_right%22%93}&#8220;][\/et_pb_divider][\/et_pb_column][\/et_pb_row][\/et_pb_section][et_pb_section fb_built=&#8220;1&#8243; _builder_version=&#8220;4.27.3&#8243; _module_preset=&#8220;default&#8220; background_color=&#8220;RGBA(255,255,255,0)&#8220; bottom_divider_style=&#8220;curve&#8220; bottom_divider_color=&#8220;gcid-64bcecb8-1e08-4484-8de3-a2058d1920a9&#8243; bottom_divider_flip=&#8220;vertical&#8220; global_colors_info=&#8220;{%22gcid-64bcecb8-1e08-4484-8de3-a2058d1920a9%22:%91%22bottom_divider_color%22%93}&#8220;][et_pb_row _builder_version=&#8220;4.27.3&#8243; _module_preset=&#8220;default&#8220; custom_padding=&#8220;0px||35px||false|false&#8220; global_colors_info=&#8220;{}&#8220;][et_pb_column type=&#8220;4_4&#8243; _builder_version=&#8220;4.17.3&#8243; _module_preset=&#8220;default&#8220; custom_padding=&#8220;25px||||false|false&#8220; global_colors_info=&#8220;{}&#8220;][et_pb_text _builder_version=&#8220;4.27.3&#8243; _module_preset=&#8220;default&#8220; text_font=&#8220;||||||||&#8220; text_line_height=&#8220;1.8em&#8220; global_colors_info=&#8220;{}&#8220;]<\/p>\n<p>Mit einem Saisonplatz auf Ebeltoft Strand Camping haben Sie die M\u00f6glichkeit, sich einfach zu entspannen. Der Wohnwagen ist bei Ihrer Ankunft immer einsatzbereit, so dass Sie viel Zeit f\u00fcr einen Strandspaziergang, einen Einkaufsbummel in der Stadt, einen Kinobesuch oder einfach nur die Saison und die sch\u00f6nen Stunden im Wohnwagen genie\u00dfen k\u00f6nnen. <\/p>\n<p>[\/et_pb_text][\/et_pb_column][\/et_pb_row][et_pb_row _builder_version=&#8220;4.27.4&#8243; _module_preset=&#8220;default&#8220; custom_margin=&#8220;||40px||false|false&#8220; custom_margin_tablet=&#8220;||40px||false|false&#8220; custom_margin_phone=&#8220;||40px||false|false&#8220; custom_margin_last_edited=&#8220;on|desktop&#8220; global_colors_info=&#8220;{}&#8220;][et_pb_column type=&#8220;4_4&#8243; _builder_version=&#8220;4.27.3&#8243; _module_preset=&#8220;default&#8220; global_colors_info=&#8220;{}&#8220;][difi_pricing_slider first_feature_label=&#8220;Periode&#8220; second_feature_label=&#8220;Ekstra person&#8220; third_feature_label=&#8220;Hund&#8220; fourth_feature_label=&#8220;Enkelkinder&#8220; order_button_text=&#8220;Jetzt Buchen&#8220; accent_color=&#8220;gcid-64bcecb8-1e08-4484-8de3-a2058d1920a9&#8243; _builder_version=&#8220;4.27.4&#8243; _module_preset=&#8220;default&#8220; custom_margin=&#8220;||||false|false&#8220; custom_padding=&#8220;||||false|false&#8220; hover_enabled=&#8220;0&#8243; custom_css_main_element=&#8220;.flex.items-center.justify-center.slider-btns {||background-color: #0b70b6;||color: White;||  ||}&#8220; border_radii=&#8220;on|10px|10px|10px|10px&#8220; border_color_all=&#8220;gcid-7ce7b00a-a0f7-4559-8af2-0adef5afd391&#8243; box_shadow_style=&#8220;preset1&#8243; global_module=&#8220;103666&#8243; saved_tabs=&#8220;all&#8220; global_colors_info=&#8220;{%22gcid-64bcecb8-1e08-4484-8de3-a2058d1920a9%22:%91%22accent_color%22%93,%22gcid-7ce7b00a-a0f7-4559-8af2-0adef5afd391%22:%91%22border_color_all%22%93}&#8220; sticky_enabled=&#8220;0&#8243;][difi_pricing_slider_child title=&#8220;Saison 2025&#8243; price=&#8220;18.200,-&#8220; first_feature=&#8220;21. marts til 19. oktober&#8220; second_feature=&#8220;1.200,-&#8220; third_feature=&#8220;500,-&#8220; fourth_feature=&#8220;1.400,-&#8220; button_url=&#8220;https:\/\/ebeltoft.bookonline.dk\/ebeltoftstrandcamping?lang=da&#8220; button_url_new_window=&#8220;1&#8243; _builder_version=&#8220;4.27.4&#8243; _module_preset=&#8220;default&#8220; global_colors_info=&#8220;{}&#8220;][\/difi_pricing_slider_child][difi_pricing_slider_child title=&#8220;Fr\u00fchling 2025&#8243; price=&#8220;7.700,-&#8220; first_feature=&#8220;21. marts til 29. juni&#8220; second_feature=&#8220;900,-&#8220; third_feature=&#8220;250.-&#8220; fourth_feature=&#8220;900,-&#8220; button_url=&#8220;https:\/\/ebeltoft.bookonline.dk\/ebeltoftstrandcamping?lang=da&#8220; button_url_new_window=&#8220;1&#8243; _builder_version=&#8220;4.27.4&#8243; _module_preset=&#8220;default&#8220; global_colors_info=&#8220;{}&#8220;][\/difi_pricing_slider_child][difi_pricing_slider_child title=&#8220;Herbst 2025&#8243; price=&#8220;4.400,-&#8220; first_feature=&#8220;8. august til 19. oktober&#8220; second_feature=&#8220;900,-&#8220; third_feature=&#8220;250,-&#8220; fourth_feature=&#8220;900,-&#8220; button_url=&#8220;https:\/\/ebeltoft.bookonline.dk\/ebeltoftstrandcamping?lang=da&#8220; button_url_new_window=&#8220;1&#8243; _builder_version=&#8220;4.27.4&#8243; _module_preset=&#8220;default&#8220; global_colors_info=&#8220;{}&#8220;][\/difi_pricing_slider_child][difi_pricing_slider_child title=&#8220;Fr\u00fchwinter 2025\/26&#8243; price=&#8220;5.200,-&#8220; first_feature=&#8220;12. september til 8. marts&#8220; second_feature=&#8220;900,-&#8220; third_feature=&#8220;250,-&#8220; fourth_feature=&#8220;900,-&#8220; button_url=&#8220;https:\/\/ebeltoft.bookonline.dk\/ebeltoftstrandcamping?lang=da&#8220; button_url_new_window=&#8220;1&#8243; _builder_version=&#8220;4.27.4&#8243; _module_preset=&#8220;default&#8220; global_colors_info=&#8220;{}&#8220;][\/difi_pricing_slider_child][difi_pricing_slider_child title=&#8220;Winter 2025\/26&#8243; price=&#8220;4.000,-&#8220; first_feature=&#8220;19. oktober til 8. marts&#8220; second_feature=&#8220;900,-&#8220; third_feature=&#8220;250,-&#8220; fourth_feature=&#8220;900,-&#8220; button_url=&#8220;https:\/\/ebeltoft.bookonline.dk\/ebeltoftstrandcamping?lang=da&#8220; button_url_new_window=&#8220;1&#8243; _builder_version=&#8220;4.27.4&#8243; _module_preset=&#8220;default&#8220; global_colors_info=&#8220;{}&#8220;][\/difi_pricing_slider_child][\/difi_pricing_slider][\/et_pb_column][\/et_pb_row][\/et_pb_section][et_pb_section fb_built=&#8220;1&#8243; _builder_version=&#8220;4.27.3&#8243; _module_preset=&#8220;default&#8220; top_divider_style=&#8220;curve&#8220; top_divider_color=&#8220;gcid-64bcecb8-1e08-4484-8de3-a2058d1920a9&#8243; top_divider_flip=&#8220;vertical&#8220; global_colors_info=&#8220;{%22gcid-64bcecb8-1e08-4484-8de3-a2058d1920a9%22:%91%22top_divider_color%22%93}&#8220;][et_pb_row column_structure=&#8220;1_2,1_2&#8243; _builder_version=&#8220;4.27.3&#8243; _module_preset=&#8220;default&#8220; global_colors_info=&#8220;{}&#8220;][et_pb_column type=&#8220;1_2&#8243; _builder_version=&#8220;4.27.3&#8243; _module_preset=&#8220;default&#8220; global_colors_info=&#8220;{}&#8220;][et_pb_image src=&#8220;https:\/\/ebeltoftstrandcamping.dk\/wp-content\/uploads\/2025\/01\/DSC02947-1-1900&#215;600-1.jpg&#8220; title_text=&#8220;DSC02947 (1) (1)900&#215;600&#8243; _builder_version=&#8220;4.27.4&#8243; _module_preset=&#8220;default&#8220; global_colors_info=&#8220;{}&#8220;][\/et_pb_image][\/et_pb_column][et_pb_column type=&#8220;1_2&#8243; _builder_version=&#8220;4.27.3&#8243; _module_preset=&#8220;default&#8220; global_colors_info=&#8220;{}&#8220;][et_pb_heading title=&#8220;Pool f\u00fcr Spa\u00df und Entspannung&#8220; _builder_version=&#8220;4.27.3&#8243; _module_preset=&#8220;default&#8220; title_level=&#8220;h4&#8243; title_text_align=&#8220;left&#8220; global_colors_info=&#8220;{}&#8220;][\/et_pb_heading][et_pb_text _builder_version=&#8220;4.27.3&#8243; _module_preset=&#8220;default&#8220; global_colors_info=&#8220;{}&#8220;]<\/p>\n<p>Ebeltoft Strand Camping bietet einen fantastischen Pool, der der perfekte Ort ist, um Zeit mit der Familie zu verbringen. Als Dauerbewohner haben Sie freien Zugang zum Pool, der von Pfingsten bis Mitte August ge\u00f6ffnet ist und ideal f\u00fcr Kinder jeden Alters ist. <\/p>\n<p>Der Poolbereich verf\u00fcgt \u00fcber ein gro\u00dfes Kinderbecken, in dem die Kleinen spielen und im Wasser herumplanschen k\u00f6nnen. F\u00fcr \u00e4ltere Kinder und Erwachsene gibt es einen etwas tieferen Pool mit viel Platz, um das Wasser zu genie\u00dfen und Spa\u00df zu haben. Es gibt auch die M\u00f6glichkeit, sich auf den Sonnenliegen am Pool zu entspannen und die Sonne zu genie\u00dfen. Der Pool ist ein beliebter Ort bei den G\u00e4sten des Ebeltoft Strand Camping und es ist leicht zu verstehen, warum.   <\/p>\n<p>Wenn Sie also auf der Suche nach Spa\u00df und Entspannung im Wasser sind, ist der Pool auf Ebeltoft Strand Camping der perfekte Ort f\u00fcr Sie und Ihre Familie. Besuchen Sie <a href=\"https:\/\/ebeltoftstrandcamping.dk\/de\/das-quadrat\/pool\/\">ebeltoftstrandcamping.dk\/pladsen\/pool\/<\/a> f\u00fcr weitere Informationen <\/p>\n<p>[\/et_pb_text][\/et_pb_column][\/et_pb_row][et_pb_row column_structure=&#8220;1_2,1_2&#8243; _builder_version=&#8220;4.27.3&#8243; _module_preset=&#8220;default&#8220; custom_padding=&#8220;37px|||||&#8220; global_colors_info=&#8220;{}&#8220;][et_pb_column type=&#8220;1_2&#8243; _builder_version=&#8220;4.27.3&#8243; _module_preset=&#8220;default&#8220; global_colors_info=&#8220;{}&#8220;][et_pb_heading title=&#8220;Genie\u00dfen Sie die Umgebung&#8220; _builder_version=&#8220;4.27.3&#8243; _module_preset=&#8220;default&#8220; title_level=&#8220;h4&#8243; global_colors_info=&#8220;{}&#8220;][\/et_pb_heading][et_pb_text _builder_version=&#8220;4.27.3&#8243; _module_preset=&#8220;default&#8220; global_colors_info=&#8220;{}&#8220;]<\/p>\n<p>Ebeltoft Strand Camping ist wundersch\u00f6n gelegen, direkt an einem sch\u00f6nen, kinderfreundlichen Strand und in der N\u00e4he der sch\u00f6nen H\u00fcgellandschaft, die der Nationalpark Mols Bjerge zu bieten hat. Ganz in der N\u00e4he von Ebeltoft finden Sie eine Vielzahl von Attraktionen und Aktivit\u00e4ten f\u00fcr die ganze Familie. Wenn Sie auf Ebeltoft Strand Camping \u00fcbernachten, haben Sie gen\u00fcgend Zeit, all das zu erkunden. <\/p>\n<p>Machen Sie einen Spaziergang vom Marktplatz hinauf zur charmanten alten Fu\u00dfg\u00e4ngerzone in Ebeltoft, entdecken Sie das Alte Rathaus, Farverg\u00e5rden und Fregatten Jylland. Genie\u00dfen Sie ein k\u00f6stliches Mittagessen in der Sonne auf dem Marktplatz oder besuchen Sie einen der vielen lokalen Spezialit\u00e4tenl\u00e4den, die mit k\u00f6stlichen Waren \u00fcberquellen. Die Gegend bietet auch fantastische Radwege, Wanderungen im Nationalpark und Segelt\u00f6rns entlang der K\u00fcste.  <\/p>\n<p>Ebeltoft Strand Camping liegt im Zentrum einer der sch\u00f6nsten Gegenden D\u00e4nemarks, und als st\u00e4ndiger Bewohner k\u00f6nnen Sie all das genie\u00dfen, was die lokale Natur und Kultur zu bieten hat.<\/p>\n<p>[\/et_pb_text][\/et_pb_column][et_pb_column type=&#8220;1_2&#8243; _builder_version=&#8220;4.27.3&#8243; _module_preset=&#8220;default&#8220; global_colors_info=&#8220;{}&#8220;][et_pb_image src=&#8220;https:\/\/ebeltoftstrandcamping.dk\/wp-content\/uploads\/2025\/01\/ESC_CAMPLIFE-2271-1900&#215;600-1.jpg&#8220; title_text=&#8220;ESC_CAMPLIFE-2271 (1)900&#215;600&#8243; _builder_version=&#8220;4.27.4&#8243; _module_preset=&#8220;default&#8220; locked=&#8220;off&#8220; global_colors_info=&#8220;{}&#8220;][\/et_pb_image][\/et_pb_column][\/et_pb_row][et_pb_row column_structure=&#8220;1_2,1_2&#8243; _builder_version=&#8220;4.27.3&#8243; _module_preset=&#8220;default&#8220; global_colors_info=&#8220;{}&#8220;][et_pb_column type=&#8220;1_2&#8243; _builder_version=&#8220;4.27.3&#8243; _module_preset=&#8220;default&#8220; global_colors_info=&#8220;{}&#8220;][et_pb_image src=&#8220;https:\/\/ebeltoftstrandcamping.dk\/wp-content\/uploads\/2025\/01\/ESC_CAMPLIFE-2523-2900&#215;600-1.jpg&#8220; title_text=&#8220;ESC_CAMPLIFE-2523 (2)900&#215;600&#8243; disabled_on=&#8220;on|on|off&#8220; _builder_version=&#8220;4.27.4&#8243; _module_preset=&#8220;default&#8220; global_colors_info=&#8220;{}&#8220;][\/et_pb_image][\/et_pb_column][et_pb_column type=&#8220;1_2&#8243; _builder_version=&#8220;4.27.3&#8243; _module_preset=&#8220;default&#8220; global_colors_info=&#8220;{}&#8220;][et_pb_heading title=&#8220;Minigolf und andere Aktivit\u00e4ten&#8220; _builder_version=&#8220;4.27.3&#8243; _module_preset=&#8220;default&#8220; title_level=&#8220;h4&#8243; title_text_align=&#8220;left&#8220; global_colors_info=&#8220;{}&#8220;][\/et_pb_heading][et_pb_text _builder_version=&#8220;4.27.3&#8243; _module_preset=&#8220;default&#8220; global_colors_info=&#8220;{}&#8220;]<\/p>\n<p>Ebeltoft Strand Camping ist bekannt f\u00fcr sein breites Angebot an Aktivit\u00e4ten, und eine der beliebtesten ist Minigolf. Der Minigolfplatz ist f\u00fcr jedermann zug\u00e4nglich und ist eine lustige Art, sich mit Familie und Freunden zu messen. <\/p>\n<p>Neben Minigolf k\u00f6nnen Sie auch ein Kajak oder SUP-Board mieten und einen Ausflug auf der Ebeltoft Vig unternehmen. Wenn Sie dauerhaft hier wohnen, bringen Sie oft Ihre Fahrr\u00e4der mit. Direkt vor dem Campingplatz gibt es einen Radweg nach Ahl und Mols, also packen Sie einen Picknickkorb und nehmen Sie Ihr Fahrrad f\u00fcr ein Abenteuer in der fantastischen Natur der Gegend. <\/p>\n<p>Weitere Aktivit\u00e4ten auf dem Platz sind ein Ballspielplatz, Tischtennis im Freien, eine H\u00fcpfburg, ein Karussell und Mooncars. An Feiertagswochenenden und in der Hochsaison haben wir auch in Hyggetantens V\u00e6rksted ge\u00f6ffnet. Sie k\u00f6nnen unsere Aktivit\u00e4ten verfolgen, wenn Sie in Ebeltoft Strand Camping eingecheckt sind, in der Go Visit App oder in unserem Aktivit\u00e4tskalender <a href=\"https:\/\/ebeltoftstrandcamping.dk\/de\/das-quadrat\/aktivitaetskalender\/\">hier<\/a>. <\/p>\n<p>[\/et_pb_text][\/et_pb_column][\/et_pb_row][\/et_pb_section][et_pb_section fb_built=&#8220;1&#8243; _builder_version=&#8220;4.27.3&#8243; _module_preset=&#8220;default&#8220; background_color=&#8220;gcid-d70a5a6a-d90d-43f0-b48d-3d8f33a6130e&#8220; global_colors_info=&#8220;{%22gcid-d70a5a6a-d90d-43f0-b48d-3d8f33a6130e%22:%91%22background_color%22%93}&#8220;][et_pb_row _builder_version=&#8220;4.27.3&#8243; _module_preset=&#8220;default&#8220; global_colors_info=&#8220;{}&#8220;][et_pb_column type=&#8220;4_4&#8243; _builder_version=&#8220;4.27.3&#8243; _module_preset=&#8220;default&#8220; global_colors_info=&#8220;{}&#8220;][et_pb_text _builder_version=&#8220;4.27.4&#8243; _module_preset=&#8220;default&#8220; global_colors_info=&#8220;{}&#8220;]<\/p>\n<h4>Das Kleingedruckte<\/h4>\n<p>Im Preis inbegriffen sind eine namentlich genannte Familie mit Kindern unter 18 Jahren, die zu Hause wohnen, und eine G\u00e4stekarte f\u00fcr Tagesg\u00e4ste ohne \u00dcbernachtung, die jedoch keinen Zugang zum Pool bietet.<\/p>\n<p>Der Stellplatz kann haupts\u00e4chlich an Wochenenden, Feiertagen und Ferien und nat\u00fcrlich f\u00fcr Kurzaufenthalte unter der Woche genutzt werden, aber NICHT f\u00fcr Daueraufenthalte.<\/p>\n<p>F\u00fcr eine zus\u00e4tzliche Person m\u00fcssen Sie 1200,- pro Pers. f\u00fcr die Sommersaison, und 900,- pro Pers. f\u00fcr andere Saisonen (gilt nicht f\u00fcr zus\u00e4tzliche Familienmitglieder). F\u00fcr Enkelkinder (max. 2 unter 12 Jahren) pro Saison.<\/p>\n<p>Alle Preise verstehen sich zuz\u00fcglich des Stromverbrauchs, der bei der Abreise abgerechnet wird.<\/p>\n<p>[\/et_pb_text][\/et_pb_column][\/et_pb_row][\/et_pb_section]<\/p>\n","protected":false},"excerpt":{"rendered":"<p>Dauerhaft auf dem Ebeltoft Strand CampingMit einem Saisonplatz auf Ebeltoft Strand Camping haben Sie die M\u00f6glichkeit, sich einfach zu entspannen. Der Wohnwagen ist bei Ihrer Ankunft immer einsatzbereit, so dass Sie viel Zeit f\u00fcr einen Strandspaziergang, einen Einkaufsbummel in der Stadt, einen Kinobesuch oder einfach nur die Saison und die sch\u00f6nen Stunden im Wohnwagen genie\u00dfen [&hellip;]<\/p>\n","protected":false},"author":1,"featured_media":0,"parent":102579,"menu_order":0,"comment_status":"closed","ping_status":"closed","template":"","meta":{"_et_pb_use_builder":"on","_et_pb_old_content":"","_et_gb_content_width":"","footnotes":""},"folder":[],"class_list":["post-102381","page","type-page","status-publish","hentry"],"yoast_head":"<!-- This site is optimized with the Yoast SEO plugin v27.4 - https:\/\/yoast.com\/product\/yoast-seo-wordpress\/ -->\n<title>Fester Standplatz auf Ebeltoft Strand Camping | Ihr fester Standplatz am Wasser<\/title>\n<meta name=\"description\" content=\"Werden Sie fester Bewohner von Ebeltoft Strand Camping und genie\u00dfen Sie Ihren eigenen Campingplatz in der N\u00e4he von Strand, Stadt und Natur. Genie\u00dfen Sie eine sichere Umgebung, tolle Einrichtungen und Gemeinschaft - die ganze Saison hindurch.\" \/>\n<meta name=\"robots\" content=\"index, follow, max-snippet:-1, max-image-preview:large, max-video-preview:-1\" \/>\n<link rel=\"canonical\" href=\"https:\/\/ebeltoftstrandcamping.dk\/de\/camping-caravaning\/festes-bett\/\" \/>\n<meta property=\"og:locale\" content=\"de_DE\" \/>\n<meta property=\"og:type\" content=\"article\" \/>\n<meta property=\"og:title\" content=\"Fester Standplatz auf Ebeltoft Strand Camping | Ihr fester Standplatz am Wasser\" \/>\n<meta property=\"og:description\" content=\"Werden Sie fester Bewohner von Ebeltoft Strand Camping und genie\u00dfen Sie Ihren eigenen Campingplatz in der N\u00e4he von Strand, Stadt und Natur. Genie\u00dfen Sie eine sichere Umgebung, tolle Einrichtungen und Gemeinschaft - die ganze Saison hindurch.\" \/>\n<meta property=\"og:url\" content=\"https:\/\/ebeltoftstrandcamping.dk\/de\/camping-caravaning\/festes-bett\/\" \/>\n<meta property=\"og:site_name\" content=\"Ebeltoft Strand Camping\" \/>\n<meta property=\"article:publisher\" content=\"https:\/\/www.facebook.com\/ebeltoftstrandcamping\" \/>\n<meta property=\"article:modified_time\" content=\"2025-12-15T12:13:53+00:00\" \/>\n<meta property=\"og:image\" content=\"https:\/\/ebeltoftstrandcamping.dk\/wp-content\/uploads\/2025\/01\/Ebeltoft-360-px-high.png\" \/>\n\t<meta property=\"og:image:width\" content=\"1285\" \/>\n\t<meta property=\"og:image:height\" content=\"360\" \/>\n\t<meta property=\"og:image:type\" content=\"image\/png\" \/>\n<meta name=\"twitter:card\" content=\"summary_large_image\" \/>\n<meta name=\"twitter:label1\" content=\"Gesch\u00e4tzte Lesezeit\" \/>\n\t<meta name=\"twitter:data1\" content=\"10\u00a0Minuten\" \/>\n<script type=\"application\/ld+json\" class=\"yoast-schema-graph\">{\"@context\":\"https:\\\/\\\/schema.org\",\"@graph\":[{\"@type\":\"WebPage\",\"@id\":\"https:\\\/\\\/ebeltoftstrandcamping.dk\\\/de\\\/camping-caravaning\\\/festes-bett\\\/\",\"url\":\"https:\\\/\\\/ebeltoftstrandcamping.dk\\\/de\\\/camping-caravaning\\\/festes-bett\\\/\",\"name\":\"Fester Standplatz auf Ebeltoft Strand Camping | Ihr fester Standplatz am Wasser\",\"isPartOf\":{\"@id\":\"https:\\\/\\\/ebeltoftstrandcamping.dk\\\/de\\\/#website\"},\"datePublished\":\"2024-11-17T13:40:03+00:00\",\"dateModified\":\"2025-12-15T12:13:53+00:00\",\"description\":\"Werden Sie fester Bewohner von Ebeltoft Strand Camping und genie\u00dfen Sie Ihren eigenen Campingplatz in der N\u00e4he von Strand, Stadt und Natur. Genie\u00dfen Sie eine sichere Umgebung, tolle Einrichtungen und Gemeinschaft - die ganze Saison hindurch.\",\"breadcrumb\":{\"@id\":\"https:\\\/\\\/ebeltoftstrandcamping.dk\\\/de\\\/camping-caravaning\\\/festes-bett\\\/#breadcrumb\"},\"inLanguage\":\"de\",\"potentialAction\":[{\"@type\":\"ReadAction\",\"target\":[\"https:\\\/\\\/ebeltoftstrandcamping.dk\\\/de\\\/camping-caravaning\\\/festes-bett\\\/\"]}]},{\"@type\":\"BreadcrumbList\",\"@id\":\"https:\\\/\\\/ebeltoftstrandcamping.dk\\\/de\\\/camping-caravaning\\\/festes-bett\\\/#breadcrumb\",\"itemListElement\":[{\"@type\":\"ListItem\",\"position\":1,\"name\":\"Home\",\"item\":\"https:\\\/\\\/ebeltoftstrandcamping.dk\\\/de\\\/startseite\\\/\"},{\"@type\":\"ListItem\",\"position\":2,\"name\":\"Camping &amp; Caravaning\",\"item\":\"https:\\\/\\\/ebeltoftstrandcamping.dk\\\/de\\\/camping-caravaning\\\/\"},{\"@type\":\"ListItem\",\"position\":3,\"name\":\"Festes Bett\"}]},{\"@type\":\"WebSite\",\"@id\":\"https:\\\/\\\/ebeltoftstrandcamping.dk\\\/de\\\/#website\",\"url\":\"https:\\\/\\\/ebeltoftstrandcamping.dk\\\/de\\\/\",\"name\":\"Ebeltoft Strand Camping\",\"description\":\"Din n\u00e6ste campingferie\",\"publisher\":{\"@id\":\"https:\\\/\\\/ebeltoftstrandcamping.dk\\\/de\\\/#organization\"},\"potentialAction\":[{\"@type\":\"SearchAction\",\"target\":{\"@type\":\"EntryPoint\",\"urlTemplate\":\"https:\\\/\\\/ebeltoftstrandcamping.dk\\\/de\\\/?s={search_term_string}\"},\"query-input\":{\"@type\":\"PropertyValueSpecification\",\"valueRequired\":true,\"valueName\":\"search_term_string\"}}],\"inLanguage\":\"de\"},{\"@type\":\"Organization\",\"@id\":\"https:\\\/\\\/ebeltoftstrandcamping.dk\\\/de\\\/#organization\",\"name\":\"Ebeltoft Strand Camping\",\"url\":\"https:\\\/\\\/ebeltoftstrandcamping.dk\\\/de\\\/\",\"logo\":{\"@type\":\"ImageObject\",\"inLanguage\":\"de\",\"@id\":\"https:\\\/\\\/ebeltoftstrandcamping.dk\\\/de\\\/#\\\/schema\\\/logo\\\/image\\\/\",\"url\":\"https:\\\/\\\/ebeltoftstrandcamping.dk\\\/wp-content\\\/uploads\\\/2025\\\/01\\\/Ebeltoft-360-px-high.png\",\"contentUrl\":\"https:\\\/\\\/ebeltoftstrandcamping.dk\\\/wp-content\\\/uploads\\\/2025\\\/01\\\/Ebeltoft-360-px-high.png\",\"width\":1285,\"height\":360,\"caption\":\"Ebeltoft Strand Camping\"},\"image\":{\"@id\":\"https:\\\/\\\/ebeltoftstrandcamping.dk\\\/de\\\/#\\\/schema\\\/logo\\\/image\\\/\"},\"sameAs\":[\"https:\\\/\\\/www.facebook.com\\\/ebeltoftstrandcamping\",\"https:\\\/\\\/www.instagram.com\\\/ebeltoftstrandcamping\\\/\"]}]}<\/script>\n<!-- \/ Yoast SEO plugin. -->","yoast_head_json":{"title":"Fester Standplatz auf Ebeltoft Strand Camping | Ihr fester Standplatz am Wasser","description":"Werden Sie fester Bewohner von Ebeltoft Strand Camping und genie\u00dfen Sie Ihren eigenen Campingplatz in der N\u00e4he von Strand, Stadt und Natur. Genie\u00dfen Sie eine sichere Umgebung, tolle Einrichtungen und Gemeinschaft - die ganze Saison hindurch.","robots":{"index":"index","follow":"follow","max-snippet":"max-snippet:-1","max-image-preview":"max-image-preview:large","max-video-preview":"max-video-preview:-1"},"canonical":"https:\/\/ebeltoftstrandcamping.dk\/de\/camping-caravaning\/festes-bett\/","og_locale":"de_DE","og_type":"article","og_title":"Fester Standplatz auf Ebeltoft Strand Camping | Ihr fester Standplatz am Wasser","og_description":"Werden Sie fester Bewohner von Ebeltoft Strand Camping und genie\u00dfen Sie Ihren eigenen Campingplatz in der N\u00e4he von Strand, Stadt und Natur. Genie\u00dfen Sie eine sichere Umgebung, tolle Einrichtungen und Gemeinschaft - die ganze Saison hindurch.","og_url":"https:\/\/ebeltoftstrandcamping.dk\/de\/camping-caravaning\/festes-bett\/","og_site_name":"Ebeltoft Strand Camping","article_publisher":"https:\/\/www.facebook.com\/ebeltoftstrandcamping","article_modified_time":"2025-12-15T12:13:53+00:00","og_image":[{"width":1285,"height":360,"url":"https:\/\/ebeltoftstrandcamping.dk\/wp-content\/uploads\/2025\/01\/Ebeltoft-360-px-high.png","type":"image\/png"}],"twitter_card":"summary_large_image","twitter_misc":{"Gesch\u00e4tzte Lesezeit":"10\u00a0Minuten"},"schema":{"@context":"https:\/\/schema.org","@graph":[{"@type":"WebPage","@id":"https:\/\/ebeltoftstrandcamping.dk\/de\/camping-caravaning\/festes-bett\/","url":"https:\/\/ebeltoftstrandcamping.dk\/de\/camping-caravaning\/festes-bett\/","name":"Fester Standplatz auf Ebeltoft Strand Camping | Ihr fester Standplatz am Wasser","isPartOf":{"@id":"https:\/\/ebeltoftstrandcamping.dk\/de\/#website"},"datePublished":"2024-11-17T13:40:03+00:00","dateModified":"2025-12-15T12:13:53+00:00","description":"Werden Sie fester Bewohner von Ebeltoft Strand Camping und genie\u00dfen Sie Ihren eigenen Campingplatz in der N\u00e4he von Strand, Stadt und Natur. Genie\u00dfen Sie eine sichere Umgebung, tolle Einrichtungen und Gemeinschaft - die ganze Saison hindurch.","breadcrumb":{"@id":"https:\/\/ebeltoftstrandcamping.dk\/de\/camping-caravaning\/festes-bett\/#breadcrumb"},"inLanguage":"de","potentialAction":[{"@type":"ReadAction","target":["https:\/\/ebeltoftstrandcamping.dk\/de\/camping-caravaning\/festes-bett\/"]}]},{"@type":"BreadcrumbList","@id":"https:\/\/ebeltoftstrandcamping.dk\/de\/camping-caravaning\/festes-bett\/#breadcrumb","itemListElement":[{"@type":"ListItem","position":1,"name":"Home","item":"https:\/\/ebeltoftstrandcamping.dk\/de\/startseite\/"},{"@type":"ListItem","position":2,"name":"Camping &amp; Caravaning","item":"https:\/\/ebeltoftstrandcamping.dk\/de\/camping-caravaning\/"},{"@type":"ListItem","position":3,"name":"Festes Bett"}]},{"@type":"WebSite","@id":"https:\/\/ebeltoftstrandcamping.dk\/de\/#website","url":"https:\/\/ebeltoftstrandcamping.dk\/de\/","name":"Ebeltoft Strand Camping","description":"Din n\u00e6ste campingferie","publisher":{"@id":"https:\/\/ebeltoftstrandcamping.dk\/de\/#organization"},"potentialAction":[{"@type":"SearchAction","target":{"@type":"EntryPoint","urlTemplate":"https:\/\/ebeltoftstrandcamping.dk\/de\/?s={search_term_string}"},"query-input":{"@type":"PropertyValueSpecification","valueRequired":true,"valueName":"search_term_string"}}],"inLanguage":"de"},{"@type":"Organization","@id":"https:\/\/ebeltoftstrandcamping.dk\/de\/#organization","name":"Ebeltoft Strand Camping","url":"https:\/\/ebeltoftstrandcamping.dk\/de\/","logo":{"@type":"ImageObject","inLanguage":"de","@id":"https:\/\/ebeltoftstrandcamping.dk\/de\/#\/schema\/logo\/image\/","url":"https:\/\/ebeltoftstrandcamping.dk\/wp-content\/uploads\/2025\/01\/Ebeltoft-360-px-high.png","contentUrl":"https:\/\/ebeltoftstrandcamping.dk\/wp-content\/uploads\/2025\/01\/Ebeltoft-360-px-high.png","width":1285,"height":360,"caption":"Ebeltoft Strand Camping"},"image":{"@id":"https:\/\/ebeltoftstrandcamping.dk\/de\/#\/schema\/logo\/image\/"},"sameAs":["https:\/\/www.facebook.com\/ebeltoftstrandcamping","https:\/\/www.instagram.com\/ebeltoftstrandcamping\/"]}]}},"_links":{"self":[{"href":"https:\/\/ebeltoftstrandcamping.dk\/de\/wp-json\/wp\/v2\/pages\/102381","targetHints":{"allow":["GET"]}}],"collection":[{"href":"https:\/\/ebeltoftstrandcamping.dk\/de\/wp-json\/wp\/v2\/pages"}],"about":[{"href":"https:\/\/ebeltoftstrandcamping.dk\/de\/wp-json\/wp\/v2\/types\/page"}],"author":[{"embeddable":true,"href":"https:\/\/ebeltoftstrandcamping.dk\/de\/wp-json\/wp\/v2\/users\/1"}],"replies":[{"embeddable":true,"href":"https:\/\/ebeltoftstrandcamping.dk\/de\/wp-json\/wp\/v2\/comments?post=102381"}],"version-history":[{"count":6,"href":"https:\/\/ebeltoftstrandcamping.dk\/de\/wp-json\/wp\/v2\/pages\/102381\/revisions"}],"predecessor-version":[{"id":103961,"href":"https:\/\/ebeltoftstrandcamping.dk\/de\/wp-json\/wp\/v2\/pages\/102381\/revisions\/103961"}],"up":[{"embeddable":true,"href":"https:\/\/ebeltoftstrandcamping.dk\/de\/wp-json\/wp\/v2\/pages\/102579"}],"wp:attachment":[{"href":"https:\/\/ebeltoftstrandcamping.dk\/de\/wp-json\/wp\/v2\/media?parent=102381"}],"wp:term":[{"taxonomy":"folder","embeddable":true,"href":"https:\/\/ebeltoftstrandcamping.dk\/de\/wp-json\/wp\/v2\/folder?post=102381"}],"curies":[{"name":"wp","href":"https:\/\/api.w.org\/{rel}","templated":true}]}}